

{"id":1355,"date":"2025-11-13T15:07:18","date_gmt":"2025-11-13T20:07:18","guid":{"rendered":"https:\/\/robertomarquez.org\/?page_id=1355"},"modified":"2025-12-29T18:08:28","modified_gmt":"2025-12-29T23:08:28","slug":"roberto-marquez","status":"publish","type":"page","link":"https:\/\/robertomarquez.org\/","title":{"rendered":"Roberto M\u00e1rquez Zalamea"},"content":{"rendered":"\t\t<div data-elementor-type=\"wp-page\" data-elementor-id=\"1355\" class=\"elementor elementor-1355\" data-elementor-post-type=\"page\">\n\t\t\t\t\t\t<section class=\"has_eae_slider elementor-section elementor-top-section elementor-element elementor-element-73c4024 elementor-section-boxed elementor-section-height-default elementor-section-height-default\" data-eae-slider=\"50390\" data-id=\"73c4024\" data-element_type=\"section\">\n\t\t\t\t\t\t<div class=\"elementor-container elementor-column-gap-default\">\n\t\t\t\t\t<div class=\"has_eae_slider elementor-column elementor-col-100 elementor-top-column elementor-element elementor-element-243d2e1\" data-eae-slider=\"22360\" data-id=\"243d2e1\" data-element_type=\"column\" data-settings=\"{&quot;background_background&quot;:&quot;classic&quot;}\">\n\t\t\t<div class=\"elementor-widget-wrap elementor-element-populated\">\n\t\t\t\t\t\t<div class=\"elementor-element elementor-element-6596c18 elementor-widget elementor-widget-spacer\" data-id=\"6596c18\" data-element_type=\"widget\" data-widget_type=\"spacer.default\">\n\t\t\t\t<div class=\"elementor-widget-container\">\n\t\t\t\t\t\t\t<div class=\"elementor-spacer\">\n\t\t\t<div class=\"elementor-spacer-inner\"><\/div>\n\t\t<\/div>\n\t\t\t\t\t\t<\/div>\n\t\t\t\t<\/div>\n\t\t\t\t<div class=\"elementor-element elementor-element-31d3f263 elementor-widget elementor-widget-heading\" data-id=\"31d3f263\" data-element_type=\"widget\" data-widget_type=\"heading.default\">\n\t\t\t\t<div class=\"elementor-widget-container\">\n\t\t\t\t\t<h1 class=\"elementor-heading-title elementor-size-default\">Roberto M\u00e1rquez:\nInocente<\/h1>\t\t\t\t<\/div>\n\t\t\t\t<\/div>\n\t\t\t\t<div class=\"elementor-element elementor-element-896a640 elementor-widget elementor-widget-text-editor\" data-id=\"896a640\" data-element_type=\"widget\" data-widget_type=\"text-editor.default\">\n\t\t\t\t<div class=\"elementor-widget-container\">\n\t\t\t\t\t\t\t\t\t<p>Luego de las <a href=\"https:\/\/robertomarquez.org\/?page_id=2139\">falsas acusaciones<\/a> a Roberto M\u00e1rquez Zalamea, lanzadas en las redes sociales por la se\u00f1ora Viviana Vargas Vives y retomadas de forma irresponsable por algunos medios de comunicaci\u00f3n en julio de 2020, la Fiscal\u00eda General de la Naci\u00f3n emprendi\u00f3 una investigaci\u00f3n de oficio sobre el <a href=\"http:\/\/18u.d6f.myftpupload.com\/resumen-del-caso\/\">caso<\/a>. Esta investigaci\u00f3n culmin\u00f3 con una <a href=\"https:\/\/secureservercdn.net\/166.62.112.219\/nb6.c36.myftpupload.com\/wp-content\/uploads\/2021\/12\/32-Repone-317942-.pdf\">sentencia<\/a> debidamente ejecutoriada a favor de Roberto M\u00e1rquez, la cual confirma su inocencia.<\/p>\t\t\t\t\t\t\t\t<\/div>\n\t\t\t\t<\/div>\n\t\t\t\t<div class=\"elementor-element elementor-element-4278690 elementor-widget elementor-widget-text-editor\" data-id=\"4278690\" data-element_type=\"widget\" data-widget_type=\"text-editor.default\">\n\t\t\t\t<div class=\"elementor-widget-container\">\n\t\t\t\t\t\t\t\t\t<p>Desde que tuvieron lugar las <a href=\"http:\/\/18u.d6f.myftpupload.com\/falsas-acusaciones-roberto-marquez\/\">falsas acusaciones<\/a>, Roberto M\u00e1rquez guard\u00f3 silencio esperando la acci\u00f3n de la justicia. Por eso, ahora responde con contundencia y verdad a los injustos e infames se\u00f1alamientos, a las mentiras y calumnias que afectaron su reputaci\u00f3n y la de su familia.<\/p><p>Que a nadie le quede duda: Roberto M\u00e1rquez es inocente.<\/p>\t\t\t\t\t\t\t\t<\/div>\n\t\t\t\t<\/div>\n\t\t\t\t\t<\/div>\n\t\t<\/div>\n\t\t\t\t\t<\/div>\n\t\t<\/section>\n\t\t\t\t<section class=\"has_eae_slider elementor-section elementor-top-section elementor-element elementor-element-6d36a4f elementor-section-full_width elementor-section-height-default elementor-section-height-default\" data-eae-slider=\"43062\" data-id=\"6d36a4f\" data-element_type=\"section\">\n\t\t\t\t\t\t<div class=\"elementor-container elementor-column-gap-custom\">\n\t\t\t\t\t<div class=\"has_eae_slider elementor-column elementor-col-50 elementor-top-column elementor-element elementor-element-60dc650\" data-eae-slider=\"15094\" data-id=\"60dc650\" data-element_type=\"column\" data-settings=\"{&quot;background_background&quot;:&quot;classic&quot;}\">\n\t\t\t<div class=\"elementor-widget-wrap elementor-element-populated\">\n\t\t\t\t\t\t<div class=\"elementor-element elementor-element-73dce8d elementor-widget elementor-widget-image\" data-id=\"73dce8d\" data-element_type=\"widget\" data-widget_type=\"image.default\">\n\t\t\t\t<div class=\"elementor-widget-container\">\n\t\t\t\t\t\t\t\t\t\t\t\t\t\t\t<img fetchpriority=\"high\" decoding=\"async\" width=\"749\" height=\"530\" src=\"https:\/\/robertomarquez.org\/wp-content\/uploads\/2021\/12\/home.jpeg\" class=\"attachment-large size-large wp-image-2016\" alt=\"Foto sentencia a favor de Roberto Marquez falsamente acusado por Viviana Vargas Vives\" srcset=\"https:\/\/robertomarquez.org\/wp-content\/uploads\/2021\/12\/home.jpeg 749w, https:\/\/robertomarquez.org\/wp-content\/uploads\/2021\/12\/home-300x212.jpeg 300w\" sizes=\"(max-width: 749px) 100vw, 749px\" \/>\t\t\t\t\t\t\t\t\t\t\t\t\t\t\t<\/div>\n\t\t\t\t<\/div>\n\t\t\t\t\t<\/div>\n\t\t<\/div>\n\t\t\t\t<div class=\"has_eae_slider elementor-column elementor-col-50 elementor-top-column elementor-element elementor-element-97edcdc\" data-eae-slider=\"92627\" data-id=\"97edcdc\" data-element_type=\"column\">\n\t\t\t<div class=\"elementor-widget-wrap elementor-element-populated\">\n\t\t\t\t\t\t<div class=\"elementor-element elementor-element-ab9b636 elementor-widget elementor-widget-text-editor\" data-id=\"ab9b636\" data-element_type=\"widget\" data-widget_type=\"text-editor.default\">\n\t\t\t\t<div class=\"elementor-widget-container\">\n\t\t\t\t\t\t\t\t\t<p>Esta p\u00e1gina, resultado de un trabajo de investigaci\u00f3n complejo realizado por un equipo conformado por un abogado, un perito forense y un psiquiatra, recoge los testimonios, los <a href=\"http:\/\/18u.d6f.myftpupload.com\/bibliografia\/\">documentos<\/a> y las <a href=\"http:\/\/18u.d6f.myftpupload.com\/falsas-acusaciones-roberto-marquez\/\">pruebas<\/a> de que las acusaciones son falsas para que las futuras generaciones tengan la seguridad absoluta que las infundadas e ignominiosas acusaciones que una vez enlodaron el nombre de Roberto M\u00e1rquez nunca tuvieron sustento legal y fueron meras<a href=\"http:\/\/18u.d6f.myftpupload.com\/falsas-acusaciones-roberto-marquez\/\"> fantas\u00edas y calumnias<\/a> de la se\u00f1ora Viviana Vargas Vives. <\/p>\t\t\t\t\t\t\t\t<\/div>\n\t\t\t\t<\/div>\n\t\t\t\t\t<\/div>\n\t\t<\/div>\n\t\t\t\t\t<\/div>\n\t\t<\/section>\n\t\t\t\t<section class=\"has_eae_slider elementor-section elementor-top-section elementor-element elementor-element-21956e7 elementor-section-boxed elementor-section-height-default elementor-section-height-default\" data-eae-slider=\"72277\" data-id=\"21956e7\" data-element_type=\"section\">\n\t\t\t\t\t\t<div class=\"elementor-container elementor-column-gap-default\">\n\t\t\t\t\t<div class=\"has_eae_slider elementor-column elementor-col-100 elementor-top-column elementor-element elementor-element-2176d3f\" data-eae-slider=\"5101\" data-id=\"2176d3f\" data-element_type=\"column\">\n\t\t\t<div class=\"elementor-widget-wrap elementor-element-populated\">\n\t\t\t\t\t\t<section class=\"has_eae_slider elementor-section elementor-inner-section elementor-element elementor-element-f8a8e97 elementor-section-full_width elementor-section-height-default elementor-section-height-default\" data-eae-slider=\"13442\" data-id=\"f8a8e97\" data-element_type=\"section\">\n\t\t\t\t\t\t<div class=\"elementor-container elementor-column-gap-custom\">\n\t\t\t\t\t<div class=\"has_eae_slider elementor-column elementor-col-100 elementor-inner-column elementor-element elementor-element-60a78ca\" data-eae-slider=\"92568\" data-id=\"60a78ca\" data-element_type=\"column\">\n\t\t\t<div class=\"elementor-widget-wrap elementor-element-populated\">\n\t\t\t\t\t\t<div class=\"elementor-element elementor-element-f73385f elementor-widget elementor-widget-heading\" data-id=\"f73385f\" data-element_type=\"widget\" data-widget_type=\"heading.default\">\n\t\t\t\t<div class=\"elementor-widget-container\">\n\t\t\t\t\t<h2 class=\"elementor-heading-title elementor-size-default\">Comunicado de Roberto M\u00e1rquez<\/h2>\t\t\t\t<\/div>\n\t\t\t\t<\/div>\n\t\t\t\t<div class=\"elementor-element elementor-element-c90efaa elementor-widget elementor-widget-text-editor\" data-id=\"c90efaa\" data-element_type=\"widget\" data-widget_type=\"text-editor.default\">\n\t\t\t\t<div class=\"elementor-widget-container\">\n\t\t\t\t\t\t\t\t\t<p>A todos los que conforman mi adorada famiia,<br \/>A mis queridos amigos,<br \/>A la opini\u00f3n p\u00fablica.<\/p>\t\t\t\t\t\t\t\t<\/div>\n\t\t\t\t<\/div>\n\t\t\t\t<div class=\"elementor-element elementor-element-5c7b19a elementor-drop-cap-yes elementor-drop-cap-view-default elementor-widget elementor-widget-text-editor\" data-id=\"5c7b19a\" data-element_type=\"widget\" data-settings=\"{&quot;drop_cap&quot;:&quot;yes&quot;}\" data-widget_type=\"text-editor.default\">\n\t\t\t\t<div class=\"elementor-widget-container\">\n\t\t\t\t\t\t\t\t\t<p><em>En julio de 2020 fui acusado falsamente en las redes sociales y medios de comunicaci\u00f3n de haber cometido un crimen atroz, por lo que he pasado la etapa mas dura de mi vida. <strong>\u00a0<\/strong><\/em><\/p><p><em>Hoy, cuando mi evidente inocencia ha sido ratificada con una sentencia ejecutoriada a mi favor y despu\u00e9s de un trabajo profesional y complejo, finalmente puedo responder de una manera seria y fundamentada, al irresponsable espect\u00e1culo medi\u00e1tico al que fui sometido por la supuesta v\u00edctima.<\/em><\/p>\t\t\t\t\t\t\t\t<\/div>\n\t\t\t\t<\/div>\n\t\t\t\t<div class=\"elementor-element elementor-element-b9765df elementor-align-center elementor-widget elementor-widget-button\" data-id=\"b9765df\" data-element_type=\"widget\" data-widget_type=\"button.default\">\n\t\t\t\t<div class=\"elementor-widget-container\">\n\t\t\t\t\t\t\t\t\t<div class=\"elementor-button-wrapper\">\n\t\t\t\t\t<a class=\"elementor-button elementor-button-link elementor-size-sm\" href=\"http:\/\/18u.d6f.myftpupload.com\/wp-content\/uploads\/2022\/01\/Comunicado-Roberto-Marquez-23-diciembre-PDF.pdf\" target=\"_blank\">\n\t\t\t\t\t\t<span class=\"elementor-button-content-wrapper\">\n\t\t\t\t\t\t\t\t\t<span class=\"elementor-button-text\">Terminar de leer el comunicado<\/span>\n\t\t\t\t\t<\/span>\n\t\t\t\t\t<\/a>\n\t\t\t\t<\/div>\n\t\t\t\t\t\t\t\t<\/div>\n\t\t\t\t<\/div>\n\t\t\t\t\t<\/div>\n\t\t<\/div>\n\t\t\t\t\t<\/div>\n\t\t<\/section>\n\t\t\t\t<section class=\"has_eae_slider elementor-section elementor-inner-section elementor-element elementor-element-7332b10 elementor-section-full_width elementor-section-height-default elementor-section-height-default\" data-eae-slider=\"42049\" data-id=\"7332b10\" data-element_type=\"section\">\n\t\t\t\t\t\t<div class=\"elementor-container elementor-column-gap-custom\">\n\t\t\t\t\t<div class=\"has_eae_slider elementor-column elementor-col-100 elementor-inner-column elementor-element elementor-element-adc5961\" data-eae-slider=\"77881\" data-id=\"adc5961\" data-element_type=\"column\">\n\t\t\t<div class=\"elementor-widget-wrap elementor-element-populated\">\n\t\t\t\t\t\t<div class=\"elementor-element elementor-element-bf6a6b3 elementor-widget elementor-widget-heading\" data-id=\"bf6a6b3\" data-element_type=\"widget\" data-widget_type=\"heading.default\">\n\t\t\t\t<div class=\"elementor-widget-container\">\n\t\t\t\t\t<h2 class=\"elementor-heading-title elementor-size-small\">Comunicado de Prensa - Caso Roberto M\u00e1rquez falsamente acusado<\/h2>\t\t\t\t<\/div>\n\t\t\t\t<\/div>\n\t\t\t\t<div class=\"elementor-element elementor-element-6e76239 elementor-widget elementor-widget-text-editor\" data-id=\"6e76239\" data-element_type=\"widget\" data-widget_type=\"text-editor.default\">\n\t\t\t\t<div class=\"elementor-widget-container\">\n\t\t\t\t\t\t\t\t\t<ul><li><em>La Fiscal\u00eda General de la Naci\u00f3n resolvi\u00f3 precluir la investigaci\u00f3n en contra de Roberto M\u00e1rquez el 5 de agosto de 2021, decisi\u00f3n ejecutoriada el 1 de septiembre del mismo a\u00f1o, lo que reconoce su inocencia.<\/em><\/li><\/ul>\t\t\t\t\t\t\t\t<\/div>\n\t\t\t\t<\/div>\n\t\t\t\t<div class=\"elementor-element elementor-element-e95b951 elementor-align-center elementor-widget elementor-widget-button\" data-id=\"e95b951\" data-element_type=\"widget\" data-widget_type=\"button.default\">\n\t\t\t\t<div class=\"elementor-widget-container\">\n\t\t\t\t\t\t\t\t\t<div class=\"elementor-button-wrapper\">\n\t\t\t\t\t<a class=\"elementor-button elementor-button-link elementor-size-sm\" href=\"http:\/\/18u.d6f.myftpupload.com\/wp-content\/uploads\/2022\/01\/Comunicado-Roberto-Marquez-26-diciembre-PDF.pdf\" target=\"_blank\">\n\t\t\t\t\t\t<span class=\"elementor-button-content-wrapper\">\n\t\t\t\t\t\t\t\t\t<span class=\"elementor-button-text\">Terminar de leer el comunicado<\/span>\n\t\t\t\t\t<\/span>\n\t\t\t\t\t<\/a>\n\t\t\t\t<\/div>\n\t\t\t\t\t\t\t\t<\/div>\n\t\t\t\t<\/div>\n\t\t\t\t\t<\/div>\n\t\t<\/div>\n\t\t\t\t\t<\/div>\n\t\t<\/section>\n\t\t\t\t\t<\/div>\n\t\t<\/div>\n\t\t\t\t\t<\/div>\n\t\t<\/section>\n\t\t\t\t<section class=\"has_eae_slider elementor-section elementor-top-section elementor-element elementor-element-72142d58 elementor-section-full_width elementor-section-height-default elementor-section-height-default\" data-eae-slider=\"74605\" data-id=\"72142d58\" data-element_type=\"section\" id=\"rob_mar\" data-settings=\"{&quot;motion_fx_motion_fx_scrolling&quot;:&quot;yes&quot;,&quot;motion_fx_devices&quot;:[&quot;desktop&quot;,&quot;tablet&quot;,&quot;mobile&quot;]}\">\n\t\t\t\t\t\t<div class=\"elementor-container elementor-column-gap-no\">\n\t\t\t\t\t<div class=\"has_eae_slider elementor-column elementor-col-100 elementor-top-column elementor-element elementor-element-24eb4dc7\" data-eae-slider=\"92379\" data-id=\"24eb4dc7\" data-element_type=\"column\">\n\t\t\t<div class=\"elementor-widget-wrap elementor-element-populated\">\n\t\t\t\t\t\t<section class=\"has_eae_slider elementor-section elementor-inner-section elementor-element elementor-element-3ac3235 elementor-section-full_width elementor-section-height-default elementor-section-height-default\" data-eae-slider=\"8079\" data-id=\"3ac3235\" data-element_type=\"section\">\n\t\t\t\t\t\t<div class=\"elementor-container elementor-column-gap-no\">\n\t\t\t\t\t<div class=\"has_eae_slider elementor-column elementor-col-100 elementor-inner-column elementor-element elementor-element-1ab22724\" data-eae-slider=\"81018\" data-id=\"1ab22724\" data-element_type=\"column\">\n\t\t\t<div class=\"elementor-widget-wrap elementor-element-populated\">\n\t\t\t\t\t\t<div class=\"elementor-element elementor-element-b1df0ee elementor-widget elementor-widget-video\" data-id=\"b1df0ee\" data-element_type=\"widget\" data-settings=\"{&quot;youtube_url&quot;:&quot;https:\\\/\\\/youtu.be\\\/wmSKuAivG88&quot;,&quot;video_type&quot;:&quot;youtube&quot;,&quot;controls&quot;:&quot;yes&quot;}\" data-widget_type=\"video.default\">\n\t\t\t\t<div class=\"elementor-widget-container\">\n\t\t\t\t\t\t\t<div class=\"elementor-wrapper elementor-open-inline\">\n\t\t\t<div class=\"elementor-video\"><\/div>\t\t<\/div>\n\t\t\t\t\t\t<\/div>\n\t\t\t\t<\/div>\n\t\t\t\t<div class=\"elementor-element elementor-element-70d5e25c elementor-widget elementor-widget-heading\" data-id=\"70d5e25c\" data-element_type=\"widget\" data-widget_type=\"heading.default\">\n\t\t\t\t<div class=\"elementor-widget-container\">\n\t\t\t\t\t<h2 class=\"elementor-heading-title elementor-size-default\"><br>Tiempo de <br>contar la verdad<br><br><\/h2>\t\t\t\t<\/div>\n\t\t\t\t<\/div>\n\t\t\t\t\t<\/div>\n\t\t<\/div>\n\t\t\t\t\t<\/div>\n\t\t<\/section>\n\t\t\t\t\t<\/div>\n\t\t<\/div>\n\t\t\t\t\t<\/div>\n\t\t<\/section>\n\t\t\t\t<section class=\"has_eae_slider elementor-section elementor-top-section elementor-element elementor-element-067fda5 elementor-section-full_width elementor-reverse-mobile elementor-section-height-default elementor-section-height-default\" data-eae-slider=\"58336\" data-id=\"067fda5\" data-element_type=\"section\" data-settings=\"{&quot;motion_fx_motion_fx_scrolling&quot;:&quot;yes&quot;,&quot;motion_fx_devices&quot;:[&quot;desktop&quot;,&quot;tablet&quot;,&quot;mobile&quot;]}\">\n\t\t\t\t\t\t<div class=\"elementor-container elementor-column-gap-no\">\n\t\t\t\t\t<div class=\"has_eae_slider elementor-column elementor-col-50 elementor-top-column elementor-element elementor-element-4f47577\" data-eae-slider=\"68207\" data-id=\"4f47577\" data-element_type=\"column\">\n\t\t\t<div class=\"elementor-widget-wrap elementor-element-populated\">\n\t\t\t\t\t\t<section class=\"has_eae_slider elementor-section elementor-inner-section elementor-element elementor-element-5e8fe6f elementor-section-full_width elementor-section-height-default elementor-section-height-default\" data-eae-slider=\"51587\" data-id=\"5e8fe6f\" data-element_type=\"section\">\n\t\t\t\t\t\t<div class=\"elementor-container elementor-column-gap-no\">\n\t\t\t\t\t<div class=\"has_eae_slider elementor-column elementor-col-100 elementor-inner-column elementor-element elementor-element-4d55fcf\" data-eae-slider=\"49636\" data-id=\"4d55fcf\" data-element_type=\"column\">\n\t\t\t<div class=\"elementor-widget-wrap\">\n\t\t\t\t\t\t\t<\/div>\n\t\t<\/div>\n\t\t\t\t\t<\/div>\n\t\t<\/section>\n\t\t\t\t<div class=\"elementor-element elementor-element-7fc7035 elementor-widget elementor-widget-heading\" data-id=\"7fc7035\" data-element_type=\"widget\" data-widget_type=\"heading.default\">\n\t\t\t\t<div class=\"elementor-widget-container\">\n\t\t\t\t\t<h2 class=\"elementor-heading-title elementor-size-default\">Un gran t\u00edo <br>y un padre ejemplar<br><br><\/h2>\t\t\t\t<\/div>\n\t\t\t\t<\/div>\n\t\t\t\t\t<\/div>\n\t\t<\/div>\n\t\t\t\t<div class=\"has_eae_slider elementor-column elementor-col-50 elementor-top-column elementor-element elementor-element-c9d1585\" data-eae-slider=\"93727\" data-id=\"c9d1585\" data-element_type=\"column\">\n\t\t\t<div class=\"elementor-widget-wrap elementor-element-populated\">\n\t\t\t\t\t\t<section class=\"has_eae_slider elementor-section elementor-inner-section elementor-element elementor-element-87b8209 elementor-section-full_width elementor-section-height-default elementor-section-height-default\" data-eae-slider=\"27788\" data-id=\"87b8209\" data-element_type=\"section\">\n\t\t\t\t\t\t<div class=\"elementor-container elementor-column-gap-no\">\n\t\t\t\t\t<div class=\"has_eae_slider elementor-column elementor-col-50 elementor-inner-column elementor-element elementor-element-6c6aede\" data-eae-slider=\"44124\" data-id=\"6c6aede\" data-element_type=\"column\">\n\t\t\t<div class=\"elementor-widget-wrap\">\n\t\t\t\t\t\t\t<\/div>\n\t\t<\/div>\n\t\t\t\t<div class=\"has_eae_slider elementor-column elementor-col-50 elementor-inner-column elementor-element elementor-element-06cc809\" data-eae-slider=\"60214\" data-id=\"06cc809\" data-element_type=\"column\">\n\t\t\t<div class=\"elementor-widget-wrap elementor-element-populated\">\n\t\t\t\t\t\t<div class=\"elementor-element elementor-element-9f2e043 elementor-widget elementor-widget-video\" data-id=\"9f2e043\" data-element_type=\"widget\" data-settings=\"{&quot;youtube_url&quot;:&quot;https:\\\/\\\/youtu.be\\\/4FgIMtm2UCs&quot;,&quot;video_type&quot;:&quot;youtube&quot;,&quot;controls&quot;:&quot;yes&quot;}\" data-widget_type=\"video.default\">\n\t\t\t\t<div class=\"elementor-widget-container\">\n\t\t\t\t\t\t\t<div class=\"elementor-wrapper elementor-open-inline\">\n\t\t\t<div class=\"elementor-video\"><\/div>\t\t<\/div>\n\t\t\t\t\t\t<\/div>\n\t\t\t\t<\/div>\n\t\t\t\t\t<\/div>\n\t\t<\/div>\n\t\t\t\t\t<\/div>\n\t\t<\/section>\n\t\t\t\t\t<\/div>\n\t\t<\/div>\n\t\t\t\t\t<\/div>\n\t\t<\/section>\n\t\t\t\t<section class=\"has_eae_slider elementor-section elementor-top-section elementor-element elementor-element-c416278 elementor-section-full_width elementor-section-height-default elementor-section-height-default\" data-eae-slider=\"2273\" data-id=\"c416278\" data-element_type=\"section\" data-settings=\"{&quot;motion_fx_motion_fx_scrolling&quot;:&quot;yes&quot;,&quot;motion_fx_devices&quot;:[&quot;desktop&quot;,&quot;tablet&quot;,&quot;mobile&quot;]}\">\n\t\t\t\t\t\t<div class=\"elementor-container elementor-column-gap-no\">\n\t\t\t\t\t<div class=\"has_eae_slider elementor-column elementor-col-50 elementor-top-column elementor-element elementor-element-22ad3f6\" data-eae-slider=\"39022\" data-id=\"22ad3f6\" data-element_type=\"column\">\n\t\t\t<div class=\"elementor-widget-wrap elementor-element-populated\">\n\t\t\t\t\t\t<section class=\"has_eae_slider elementor-section elementor-inner-section elementor-element elementor-element-fb901c3 elementor-section-full_width elementor-section-height-default elementor-section-height-default\" data-eae-slider=\"13265\" data-id=\"fb901c3\" data-element_type=\"section\">\n\t\t\t\t\t\t<div class=\"elementor-container elementor-column-gap-no\">\n\t\t\t\t\t<div class=\"has_eae_slider elementor-column elementor-col-100 elementor-inner-column elementor-element elementor-element-9d07428\" data-eae-slider=\"92179\" data-id=\"9d07428\" data-element_type=\"column\">\n\t\t\t<div class=\"elementor-widget-wrap elementor-element-populated\">\n\t\t\t\t\t\t<div class=\"elementor-element elementor-element-008848c elementor-widget elementor-widget-video\" data-id=\"008848c\" data-element_type=\"widget\" data-settings=\"{&quot;youtube_url&quot;:&quot;https:\\\/\\\/youtu.be\\\/Oj8Y7RvVRfw&quot;,&quot;video_type&quot;:&quot;youtube&quot;,&quot;controls&quot;:&quot;yes&quot;}\" data-widget_type=\"video.default\">\n\t\t\t\t<div class=\"elementor-widget-container\">\n\t\t\t\t\t\t\t<div class=\"elementor-wrapper elementor-open-inline\">\n\t\t\t<div class=\"elementor-video\"><\/div>\t\t<\/div>\n\t\t\t\t\t\t<\/div>\n\t\t\t\t<\/div>\n\t\t\t\t\t<\/div>\n\t\t<\/div>\n\t\t\t\t\t<\/div>\n\t\t<\/section>\n\t\t\t\t\t<\/div>\n\t\t<\/div>\n\t\t\t\t<div class=\"has_eae_slider elementor-column elementor-col-50 elementor-top-column elementor-element elementor-element-1820c00\" data-eae-slider=\"50476\" data-id=\"1820c00\" data-element_type=\"column\">\n\t\t\t<div class=\"elementor-widget-wrap elementor-element-populated\">\n\t\t\t\t\t\t<section class=\"has_eae_slider elementor-section elementor-inner-section elementor-element elementor-element-64d70ec elementor-section-full_width elementor-section-height-default elementor-section-height-default\" data-eae-slider=\"50695\" data-id=\"64d70ec\" data-element_type=\"section\">\n\t\t\t\t\t\t<div class=\"elementor-container elementor-column-gap-no\">\n\t\t\t\t\t<div class=\"has_eae_slider elementor-column elementor-col-100 elementor-inner-column elementor-element elementor-element-e3e8c64\" data-eae-slider=\"58749\" data-id=\"e3e8c64\" data-element_type=\"column\">\n\t\t\t<div class=\"elementor-widget-wrap elementor-element-populated\">\n\t\t\t\t\t\t<div class=\"elementor-element elementor-element-d736312 elementor-widget elementor-widget-heading\" data-id=\"d736312\" data-element_type=\"widget\" data-widget_type=\"heading.default\">\n\t\t\t\t<div class=\"elementor-widget-container\">\n\t\t\t\t\t<h2 class=\"elementor-heading-title elementor-size-default\"><br><br>Un buen hijo <br>y un hermano amoroso<br><br><br><\/h2>\t\t\t\t<\/div>\n\t\t\t\t<\/div>\n\t\t\t\t\t<\/div>\n\t\t<\/div>\n\t\t\t\t\t<\/div>\n\t\t<\/section>\n\t\t\t\t\t<\/div>\n\t\t<\/div>\n\t\t\t\t\t<\/div>\n\t\t<\/section>\n\t\t\t\t<section class=\"has_eae_slider elementor-section elementor-top-section elementor-element elementor-element-d7cc288 elementor-section-full_width elementor-reverse-mobile elementor-section-height-default elementor-section-height-default\" data-eae-slider=\"61560\" data-id=\"d7cc288\" data-element_type=\"section\" data-settings=\"{&quot;motion_fx_motion_fx_scrolling&quot;:&quot;yes&quot;,&quot;motion_fx_devices&quot;:[&quot;desktop&quot;,&quot;tablet&quot;,&quot;mobile&quot;]}\">\n\t\t\t\t\t\t<div class=\"elementor-container elementor-column-gap-no\">\n\t\t\t\t\t<div class=\"has_eae_slider elementor-column elementor-col-50 elementor-top-column elementor-element elementor-element-4d0d89b\" data-eae-slider=\"97445\" data-id=\"4d0d89b\" data-element_type=\"column\">\n\t\t\t<div class=\"elementor-widget-wrap elementor-element-populated\">\n\t\t\t\t\t\t<div class=\"elementor-element elementor-element-623c0db elementor-hidden-mobile elementor-widget elementor-widget-spacer\" data-id=\"623c0db\" data-element_type=\"widget\" data-widget_type=\"spacer.default\">\n\t\t\t\t<div class=\"elementor-widget-container\">\n\t\t\t\t\t\t\t<div class=\"elementor-spacer\">\n\t\t\t<div class=\"elementor-spacer-inner\"><\/div>\n\t\t<\/div>\n\t\t\t\t\t\t<\/div>\n\t\t\t\t<\/div>\n\t\t\t\t<section class=\"has_eae_slider elementor-section elementor-inner-section elementor-element elementor-element-a798e9c elementor-section-full_width elementor-section-height-default elementor-section-height-default\" data-eae-slider=\"68667\" data-id=\"a798e9c\" data-element_type=\"section\">\n\t\t\t\t\t\t<div class=\"elementor-container elementor-column-gap-no\">\n\t\t\t\t\t<div class=\"has_eae_slider elementor-column elementor-col-100 elementor-inner-column elementor-element elementor-element-bd7f4d0\" data-eae-slider=\"65886\" data-id=\"bd7f4d0\" data-element_type=\"column\">\n\t\t\t<div class=\"elementor-widget-wrap elementor-element-populated\">\n\t\t\t\t\t\t<div class=\"elementor-element elementor-element-0743744 elementor-widget elementor-widget-heading\" data-id=\"0743744\" data-element_type=\"widget\" data-widget_type=\"heading.default\">\n\t\t\t\t<div class=\"elementor-widget-container\">\n\t\t\t\t\t<h2 class=\"elementor-heading-title elementor-size-default\"><br><br>Unidos contra la infamia<br><br><br><\/h2>\t\t\t\t<\/div>\n\t\t\t\t<\/div>\n\t\t\t\t\t<\/div>\n\t\t<\/div>\n\t\t\t\t\t<\/div>\n\t\t<\/section>\n\t\t\t\t\t<\/div>\n\t\t<\/div>\n\t\t\t\t<div class=\"has_eae_slider elementor-column elementor-col-50 elementor-top-column elementor-element elementor-element-09926b6\" data-eae-slider=\"45687\" data-id=\"09926b6\" data-element_type=\"column\">\n\t\t\t<div class=\"elementor-widget-wrap elementor-element-populated\">\n\t\t\t\t\t\t<section class=\"has_eae_slider elementor-section elementor-inner-section elementor-element elementor-element-a00e1cf elementor-section-full_width elementor-section-height-default elementor-section-height-default\" data-eae-slider=\"9570\" data-id=\"a00e1cf\" data-element_type=\"section\">\n\t\t\t\t\t\t<div class=\"elementor-container elementor-column-gap-no\">\n\t\t\t\t\t<div class=\"has_eae_slider elementor-column elementor-col-50 elementor-inner-column elementor-element elementor-element-7e2681a\" data-eae-slider=\"67955\" data-id=\"7e2681a\" data-element_type=\"column\">\n\t\t\t<div class=\"elementor-widget-wrap elementor-element-populated\">\n\t\t\t\t\t\t<div class=\"elementor-element elementor-element-9bd5e68 elementor-widget elementor-widget-video\" data-id=\"9bd5e68\" data-element_type=\"widget\" data-settings=\"{&quot;youtube_url&quot;:&quot;https:\\\/\\\/youtu.be\\\/l8N6nZRnyYc&quot;,&quot;video_type&quot;:&quot;youtube&quot;,&quot;controls&quot;:&quot;yes&quot;}\" data-widget_type=\"video.default\">\n\t\t\t\t<div class=\"elementor-widget-container\">\n\t\t\t\t\t\t\t<div class=\"elementor-wrapper elementor-open-inline\">\n\t\t\t<div class=\"elementor-video\"><\/div>\t\t<\/div>\n\t\t\t\t\t\t<\/div>\n\t\t\t\t<\/div>\n\t\t\t\t\t<\/div>\n\t\t<\/div>\n\t\t\t\t<div class=\"has_eae_slider elementor-column elementor-col-50 elementor-inner-column elementor-element elementor-element-0aeea1d elementor-hidden-mobile\" data-eae-slider=\"16283\" data-id=\"0aeea1d\" data-element_type=\"column\">\n\t\t\t<div class=\"elementor-widget-wrap\">\n\t\t\t\t\t\t\t<\/div>\n\t\t<\/div>\n\t\t\t\t\t<\/div>\n\t\t<\/section>\n\t\t\t\t\t<\/div>\n\t\t<\/div>\n\t\t\t\t\t<\/div>\n\t\t<\/section>\n\t\t\t\t<section class=\"has_eae_slider elementor-section elementor-top-section elementor-element elementor-element-8f8c291 elementor-section-full_width elementor-section-height-default elementor-section-height-default\" data-eae-slider=\"38212\" data-id=\"8f8c291\" data-element_type=\"section\" data-settings=\"{&quot;motion_fx_motion_fx_scrolling&quot;:&quot;yes&quot;,&quot;motion_fx_devices&quot;:[&quot;desktop&quot;,&quot;tablet&quot;,&quot;mobile&quot;]}\">\n\t\t\t\t\t\t<div class=\"elementor-container elementor-column-gap-no\">\n\t\t\t\t\t<div class=\"has_eae_slider elementor-column elementor-col-50 elementor-top-column elementor-element elementor-element-702edbe\" data-eae-slider=\"94997\" data-id=\"702edbe\" data-element_type=\"column\">\n\t\t\t<div class=\"elementor-widget-wrap elementor-element-populated\">\n\t\t\t\t\t\t<section class=\"has_eae_slider elementor-section elementor-inner-section elementor-element elementor-element-f1dfb80 elementor-section-full_width elementor-section-height-default elementor-section-height-default\" data-eae-slider=\"88295\" data-id=\"f1dfb80\" data-element_type=\"section\">\n\t\t\t\t\t\t<div class=\"elementor-container elementor-column-gap-no\">\n\t\t\t\t\t<div class=\"has_eae_slider elementor-column elementor-col-50 elementor-inner-column elementor-element elementor-element-6fc58e4\" data-eae-slider=\"43767\" data-id=\"6fc58e4\" data-element_type=\"column\">\n\t\t\t<div class=\"elementor-widget-wrap elementor-element-populated\">\n\t\t\t\t\t\t<div class=\"elementor-element elementor-element-3036d91 elementor-widget elementor-widget-video\" data-id=\"3036d91\" data-element_type=\"widget\" data-settings=\"{&quot;youtube_url&quot;:&quot;https:\\\/\\\/youtu.be\\\/f8b3-X_xvXE&quot;,&quot;video_type&quot;:&quot;youtube&quot;,&quot;controls&quot;:&quot;yes&quot;}\" data-widget_type=\"video.default\">\n\t\t\t\t<div class=\"elementor-widget-container\">\n\t\t\t\t\t\t\t<div class=\"elementor-wrapper elementor-open-inline\">\n\t\t\t<div class=\"elementor-video\"><\/div>\t\t<\/div>\n\t\t\t\t\t\t<\/div>\n\t\t\t\t<\/div>\n\t\t\t\t\t<\/div>\n\t\t<\/div>\n\t\t\t\t<div class=\"has_eae_slider elementor-column elementor-col-50 elementor-inner-column elementor-element elementor-element-d91aa50 elementor-hidden-mobile\" data-eae-slider=\"12378\" data-id=\"d91aa50\" data-element_type=\"column\">\n\t\t\t<div class=\"elementor-widget-wrap\">\n\t\t\t\t\t\t\t<\/div>\n\t\t<\/div>\n\t\t\t\t\t<\/div>\n\t\t<\/section>\n\t\t\t\t\t<\/div>\n\t\t<\/div>\n\t\t\t\t<div class=\"has_eae_slider elementor-column elementor-col-50 elementor-top-column elementor-element elementor-element-189ee46\" data-eae-slider=\"11781\" data-id=\"189ee46\" data-element_type=\"column\">\n\t\t\t<div class=\"elementor-widget-wrap elementor-element-populated\">\n\t\t\t\t\t\t<section class=\"has_eae_slider elementor-section elementor-inner-section elementor-element elementor-element-c7f1c6a elementor-section-full_width elementor-section-height-default elementor-section-height-default\" data-eae-slider=\"34154\" data-id=\"c7f1c6a\" data-element_type=\"section\">\n\t\t\t\t\t\t<div class=\"elementor-container elementor-column-gap-no\">\n\t\t\t\t\t<div class=\"has_eae_slider elementor-column elementor-col-100 elementor-inner-column elementor-element elementor-element-d0414c1\" data-eae-slider=\"51324\" data-id=\"d0414c1\" data-element_type=\"column\">\n\t\t\t<div class=\"elementor-widget-wrap elementor-element-populated\">\n\t\t\t\t\t\t<div class=\"elementor-element elementor-element-84b9bd2 elementor-widget elementor-widget-heading\" data-id=\"84b9bd2\" data-element_type=\"widget\" data-widget_type=\"heading.default\">\n\t\t\t\t<div class=\"elementor-widget-container\">\n\t\t\t\t\t<h2 class=\"elementor-heading-title elementor-size-default\"><br><br>La verdad versus la fantas\u00eda que da\u00f1a vidas: Dr. Roberto Sicard<br><\/h2>\t\t\t\t<\/div>\n\t\t\t\t<\/div>\n\t\t\t\t\t<\/div>\n\t\t<\/div>\n\t\t\t\t\t<\/div>\n\t\t<\/section>\n\t\t\t\t<div class=\"elementor-element elementor-element-f01ad0c elementor-align-center elementor-widget elementor-widget-button\" data-id=\"f01ad0c\" data-element_type=\"widget\" data-widget_type=\"button.default\">\n\t\t\t\t<div class=\"elementor-widget-container\">\n\t\t\t\t\t\t\t\t\t<div class=\"elementor-button-wrapper\">\n\t\t\t\t\t<a class=\"elementor-button elementor-button-link elementor-size-sm\" href=\"http:\/\/18u.d6f.myftpupload.com\/wp-content\/uploads\/2021\/12\/22-CV-2020-SOPORTES-ROBERTO-SICARD.pdf\" target=\"_blank\">\n\t\t\t\t\t\t<span class=\"elementor-button-content-wrapper\">\n\t\t\t\t\t\t\t\t\t<span class=\"elementor-button-text\">Hoja de Vida del Dr. Sicard<\/span>\n\t\t\t\t\t<\/span>\n\t\t\t\t\t<\/a>\n\t\t\t\t<\/div>\n\t\t\t\t\t\t\t\t<\/div>\n\t\t\t\t<\/div>\n\t\t\t\t<div class=\"elementor-element elementor-element-8765f00 elementor-hidden-mobile elementor-widget elementor-widget-spacer\" data-id=\"8765f00\" data-element_type=\"widget\" data-widget_type=\"spacer.default\">\n\t\t\t\t<div class=\"elementor-widget-container\">\n\t\t\t\t\t\t\t<div class=\"elementor-spacer\">\n\t\t\t<div class=\"elementor-spacer-inner\"><\/div>\n\t\t<\/div>\n\t\t\t\t\t\t<\/div>\n\t\t\t\t<\/div>\n\t\t\t\t\t<\/div>\n\t\t<\/div>\n\t\t\t\t\t<\/div>\n\t\t<\/section>\n\t\t\t\t<section class=\"has_eae_slider elementor-section elementor-top-section elementor-element elementor-element-576348d4 elementor-section-boxed elementor-section-height-default elementor-section-height-default\" data-eae-slider=\"26516\" data-id=\"576348d4\" data-element_type=\"section\" data-settings=\"{&quot;motion_fx_motion_fx_scrolling&quot;:&quot;yes&quot;,&quot;background_background&quot;:&quot;classic&quot;,&quot;motion_fx_devices&quot;:[&quot;desktop&quot;,&quot;tablet&quot;,&quot;mobile&quot;]}\">\n\t\t\t\t\t\t<div class=\"elementor-container elementor-column-gap-no\">\n\t\t\t\t\t<div class=\"has_eae_slider elementor-column elementor-col-50 elementor-top-column elementor-element elementor-element-63165276\" data-eae-slider=\"77827\" data-id=\"63165276\" data-element_type=\"column\">\n\t\t\t<div class=\"elementor-widget-wrap elementor-element-populated\">\n\t\t\t\t\t\t<div class=\"elementor-element elementor-element-e1573c2 elementor-hidden-desktop elementor-hidden-tablet elementor-widget elementor-widget-heading\" data-id=\"e1573c2\" data-element_type=\"widget\" data-widget_type=\"heading.default\">\n\t\t\t\t<div class=\"elementor-widget-container\">\n\t\t\t\t\t<h2 class=\"elementor-heading-title elementor-size-default\">Podcast: Dr. Pedro G\u00f3mez, Psiquiatra<\/h2>\t\t\t\t<\/div>\n\t\t\t\t<\/div>\n\t\t\t\t<div class=\"elementor-element elementor-element-b644d36 elementor-widget elementor-widget-image\" data-id=\"b644d36\" data-element_type=\"widget\" data-widget_type=\"image.default\">\n\t\t\t\t<div class=\"elementor-widget-container\">\n\t\t\t\t\t\t\t\t\t\t\t\t\t\t\t<img decoding=\"async\" width=\"400\" height=\"400\" src=\"https:\/\/robertomarquez.org\/wp-content\/uploads\/2021\/12\/dr.png\" class=\"attachment-large size-large wp-image-3040\" alt=\"Dr. Pedro G\u00f3mez psiquiatra en el caso de falsas acusaciones de abuso a Roberto M\u00e1rquez por parte de Viviana Vargas Vives.\" srcset=\"https:\/\/robertomarquez.org\/wp-content\/uploads\/2021\/12\/dr.png 400w, https:\/\/robertomarquez.org\/wp-content\/uploads\/2021\/12\/dr-300x300.png 300w, https:\/\/robertomarquez.org\/wp-content\/uploads\/2021\/12\/dr-150x150.png 150w\" sizes=\"(max-width: 400px) 100vw, 400px\" \/>\t\t\t\t\t\t\t\t\t\t\t\t\t\t\t<\/div>\n\t\t\t\t<\/div>\n\t\t\t\t<div class=\"elementor-element elementor-element-bb4d540 elementor-align-center elementor-widget elementor-widget-button\" data-id=\"bb4d540\" data-element_type=\"widget\" data-widget_type=\"button.default\">\n\t\t\t\t<div class=\"elementor-widget-container\">\n\t\t\t\t\t\t\t\t\t<div class=\"elementor-button-wrapper\">\n\t\t\t\t\t<a class=\"elementor-button elementor-button-link elementor-size-sm\" href=\"http:\/\/18u.d6f.myftpupload.com\/wp-content\/uploads\/2021\/12\/HOJA-DE-VIDA-PEDRO-GOMEZ-MENDEZ.pdf\" target=\"_blank\">\n\t\t\t\t\t\t<span class=\"elementor-button-content-wrapper\">\n\t\t\t\t\t\t\t\t\t<span class=\"elementor-button-text\">Hoja de Vida del Dr. Pedro G\u00f3mez<\/span>\n\t\t\t\t\t<\/span>\n\t\t\t\t\t<\/a>\n\t\t\t\t<\/div>\n\t\t\t\t\t\t\t\t<\/div>\n\t\t\t\t<\/div>\n\t\t\t\t\t<\/div>\n\t\t<\/div>\n\t\t\t\t<div class=\"has_eae_slider elementor-column elementor-col-50 elementor-top-column elementor-element elementor-element-162ddc04\" data-eae-slider=\"13360\" data-id=\"162ddc04\" data-element_type=\"column\">\n\t\t\t<div class=\"elementor-widget-wrap elementor-element-populated\">\n\t\t\t\t\t\t<div class=\"elementor-element elementor-element-e4e3ddf elementor-hidden-mobile elementor-widget elementor-widget-heading\" data-id=\"e4e3ddf\" data-element_type=\"widget\" data-widget_type=\"heading.default\">\n\t\t\t\t<div class=\"elementor-widget-container\">\n\t\t\t\t\t<h2 class=\"elementor-heading-title elementor-size-default\">Podcast: Dr. Pedro G\u00f3mez, Psiquiatra<\/h2>\t\t\t\t<\/div>\n\t\t\t\t<\/div>\n\t\t\t\t<div class=\"elementor-element elementor-element-3de234b elementor-widget elementor-widget-html\" data-id=\"3de234b\" data-element_type=\"widget\" data-widget_type=\"html.default\">\n\t\t\t\t<div class=\"elementor-widget-container\">\n\t\t\t\t\t<iframe width=\"100%\" height=\"166\" scrolling=\"no\" frameborder=\"no\" allow=\"autoplay\" src=\"https:\/\/w.soundcloud.com\/player\/?url=https%3A\/\/api.soundcloud.com\/tracks\/1183023772&color=%23010101&auto_play=false&hide_related=false&show_comments=true&show_user=true&show_reposts=false&show_teaser=true\"><\/iframe><div style=\"font-size: 10px; color: #cccccc;line-break: anywhere;word-break: normal;overflow: hidden;white-space: nowrap;text-overflow: ellipsis; font-family: Interstate,Lucida Grande,Lucida Sans Unicode,Lucida Sans,Garuda,Verdana,Tahoma,sans-serif;font-weight: 100;\"><a href=\"https:\/\/soundcloud.com\/caso-roberto-marquez\" title=\"Roberto M\u00e1rquez Zalamea\" target=\"_blank\" style=\"color: #cccccc; text-decoration: none;\">Roberto M\u00e1rquez Zalamea<\/a> \u00b7 <a href=\"https:\/\/soundcloud.com\/caso-roberto-marquez\/roberto-marquez-no-presenta-el-perfil-psicologico-de-un-abusador-sexual\" title=\"Roberto M\u00e1rquez no presenta el perfil psicol\u00f3gico de un abusador sexual\" target=\"_blank\" style=\"color: #cccccc; text-decoration: none;\">Roberto M\u00e1rquez no presenta el perfil psicol\u00f3gico de un abusador sexual<\/a><\/div>\t\t\t\t<\/div>\n\t\t\t\t<\/div>\n\t\t\t\t\t<\/div>\n\t\t<\/div>\n\t\t\t\t\t<\/div>\n\t\t<\/section>\n\t\t\t\t<section class=\"has_eae_slider elementor-section elementor-top-section elementor-element elementor-element-740d88b elementor-section-boxed elementor-section-height-default elementor-section-height-default\" data-eae-slider=\"9894\" data-id=\"740d88b\" data-element_type=\"section\">\n\t\t\t\t\t\t<div class=\"elementor-container elementor-column-gap-default\">\n\t\t\t\t\t<div class=\"has_eae_slider elementor-column elementor-col-100 elementor-top-column elementor-element elementor-element-d2d87b1\" data-eae-slider=\"86297\" data-id=\"d2d87b1\" data-element_type=\"column\">\n\t\t\t<div class=\"elementor-widget-wrap elementor-element-populated\">\n\t\t\t\t\t\t<div class=\"elementor-element elementor-element-e3e96d1 elementor-widget elementor-widget-heading\" data-id=\"e3e96d1\" data-element_type=\"widget\" data-widget_type=\"heading.default\">\n\t\t\t\t<div class=\"elementor-widget-container\">\n\t\t\t\t\t<h2 class=\"elementor-heading-title elementor-size-default\">Preguntas y Respuestas - Caso Roberto M\u00e1rquez<\/h2>\t\t\t\t<\/div>\n\t\t\t\t<\/div>\n\t\t\t\t<div class=\"elementor-element elementor-element-77cb2f2 elementor-widget elementor-widget-text-editor\" data-id=\"77cb2f2\" data-element_type=\"widget\" data-widget_type=\"text-editor.default\">\n\t\t\t\t<div class=\"elementor-widget-container\">\n\t\t\t\t\t\t\t\t\t<p>Clic para ver respuestas<\/p>\t\t\t\t\t\t\t\t<\/div>\n\t\t\t\t<\/div>\n\t\t\t\t<div class=\"elementor-element elementor-element-671b0fa elementor-widget elementor-widget-toggle\" data-id=\"671b0fa\" data-element_type=\"widget\" data-widget_type=\"toggle.default\">\n\t\t\t\t<div class=\"elementor-widget-container\">\n\t\t\t\t\t\t\t<div class=\"elementor-toggle\">\n\t\t\t\t\t\t\t<div class=\"elementor-toggle-item\">\n\t\t\t\t\t<div id=\"elementor-tab-title-1081\" class=\"elementor-tab-title\" data-tab=\"1\" role=\"button\" aria-controls=\"elementor-tab-content-1081\" aria-expanded=\"false\">\n\t\t\t\t\t\t\t\t\t\t\t\t<span class=\"elementor-toggle-icon elementor-toggle-icon-left\" aria-hidden=\"true\">\n\t\t\t\t\t\t\t\t\t\t\t\t\t\t\t<span class=\"elementor-toggle-icon-closed\"><i class=\"fas fa-caret-right\"><\/i><\/span>\n\t\t\t\t\t\t\t\t<span class=\"elementor-toggle-icon-opened\"><i class=\"elementor-toggle-icon-opened fas fa-caret-up\"><\/i><\/span>\n\t\t\t\t\t\t\t\t\t\t\t\t\t<\/span>\n\t\t\t\t\t\t\t\t\t\t\t\t<a class=\"elementor-toggle-title\" tabindex=\"0\">\u00bfQu\u00e9 sinti\u00f3 cuando lo acusaron de violador?<\/a>\n\t\t\t\t\t<\/div>\n\n\t\t\t\t\t<div id=\"elementor-tab-content-1081\" class=\"elementor-tab-content elementor-clearfix\" data-tab=\"1\" role=\"region\" aria-labelledby=\"elementor-tab-title-1081\"><p>Imag\u00ednate que, un d\u00eda te levanta una llamada de un familiar en la madrugada para decirte que el Sr. Jaime Vargas Vives dice que yo abus\u00e9 de su hermana hace 30 a\u00f1os atr\u00e1s. Lo primero que pens\u00e9 es que se trataba de una equivocaci\u00f3n, de un malentendido, de alguna incongruencia.<\/p><p>Imag\u00ednate que, vas caminando por la calle y una persona te se\u00f1ala como abusador sexual enfrente de tu mujer y tus hijas, y que de repente algunos empiezan a se\u00f1alarte de un aberrante delito que nos has cometido. \u00bfC\u00f3mo te defiendes? Qu\u00e9 les dices? \u00bfC\u00f3mo reaccionas? Y, \u00a0\u00bfqu\u00e9 pasa cuando ves ese testimonio es repetido en los medios de comunicaci\u00f3n?\u00a0 Cuando unos medios citan a otros como fuente de la informaci\u00f3n, sin siquiera consultarte\u2026<\/p><p>Cuando v\u00ed la gravedad de las <a href=\"http:\/\/18u.d6f.myftpupload.com\/falsas-acusaciones\/\" target=\"_blank\" rel=\"noopener\">falsas acusaciones<\/a> de la se\u00f1ora Viviana Vargas Vives y el inmediato eco de los medios de comunicaci\u00f3n, que replicaron las calumnias sin pensar, sin preguntar, sin cuestionar los testimonios,\u00a0 lo primero que sent\u00ed fue angustia y el dolor de la injusticia. Pens\u00e9 \u00a0en mi esposa y en mis dos hijas y sent\u00ed un estado de indefensi\u00f3n absoluta. Mi palabra contra la de una mujer, que afirmaba algo que no era cierto, que yo la hab\u00eda violado hace 30 a\u00f1os, \u00bfc\u00f3mo pod\u00eda demostrar que semejante aberraci\u00f3n no era verdad?<\/p><p>Yo sab\u00eda que no hab\u00eda hecho nada de lo que dec\u00eda. Sab\u00eda que eran mentiras y no pod\u00eda creer que algunos aceptaran esas acusaciones como ciertas. Sent\u00ed impotencia. \u00a0Yo no ten\u00eda c\u00f3mo demostrar mi inocencia. A los pocos minutos entend\u00ed que mi \u00fanica salida era acudir a la justicia. Antes de medio d\u00eda, ya estaba reunido con el Doctor Del Villar, un abogado muy prestigioso, penalista, s\u00ed, penalista, yo que jam\u00e1s pens\u00e9 que tendr\u00eda que siquiera hablar con alg\u00fan abogado penalista, ah\u00ed estaba sentado, escuchando las alternativas, con el alma en vilo, tratando de encontrar la manera de defenderme de las calumnias.<\/p><p>Acordamos enfrentar el tema legalmente, sin acudir a los medios de comunicaci\u00f3n o a las redes sociales. Hice lo correcto. Me reun\u00ed con mi esposa y mis hijas. Con l\u00e1grimas en los ojos les cont\u00e9 lo que est\u00e1bamos enfrentando como familia. Desde entonces estamos unidos frente a los se\u00f1alamientos que no han terminado de ocurrir.<\/p><\/div>\n\t\t\t\t<\/div>\n\t\t\t\t\t\t\t<div class=\"elementor-toggle-item\">\n\t\t\t\t\t<div id=\"elementor-tab-title-1082\" class=\"elementor-tab-title\" data-tab=\"2\" role=\"button\" aria-controls=\"elementor-tab-content-1082\" aria-expanded=\"false\">\n\t\t\t\t\t\t\t\t\t\t\t\t<span class=\"elementor-toggle-icon elementor-toggle-icon-left\" aria-hidden=\"true\">\n\t\t\t\t\t\t\t\t\t\t\t\t\t\t\t<span class=\"elementor-toggle-icon-closed\"><i class=\"fas fa-caret-right\"><\/i><\/span>\n\t\t\t\t\t\t\t\t<span class=\"elementor-toggle-icon-opened\"><i class=\"elementor-toggle-icon-opened fas fa-caret-up\"><\/i><\/span>\n\t\t\t\t\t\t\t\t\t\t\t\t\t<\/span>\n\t\t\t\t\t\t\t\t\t\t\t\t<a class=\"elementor-toggle-title\" tabindex=\"0\">\u00bfPor qu\u00e9 se demor\u00f3 en responder?<\/a>\n\t\t\t\t\t<\/div>\n\n\t\t\t\t\t<div id=\"elementor-tab-content-1082\" class=\"elementor-tab-content elementor-clearfix\" data-tab=\"2\" role=\"region\" aria-labelledby=\"elementor-tab-title-1082\"><p>En las redes sociales y en los medios el que calla otorga. Sin embargo, en el \u00e1mbito de la justicia, las decisiones judiciales son las verdaderamente determinantes. Esper\u00e9 a la justicia. Esper\u00e9 a que el sistema reconociera mi inocencia. Ante la justicia colombiana soy inocente. No hay ninguna causa en mi contra. Hice lo correcto.<\/p><p>Esper\u00e9 por muchos meses la denuncia por violaci\u00f3n tan anunciada por la calumniadora (inclusive con la fotograf\u00eda del documento) la cual nunca lleg\u00f3. <a href=\"http:\/\/18u.d6f.myftpupload.com\/resumen-del-caso\/\" target=\"_blank\" rel=\"noopener\">Nunca interpuso denuncia alguna<\/a>. Jam\u00e1s utiliz\u00f3 el sistema legal colombiano; continu\u00f3 difamando mi nombre, acosando a mi familia \u00a0por redes sociales y medios de comunicaci\u00f3n nacional y algunos le creyeron seguramente. Sus fantas\u00eda le sirven ahora como plataforma pol\u00edtica. Tal vez porque la gente quiere o\u00edr a las v\u00edctimas, sin importar si realmente lo son. El discurso amarillista vende, aumenta el <em>rating<\/em> de lo medios y da r\u00e9ditos pol\u00edticos.<\/p><\/div>\n\t\t\t\t<\/div>\n\t\t\t\t\t\t\t<div class=\"elementor-toggle-item\">\n\t\t\t\t\t<div id=\"elementor-tab-title-1083\" class=\"elementor-tab-title\" data-tab=\"3\" role=\"button\" aria-controls=\"elementor-tab-content-1083\" aria-expanded=\"false\">\n\t\t\t\t\t\t\t\t\t\t\t\t<span class=\"elementor-toggle-icon elementor-toggle-icon-left\" aria-hidden=\"true\">\n\t\t\t\t\t\t\t\t\t\t\t\t\t\t\t<span class=\"elementor-toggle-icon-closed\"><i class=\"fas fa-caret-right\"><\/i><\/span>\n\t\t\t\t\t\t\t\t<span class=\"elementor-toggle-icon-opened\"><i class=\"elementor-toggle-icon-opened fas fa-caret-up\"><\/i><\/span>\n\t\t\t\t\t\t\t\t\t\t\t\t\t<\/span>\n\t\t\t\t\t\t\t\t\t\t\t\t<a class=\"elementor-toggle-title\" tabindex=\"0\">\u00bfPor qu\u00e9 cree que esta mujer invent\u00f3 semejante acusaci\u00f3n?<\/a>\n\t\t\t\t\t<\/div>\n\n\t\t\t\t\t<div id=\"elementor-tab-content-1083\" class=\"elementor-tab-content elementor-clearfix\" data-tab=\"3\" role=\"region\" aria-labelledby=\"elementor-tab-title-1083\"><p>Creo que es la se\u00f1ora Viviana Vargas Vives quien deber\u00eda contestar esa pregunta. Probablemente sea una mujer atribulada que realmente sufri\u00f3 abusos, no s\u00e9, pero no fui yo quien se los infringi\u00f3. Adem\u00e1s, sus <a href=\"http:\/\/18u.d6f.myftpupload.com\/falsas-acusaciones\/\">falsas acusaciones<\/a> le sirvieron como trampol\u00edn pol\u00edtico (ella es ahora candidata al senado por el Nuevo Liberalismo como abanderada de las mujeres abusadas). Por eso, yo le advert\u00ed en su momento a la Fiscal\u00eda General de la Naci\u00f3n que la motivaci\u00f3n que ella tuvo para se\u00f1alarme pod\u00eda estar vinculada a sus aspiraciones pol\u00edticas. Estaba en lo cierto. Vivimos en un mundo lleno de ego\u00edsmo y falsedades d\u00f3nde la compasi\u00f3n no existe.<\/p><\/div>\n\t\t\t\t<\/div>\n\t\t\t\t\t\t\t<div class=\"elementor-toggle-item\">\n\t\t\t\t\t<div id=\"elementor-tab-title-1084\" class=\"elementor-tab-title\" data-tab=\"4\" role=\"button\" aria-controls=\"elementor-tab-content-1084\" aria-expanded=\"false\">\n\t\t\t\t\t\t\t\t\t\t\t\t<span class=\"elementor-toggle-icon elementor-toggle-icon-left\" aria-hidden=\"true\">\n\t\t\t\t\t\t\t\t\t\t\t\t\t\t\t<span class=\"elementor-toggle-icon-closed\"><i class=\"fas fa-caret-right\"><\/i><\/span>\n\t\t\t\t\t\t\t\t<span class=\"elementor-toggle-icon-opened\"><i class=\"elementor-toggle-icon-opened fas fa-caret-up\"><\/i><\/span>\n\t\t\t\t\t\t\t\t\t\t\t\t\t<\/span>\n\t\t\t\t\t\t\t\t\t\t\t\t<a class=\"elementor-toggle-title\" tabindex=\"0\">\u00bfPor qu\u00e9 crea esta p\u00e1gina?<\/a>\n\t\t\t\t\t<\/div>\n\n\t\t\t\t\t<div id=\"elementor-tab-content-1084\" class=\"elementor-tab-content elementor-clearfix\" data-tab=\"4\" role=\"region\" aria-labelledby=\"elementor-tab-title-1084\"><p>Yo no saldr\u00e9 nunca en los medios para declarar nada. No es mi estilo. Espero que cualquier pregunta, cualquier duda obtenga una respuesta adecuada en este lugar. Adem\u00e1s, mi mundo no es el de la pugna y la confrontaci\u00f3n que proponen las redes sociales. Eso se lo dejo a los influencers y a los pol\u00edticos.<\/p><p>A\u00a0 trav\u00e9s de esta p\u00e1gina quiero restablecer mi reputaci\u00f3n, es un derecho humano fundamental, y dejarles a mis hijas y a mis futuros nietos, a mis hermanas, a mi mam\u00e1 y a los amigos un testimonial que evidencie este esfuerzo conjunto por restablecer la verdad. La verdad construida desde la conciencia de la inocencia. La verdad como camino recorrido en la vida. La verdad como fuente de certeza. La verdad como columna y cimiento de vida. La verdad que me permite firmemente mirar a mi madre, a mi esposa, a mis hijas, a mis hermanas y a mis amigos para decirles desde el fondo de mi ser que soy inocente y que le agradezco infinitamente por creer en mi palabra. La verdad que reconoce la justicia que se erige como pilar donde se desarrolla la sociedad en la que vivo. Nunca me fui, nunca me ir\u00e9. Mi vida est\u00e1 en Barranquilla y aqu\u00ed la afrontar\u00e9 con lo que nos traiga, con la frente en alto.<\/p><\/div>\n\t\t\t\t<\/div>\n\t\t\t\t\t\t\t<div class=\"elementor-toggle-item\">\n\t\t\t\t\t<div id=\"elementor-tab-title-1085\" class=\"elementor-tab-title\" data-tab=\"5\" role=\"button\" aria-controls=\"elementor-tab-content-1085\" aria-expanded=\"false\">\n\t\t\t\t\t\t\t\t\t\t\t\t<span class=\"elementor-toggle-icon elementor-toggle-icon-left\" aria-hidden=\"true\">\n\t\t\t\t\t\t\t\t\t\t\t\t\t\t\t<span class=\"elementor-toggle-icon-closed\"><i class=\"fas fa-caret-right\"><\/i><\/span>\n\t\t\t\t\t\t\t\t<span class=\"elementor-toggle-icon-opened\"><i class=\"elementor-toggle-icon-opened fas fa-caret-up\"><\/i><\/span>\n\t\t\t\t\t\t\t\t\t\t\t\t\t<\/span>\n\t\t\t\t\t\t\t\t\t\t\t\t<a class=\"elementor-toggle-title\" tabindex=\"0\">\u00bfPor qu\u00e9 no denunci\u00f3 por calumnia?<\/a>\n\t\t\t\t\t<\/div>\n\n\t\t\t\t\t<div id=\"elementor-tab-content-1085\" class=\"elementor-tab-content elementor-clearfix\" data-tab=\"5\" role=\"region\" aria-labelledby=\"elementor-tab-title-1085\"><p>Yo soy un hombre met\u00f3dico. Sin tener el soporte jur\u00eddico habr\u00eda sido s\u00f3lo una respuesta medi\u00e1tica tan vac\u00eda y endeble como las <a href=\"http:\/\/18u.d6f.myftpupload.com\/falsas-acusaciones\/\" target=\"_blank\" rel=\"noopener\">falsas acusaciones<\/a> de la se\u00f1ora Viviana Vargas Vives en mi contra. Decidimos enfocarnos en contestar a una eventual denuncia y y en demostrar que yo no hab\u00eda cometido ning\u00fan delito. Yo no solo ten\u00eda clara mi inocencia sino que adem\u00e1s creo en el sistema juidicial y prefer\u00ed esperar a tener una sentencia a mi favor. Adem\u00e1s, quer\u00eda estudiar el caso detenidamente y no solo sino con la ayuda de expertos de diferentes \u00e1reas antes de dar un paso de esa magnitud. Los posibles delitos cometidos por la supuesta v\u00edctima no son solo calumnia; y el da\u00f1o no solo ha sido contra mi. La evidencia es contundente. Por ejemplo, \u00a1imag\u00ednese que la se\u00f1ora Viviana Vargas Vives se atrevi\u00f3 a decir que yo viol\u00e9 a mis propias hijas y sobrinas! Pero como dije en mi comunicado, tenemos tiempo suficiente, no hay prisa. Lo importante es actuar dentro del tiempo que corresponde y de forma contundente.<\/p><\/div>\n\t\t\t\t<\/div>\n\t\t\t\t\t\t\t<div class=\"elementor-toggle-item\">\n\t\t\t\t\t<div id=\"elementor-tab-title-1086\" class=\"elementor-tab-title\" data-tab=\"6\" role=\"button\" aria-controls=\"elementor-tab-content-1086\" aria-expanded=\"false\">\n\t\t\t\t\t\t\t\t\t\t\t\t<span class=\"elementor-toggle-icon elementor-toggle-icon-left\" aria-hidden=\"true\">\n\t\t\t\t\t\t\t\t\t\t\t\t\t\t\t<span class=\"elementor-toggle-icon-closed\"><i class=\"fas fa-caret-right\"><\/i><\/span>\n\t\t\t\t\t\t\t\t<span class=\"elementor-toggle-icon-opened\"><i class=\"elementor-toggle-icon-opened fas fa-caret-up\"><\/i><\/span>\n\t\t\t\t\t\t\t\t\t\t\t\t\t<\/span>\n\t\t\t\t\t\t\t\t\t\t\t\t<a class=\"elementor-toggle-title\" tabindex=\"0\">\u00bfQu\u00e9 les dice a las mujeres abusadas?<\/a>\n\t\t\t\t\t<\/div>\n\n\t\t\t\t\t<div id=\"elementor-tab-content-1086\" class=\"elementor-tab-content elementor-clearfix\" data-tab=\"6\" role=\"region\" aria-labelledby=\"elementor-tab-title-1086\"><p>Hago un llamado a las mujeres, para que cuenten sus historias de abusos, para que denuncien a sus agresores. A mis dos hijas, a mis sobrinas, a mis hermanas y a todas las mujeres\u00a0 para que nunca callen, pero que cuando hablen, cuando denuncien, tengan la absoluta certeza de lo que dicen; y que sus testimonios no sean el resultado de recuerdos obtenidos a partir de <a href=\"http:\/\/18u.d6f.myftpupload.com\/terapias-de-regresion\/\">regresiones psicol\u00f3gicas<\/a>. Y, que por favor, por Dios, que sus denuncias no respondan a la necesidad de ser reconocidas socialmente y mucho menos que nunca busquen con ellas <a href=\"http:\/\/18u.d6f.myftpupload.com\/falsas-acusaciones\/\">acceder a cargos pol\u00edticos.\u00a0<\/a><\/p><\/div>\n\t\t\t\t<\/div>\n\t\t\t\t\t\t\t<div class=\"elementor-toggle-item\">\n\t\t\t\t\t<div id=\"elementor-tab-title-1087\" class=\"elementor-tab-title\" data-tab=\"7\" role=\"button\" aria-controls=\"elementor-tab-content-1087\" aria-expanded=\"false\">\n\t\t\t\t\t\t\t\t\t\t\t\t<span class=\"elementor-toggle-icon elementor-toggle-icon-left\" aria-hidden=\"true\">\n\t\t\t\t\t\t\t\t\t\t\t\t\t\t\t<span class=\"elementor-toggle-icon-closed\"><i class=\"fas fa-caret-right\"><\/i><\/span>\n\t\t\t\t\t\t\t\t<span class=\"elementor-toggle-icon-opened\"><i class=\"elementor-toggle-icon-opened fas fa-caret-up\"><\/i><\/span>\n\t\t\t\t\t\t\t\t\t\t\t\t\t<\/span>\n\t\t\t\t\t\t\t\t\t\t\t\t<a class=\"elementor-toggle-title\" tabindex=\"0\">\u00bfEs usted  v\u00edctima del movimiento feminista?<\/a>\n\t\t\t\t\t<\/div>\n\n\t\t\t\t\t<div id=\"elementor-tab-content-1087\" class=\"elementor-tab-content elementor-clearfix\" data-tab=\"7\" role=\"region\" aria-labelledby=\"elementor-tab-title-1087\"><p>Yo no soy v\u00edctima de nada y mucho menos de un movimiento que busca resarcir los pisoteados derechos de las mujeres. Me toc\u00f3 en la vida lidiar con esta tragedia y encontr\u00e9 el soporte de mi esposa, de mis hijas y de mi familia para hacerlo. Gracias a todos, por creer en mi palabra, por estar ah\u00ed siempre. No saben la satisfacci\u00f3n personal que produce mirarlos a los ojos y saber que nunca han dudado de mis acciones. Soy inocente y as\u00ed lo sabr\u00e1n mis nietos y nietas, y ahora, nuestros amigos y la sociedad barranquillera que lee \u00e9sta p\u00e1gina, a quienes les pido desde el fondo del coraz\u00f3n que me restituyan ese derecho que injustamente me quitaron los medios y las <a href=\"http:\/\/18u.d6f.myftpupload.com\/falsas-acusaciones\/\" target=\"_blank\" rel=\"noopener\">falsas acusaciones de la se\u00f1ora Viviana Vargas Vives<\/a>. Soy inocente y quiero dejar salir ese grito que estuvo desde el primer momento atrancado entre el pecho y la espalda.<\/p><\/div>\n\t\t\t\t<\/div>\n\t\t\t\t\t\t\t\t\t\t<script type=\"application\/ld+json\">{\"@context\":\"https:\\\/\\\/schema.org\",\"@type\":\"FAQPage\",\"mainEntity\":[{\"@type\":\"Question\",\"name\":\"\\u00bfQu\\u00e9 sinti\\u00f3 cuando lo acusaron de violador?\",\"acceptedAnswer\":{\"@type\":\"Answer\",\"text\":\"<p>Imag\\u00ednate que, un d\\u00eda te levanta una llamada de un familiar en la madrugada para decirte que el Sr. Jaime Vargas Vives dice que yo abus\\u00e9 de su hermana hace 30 a\\u00f1os atr\\u00e1s. Lo primero que pens\\u00e9 es que se trataba de una equivocaci\\u00f3n, de un malentendido, de alguna incongruencia.<\\\/p><p>Imag\\u00ednate que, vas caminando por la calle y una persona te se\\u00f1ala como abusador sexual enfrente de tu mujer y tus hijas, y que de repente algunos empiezan a se\\u00f1alarte de un aberrante delito que nos has cometido. \\u00bfC\\u00f3mo te defiendes? Qu\\u00e9 les dices? \\u00bfC\\u00f3mo reaccionas? Y, \\u00a0\\u00bfqu\\u00e9 pasa cuando ves ese testimonio es repetido en los medios de comunicaci\\u00f3n?\\u00a0 Cuando unos medios citan a otros como fuente de la informaci\\u00f3n, sin siquiera consultarte\\u2026<\\\/p><p>Cuando v\\u00ed la gravedad de las <a href=\\\"http:\\\/\\\/18u.d6f.myftpupload.com\\\/falsas-acusaciones\\\/\\\" target=\\\"_blank\\\" rel=\\\"noopener\\\">falsas acusaciones<\\\/a> de la se\\u00f1ora Viviana Vargas Vives y el inmediato eco de los medios de comunicaci\\u00f3n, que replicaron las calumnias sin pensar, sin preguntar, sin cuestionar los testimonios,\\u00a0 lo primero que sent\\u00ed fue angustia y el dolor de la injusticia. Pens\\u00e9 \\u00a0en mi esposa y en mis dos hijas y sent\\u00ed un estado de indefensi\\u00f3n absoluta. Mi palabra contra la de una mujer, que afirmaba algo que no era cierto, que yo la hab\\u00eda violado hace 30 a\\u00f1os, \\u00bfc\\u00f3mo pod\\u00eda demostrar que semejante aberraci\\u00f3n no era verdad?<\\\/p><p>Yo sab\\u00eda que no hab\\u00eda hecho nada de lo que dec\\u00eda. Sab\\u00eda que eran mentiras y no pod\\u00eda creer que algunos aceptaran esas acusaciones como ciertas. Sent\\u00ed impotencia. \\u00a0Yo no ten\\u00eda c\\u00f3mo demostrar mi inocencia. A los pocos minutos entend\\u00ed que mi \\u00fanica salida era acudir a la justicia. Antes de medio d\\u00eda, ya estaba reunido con el Doctor Del Villar, un abogado muy prestigioso, penalista, s\\u00ed, penalista, yo que jam\\u00e1s pens\\u00e9 que tendr\\u00eda que siquiera hablar con alg\\u00fan abogado penalista, ah\\u00ed estaba sentado, escuchando las alternativas, con el alma en vilo, tratando de encontrar la manera de defenderme de las calumnias.<\\\/p><p>Acordamos enfrentar el tema legalmente, sin acudir a los medios de comunicaci\\u00f3n o a las redes sociales. Hice lo correcto. Me reun\\u00ed con mi esposa y mis hijas. Con l\\u00e1grimas en los ojos les cont\\u00e9 lo que est\\u00e1bamos enfrentando como familia. Desde entonces estamos unidos frente a los se\\u00f1alamientos que no han terminado de ocurrir.<\\\/p>\"}},{\"@type\":\"Question\",\"name\":\"\\u00bfPor qu\\u00e9 se demor\\u00f3 en responder?\",\"acceptedAnswer\":{\"@type\":\"Answer\",\"text\":\"<p>En las redes sociales y en los medios el que calla otorga. Sin embargo, en el \\u00e1mbito de la justicia, las decisiones judiciales son las verdaderamente determinantes. Esper\\u00e9 a la justicia. Esper\\u00e9 a que el sistema reconociera mi inocencia. Ante la justicia colombiana soy inocente. No hay ninguna causa en mi contra. Hice lo correcto.<\\\/p><p>Esper\\u00e9 por muchos meses la denuncia por violaci\\u00f3n tan anunciada por la calumniadora (inclusive con la fotograf\\u00eda del documento) la cual nunca lleg\\u00f3. <a href=\\\"http:\\\/\\\/18u.d6f.myftpupload.com\\\/resumen-del-caso\\\/\\\" target=\\\"_blank\\\" rel=\\\"noopener\\\">Nunca interpuso denuncia alguna<\\\/a>. Jam\\u00e1s utiliz\\u00f3 el sistema legal colombiano; continu\\u00f3 difamando mi nombre, acosando a mi familia \\u00a0por redes sociales y medios de comunicaci\\u00f3n nacional y algunos le creyeron seguramente. Sus fantas\\u00eda le sirven ahora como plataforma pol\\u00edtica. Tal vez porque la gente quiere o\\u00edr a las v\\u00edctimas, sin importar si realmente lo son. El discurso amarillista vende, aumenta el <em>rating<\\\/em> de lo medios y da r\\u00e9ditos pol\\u00edticos.<\\\/p>\"}},{\"@type\":\"Question\",\"name\":\"\\u00bfPor qu\\u00e9 cree que esta mujer invent\\u00f3 semejante acusaci\\u00f3n?\",\"acceptedAnswer\":{\"@type\":\"Answer\",\"text\":\"<p>Creo que es la se\\u00f1ora Viviana Vargas Vives quien deber\\u00eda contestar esa pregunta. Probablemente sea una mujer atribulada que realmente sufri\\u00f3 abusos, no s\\u00e9, pero no fui yo quien se los infringi\\u00f3. Adem\\u00e1s, sus <a href=\\\"http:\\\/\\\/18u.d6f.myftpupload.com\\\/falsas-acusaciones\\\/\\\">falsas acusaciones<\\\/a> le sirvieron como trampol\\u00edn pol\\u00edtico (ella es ahora candidata al senado por el Nuevo Liberalismo como abanderada de las mujeres abusadas). Por eso, yo le advert\\u00ed en su momento a la Fiscal\\u00eda General de la Naci\\u00f3n que la motivaci\\u00f3n que ella tuvo para se\\u00f1alarme pod\\u00eda estar vinculada a sus aspiraciones pol\\u00edticas. Estaba en lo cierto. Vivimos en un mundo lleno de ego\\u00edsmo y falsedades d\\u00f3nde la compasi\\u00f3n no existe.<\\\/p>\"}},{\"@type\":\"Question\",\"name\":\"\\u00bfPor qu\\u00e9 crea esta p\\u00e1gina?\",\"acceptedAnswer\":{\"@type\":\"Answer\",\"text\":\"<p>Yo no saldr\\u00e9 nunca en los medios para declarar nada. No es mi estilo. Espero que cualquier pregunta, cualquier duda obtenga una respuesta adecuada en este lugar. Adem\\u00e1s, mi mundo no es el de la pugna y la confrontaci\\u00f3n que proponen las redes sociales. Eso se lo dejo a los influencers y a los pol\\u00edticos.<\\\/p><p>A\\u00a0 trav\\u00e9s de esta p\\u00e1gina quiero restablecer mi reputaci\\u00f3n, es un derecho humano fundamental, y dejarles a mis hijas y a mis futuros nietos, a mis hermanas, a mi mam\\u00e1 y a los amigos un testimonial que evidencie este esfuerzo conjunto por restablecer la verdad. La verdad construida desde la conciencia de la inocencia. La verdad como camino recorrido en la vida. La verdad como fuente de certeza. La verdad como columna y cimiento de vida. La verdad que me permite firmemente mirar a mi madre, a mi esposa, a mis hijas, a mis hermanas y a mis amigos para decirles desde el fondo de mi ser que soy inocente y que le agradezco infinitamente por creer en mi palabra. La verdad que reconoce la justicia que se erige como pilar donde se desarrolla la sociedad en la que vivo. Nunca me fui, nunca me ir\\u00e9. Mi vida est\\u00e1 en Barranquilla y aqu\\u00ed la afrontar\\u00e9 con lo que nos traiga, con la frente en alto.<\\\/p>\"}},{\"@type\":\"Question\",\"name\":\"\\u00bfPor qu\\u00e9 no denunci\\u00f3 por calumnia?\",\"acceptedAnswer\":{\"@type\":\"Answer\",\"text\":\"<p>Yo soy un hombre met\\u00f3dico. Sin tener el soporte jur\\u00eddico habr\\u00eda sido s\\u00f3lo una respuesta medi\\u00e1tica tan vac\\u00eda y endeble como las <a href=\\\"http:\\\/\\\/18u.d6f.myftpupload.com\\\/falsas-acusaciones\\\/\\\" target=\\\"_blank\\\" rel=\\\"noopener\\\">falsas acusaciones<\\\/a> de la se\\u00f1ora Viviana Vargas Vives en mi contra. Decidimos enfocarnos en contestar a una eventual denuncia y y en demostrar que yo no hab\\u00eda cometido ning\\u00fan delito. Yo no solo ten\\u00eda clara mi inocencia sino que adem\\u00e1s creo en el sistema juidicial y prefer\\u00ed esperar a tener una sentencia a mi favor. Adem\\u00e1s, quer\\u00eda estudiar el caso detenidamente y no solo sino con la ayuda de expertos de diferentes \\u00e1reas antes de dar un paso de esa magnitud. Los posibles delitos cometidos por la supuesta v\\u00edctima no son solo calumnia; y el da\\u00f1o no solo ha sido contra mi. La evidencia es contundente. Por ejemplo, \\u00a1imag\\u00ednese que la se\\u00f1ora Viviana Vargas Vives se atrevi\\u00f3 a decir que yo viol\\u00e9 a mis propias hijas y sobrinas! Pero como dije en mi comunicado, tenemos tiempo suficiente, no hay prisa. Lo importante es actuar dentro del tiempo que corresponde y de forma contundente.<\\\/p>\"}},{\"@type\":\"Question\",\"name\":\"\\u00bfQu\\u00e9 les dice a las mujeres abusadas?\",\"acceptedAnswer\":{\"@type\":\"Answer\",\"text\":\"<p>Hago un llamado a las mujeres, para que cuenten sus historias de abusos, para que denuncien a sus agresores. A mis dos hijas, a mis sobrinas, a mis hermanas y a todas las mujeres\\u00a0 para que nunca callen, pero que cuando hablen, cuando denuncien, tengan la absoluta certeza de lo que dicen; y que sus testimonios no sean el resultado de recuerdos obtenidos a partir de <a href=\\\"http:\\\/\\\/18u.d6f.myftpupload.com\\\/terapias-de-regresion\\\/\\\">regresiones psicol\\u00f3gicas<\\\/a>. Y, que por favor, por Dios, que sus denuncias no respondan a la necesidad de ser reconocidas socialmente y mucho menos que nunca busquen con ellas <a href=\\\"http:\\\/\\\/18u.d6f.myftpupload.com\\\/falsas-acusaciones\\\/\\\">acceder a cargos pol\\u00edticos.\\u00a0<\\\/a><\\\/p>\"}},{\"@type\":\"Question\",\"name\":\"\\u00bfEs usted  v\\u00edctima del movimiento feminista?\",\"acceptedAnswer\":{\"@type\":\"Answer\",\"text\":\"<p>Yo no soy v\\u00edctima de nada y mucho menos de un movimiento que busca resarcir los pisoteados derechos de las mujeres. Me toc\\u00f3 en la vida lidiar con esta tragedia y encontr\\u00e9 el soporte de mi esposa, de mis hijas y de mi familia para hacerlo. Gracias a todos, por creer en mi palabra, por estar ah\\u00ed siempre. No saben la satisfacci\\u00f3n personal que produce mirarlos a los ojos y saber que nunca han dudado de mis acciones. Soy inocente y as\\u00ed lo sabr\\u00e1n mis nietos y nietas, y ahora, nuestros amigos y la sociedad barranquillera que lee \\u00e9sta p\\u00e1gina, a quienes les pido desde el fondo del coraz\\u00f3n que me restituyan ese derecho que injustamente me quitaron los medios y las <a href=\\\"http:\\\/\\\/18u.d6f.myftpupload.com\\\/falsas-acusaciones\\\/\\\" target=\\\"_blank\\\" rel=\\\"noopener\\\">falsas acusaciones de la se\\u00f1ora Viviana Vargas Vives<\\\/a>. Soy inocente y quiero dejar salir ese grito que estuvo desde el primer momento atrancado entre el pecho y la espalda.<\\\/p>\"}}]}<\/script>\n\t\t\t\t\t<\/div>\n\t\t\t\t\t\t<\/div>\n\t\t\t\t<\/div>\n\t\t\t\t\t<\/div>\n\t\t<\/div>\n\t\t\t\t\t<\/div>\n\t\t<\/section>\n\t\t\t\t<section class=\"has_eae_slider elementor-section elementor-top-section elementor-element elementor-element-2fa9c8e elementor-section-boxed elementor-section-height-default elementor-section-height-default\" data-eae-slider=\"53633\" data-id=\"2fa9c8e\" data-element_type=\"section\">\n\t\t\t\t\t\t<div class=\"elementor-container elementor-column-gap-wider\">\n\t\t\t\t\t<div class=\"has_eae_slider elementor-column elementor-col-100 elementor-top-column elementor-element elementor-element-e4abbc9\" data-eae-slider=\"61684\" data-id=\"e4abbc9\" data-element_type=\"column\" data-settings=\"{&quot;background_background&quot;:&quot;classic&quot;}\">\n\t\t\t<div class=\"elementor-widget-wrap elementor-element-populated\">\n\t\t\t\t\t\t<div class=\"elementor-element elementor-element-370f840 elementor-widget elementor-widget-heading\" data-id=\"370f840\" data-element_type=\"widget\" data-widget_type=\"heading.default\">\n\t\t\t\t<div class=\"elementor-widget-container\">\n\t\t\t\t\t<h5 class=\"elementor-heading-title elementor-size-large\">Haga clic en cada pesta\u00f1a<\/h5>\t\t\t\t<\/div>\n\t\t\t\t<\/div>\n\t\t\t\t<section class=\"has_eae_slider elementor-section elementor-inner-section elementor-element elementor-element-46139ac elementor-section-full_width elementor-section-height-default elementor-section-height-default\" data-eae-slider=\"49889\" data-id=\"46139ac\" data-element_type=\"section\">\n\t\t\t\t\t\t<div class=\"elementor-container elementor-column-gap-default\">\n\t\t\t\t\t<div class=\"has_eae_slider elementor-column elementor-col-50 elementor-inner-column elementor-element elementor-element-0e10e27\" data-eae-slider=\"19041\" data-id=\"0e10e27\" data-element_type=\"column\">\n\t\t\t<div class=\"elementor-widget-wrap elementor-element-populated\">\n\t\t\t\t\t\t<div class=\"elementor-element elementor-element-a753ff8 elementor-mobile-align-center elementor-widget elementor-widget-button\" data-id=\"a753ff8\" data-element_type=\"widget\" data-widget_type=\"button.default\">\n\t\t\t\t<div class=\"elementor-widget-container\">\n\t\t\t\t\t\t\t\t\t<div class=\"elementor-button-wrapper\">\n\t\t\t\t\t<a class=\"elementor-button elementor-button-link elementor-size-sm\" href=\"http:\/\/18u.d6f.myftpupload.com\/resumen-del-caso\/\">\n\t\t\t\t\t\t<span class=\"elementor-button-content-wrapper\">\n\t\t\t\t\t\t\t\t\t<span class=\"elementor-button-text\">Resumen del caso<\/span>\n\t\t\t\t\t<\/span>\n\t\t\t\t\t<\/a>\n\t\t\t\t<\/div>\n\t\t\t\t\t\t\t\t<\/div>\n\t\t\t\t<\/div>\n\t\t\t\t\t<\/div>\n\t\t<\/div>\n\t\t\t\t<div class=\"has_eae_slider elementor-column elementor-col-50 elementor-inner-column elementor-element elementor-element-0786120\" data-eae-slider=\"85171\" data-id=\"0786120\" data-element_type=\"column\">\n\t\t\t<div class=\"elementor-widget-wrap elementor-element-populated\">\n\t\t\t\t\t\t<div class=\"elementor-element elementor-element-98e101b elementor-mobile-align-center elementor-tablet-align-center elementor-widget elementor-widget-button\" data-id=\"98e101b\" data-element_type=\"widget\" data-widget_type=\"button.default\">\n\t\t\t\t<div class=\"elementor-widget-container\">\n\t\t\t\t\t\t\t\t\t<div class=\"elementor-button-wrapper\">\n\t\t\t\t\t<a class=\"elementor-button elementor-button-link elementor-size-sm\" href=\"http:\/\/18u.d6f.myftpupload.com\/falsas-acusaciones\/\" target=\"_blank\">\n\t\t\t\t\t\t<span class=\"elementor-button-content-wrapper\">\n\t\t\t\t\t\t\t\t\t<span class=\"elementor-button-text\">Falsas acusaciones<\/span>\n\t\t\t\t\t<\/span>\n\t\t\t\t\t<\/a>\n\t\t\t\t<\/div>\n\t\t\t\t\t\t\t\t<\/div>\n\t\t\t\t<\/div>\n\t\t\t\t\t<\/div>\n\t\t<\/div>\n\t\t\t\t\t<\/div>\n\t\t<\/section>\n\t\t\t\t<section class=\"has_eae_slider elementor-section elementor-inner-section elementor-element elementor-element-5908925 elementor-section-boxed elementor-section-height-default elementor-section-height-default\" data-eae-slider=\"6530\" data-id=\"5908925\" data-element_type=\"section\">\n\t\t\t\t\t\t<div class=\"elementor-container elementor-column-gap-wide\">\n\t\t\t\t\t<div class=\"has_eae_slider elementor-column elementor-col-50 elementor-inner-column elementor-element elementor-element-8237dcc\" data-eae-slider=\"45581\" data-id=\"8237dcc\" data-element_type=\"column\">\n\t\t\t<div class=\"elementor-widget-wrap elementor-element-populated\">\n\t\t\t\t\t\t<div class=\"elementor-element elementor-element-71141a0 elementor-mobile-align-center elementor-widget elementor-widget-button\" data-id=\"71141a0\" data-element_type=\"widget\" data-widget_type=\"button.default\">\n\t\t\t\t<div class=\"elementor-widget-container\">\n\t\t\t\t\t\t\t\t\t<div class=\"elementor-button-wrapper\">\n\t\t\t\t\t<a class=\"elementor-button elementor-button-link elementor-size-sm\" href=\"http:\/\/18u.d6f.myftpupload.com\/terapias-de-regresion\/\">\n\t\t\t\t\t\t<span class=\"elementor-button-content-wrapper\">\n\t\t\t\t\t\t\t\t\t<span class=\"elementor-button-text\">Terapias de regresi\u00f3n<\/span>\n\t\t\t\t\t<\/span>\n\t\t\t\t\t<\/a>\n\t\t\t\t<\/div>\n\t\t\t\t\t\t\t\t<\/div>\n\t\t\t\t<\/div>\n\t\t\t\t\t<\/div>\n\t\t<\/div>\n\t\t\t\t<div class=\"has_eae_slider elementor-column elementor-col-50 elementor-inner-column elementor-element elementor-element-54b9df3\" data-eae-slider=\"37876\" data-id=\"54b9df3\" data-element_type=\"column\">\n\t\t\t<div class=\"elementor-widget-wrap elementor-element-populated\">\n\t\t\t\t\t\t<div class=\"elementor-element elementor-element-8479607 elementor-mobile-align-center elementor-widget elementor-widget-button\" data-id=\"8479607\" data-element_type=\"widget\" data-widget_type=\"button.default\">\n\t\t\t\t<div class=\"elementor-widget-container\">\n\t\t\t\t\t\t\t\t\t<div class=\"elementor-button-wrapper\">\n\t\t\t\t\t<a class=\"elementor-button elementor-button-link elementor-size-sm\" href=\"http:\/\/18u.d6f.myftpupload.com\/bibliografia\/\">\n\t\t\t\t\t\t<span class=\"elementor-button-content-wrapper\">\n\t\t\t\t\t\t\t\t\t<span class=\"elementor-button-text\">Documentaci\u00f3n del caso <\/span>\n\t\t\t\t\t<\/span>\n\t\t\t\t\t<\/a>\n\t\t\t\t<\/div>\n\t\t\t\t\t\t\t\t<\/div>\n\t\t\t\t<\/div>\n\t\t\t\t\t<\/div>\n\t\t<\/div>\n\t\t\t\t\t<\/div>\n\t\t<\/section>\n\t\t\t\t\t<\/div>\n\t\t<\/div>\n\t\t\t\t\t<\/div>\n\t\t<\/section>\n\t\t\t\t<\/div>\n\t\t","protected":false},"excerpt":{"rendered":"<p>Roberto M\u00e1rquez: Inocente Luego de las falsas acusaciones a Roberto M\u00e1rquez Zalamea, lanzadas en las redes sociales por la se\u00f1ora Viviana Vargas Vives y retomadas de forma irresponsable por algunos medios de comunicaci\u00f3n en julio de 2020, la Fiscal\u00eda General de la Naci\u00f3n emprendi\u00f3 una investigaci\u00f3n de oficio sobre el caso. Esta investigaci\u00f3n culmin\u00f3 con [&hellip;]<\/p>\n","protected":false},"author":3,"featured_media":0,"parent":0,"menu_order":0,"comment_status":"closed","ping_status":"closed","template":"","meta":{"footnotes":""},"class_list":["post-1355","page","type-page","status-publish","hentry"],"yoast_head":"<!-- This site is optimized with the Yoast SEO plugin v24.5 - https:\/\/yoast.com\/wordpress\/plugins\/seo\/ -->\n<title>Roberto M\u00e1rquez Zalamea<\/title>\n<meta name=\"description\" content=\"Roberto M\u00e1rquez Zalamea de Barranquilla presenta pruebas contundentes de que fue falsamente acusado de abuso por Viviana Vargas Vives.\" \/>\n<meta name=\"robots\" content=\"index, follow, max-snippet:-1, max-image-preview:large, max-video-preview:-1\" \/>\n<link rel=\"canonical\" href=\"https:\/\/robertomarquez.org\/\" \/>\n<meta property=\"og:locale\" content=\"es_ES\" \/>\n<meta property=\"og:type\" content=\"article\" \/>\n<meta property=\"og:title\" content=\"Roberto M\u00e1rquez Zalamea\" \/>\n<meta property=\"og:description\" content=\"Roberto M\u00e1rquez Zalamea de Barranquilla presenta pruebas contundentes de que fue falsamente acusado de abuso por Viviana Vargas Vives.\" \/>\n<meta property=\"og:url\" content=\"https:\/\/robertomarquez.org\/\" \/>\n<meta property=\"og:site_name\" content=\"Roberto M\u00e1rquez\" \/>\n<meta property=\"article:modified_time\" content=\"2025-12-29T23:08:28+00:00\" \/>\n<meta property=\"og:image\" content=\"https:\/\/robertomarquez.org\/wp-content\/uploads\/2021\/12\/home.jpeg\" \/>\n\t<meta property=\"og:image:width\" content=\"749\" \/>\n\t<meta property=\"og:image:height\" content=\"530\" \/>\n\t<meta property=\"og:image:type\" content=\"image\/jpeg\" \/>\n<meta name=\"twitter:card\" content=\"summary_large_image\" \/>\n<meta name=\"twitter:label1\" content=\"Tiempo de lectura\" \/>\n\t<meta name=\"twitter:data1\" content=\"9 minutos\" \/>\n<script type=\"application\/ld+json\" class=\"yoast-schema-graph\">{\"@context\":\"https:\/\/schema.org\",\"@graph\":[{\"@type\":\"WebPage\",\"@id\":\"https:\/\/robertomarquez.org\/\",\"url\":\"https:\/\/robertomarquez.org\/\",\"name\":\"Roberto M\u00e1rquez Zalamea\",\"isPartOf\":{\"@id\":\"https:\/\/robertomarquez.org\/#website\"},\"primaryImageOfPage\":{\"@id\":\"https:\/\/robertomarquez.org\/#primaryimage\"},\"image\":{\"@id\":\"https:\/\/robertomarquez.org\/#primaryimage\"},\"thumbnailUrl\":\"https:\/\/robertomarquez.org\/wp-content\/uploads\/2021\/12\/home.jpeg\",\"datePublished\":\"2025-11-13T20:07:18+00:00\",\"dateModified\":\"2025-12-29T23:08:28+00:00\",\"description\":\"Roberto M\u00e1rquez Zalamea de Barranquilla presenta pruebas contundentes de que fue falsamente acusado de abuso por Viviana Vargas Vives.\",\"breadcrumb\":{\"@id\":\"https:\/\/robertomarquez.org\/#breadcrumb\"},\"inLanguage\":\"es-CO\",\"potentialAction\":[{\"@type\":\"ReadAction\",\"target\":[\"https:\/\/robertomarquez.org\/\"]}]},{\"@type\":\"ImageObject\",\"inLanguage\":\"es-CO\",\"@id\":\"https:\/\/robertomarquez.org\/#primaryimage\",\"url\":\"https:\/\/robertomarquez.org\/wp-content\/uploads\/2021\/12\/home.jpeg\",\"contentUrl\":\"https:\/\/robertomarquez.org\/wp-content\/uploads\/2021\/12\/home.jpeg\",\"width\":749,\"height\":530,\"caption\":\"Foto sentencia a favor de Roberto Marquez falsamente acusado por Viviana Vargas Vives\"},{\"@type\":\"BreadcrumbList\",\"@id\":\"https:\/\/robertomarquez.org\/#breadcrumb\",\"itemListElement\":[{\"@type\":\"ListItem\",\"position\":1,\"name\":\"Inicio\",\"item\":\"https:\/\/robertomarquez.org\/\"},{\"@type\":\"ListItem\",\"position\":2,\"name\":\"Roberto M\u00e1rquez Zalamea\"}]},{\"@type\":\"WebSite\",\"@id\":\"https:\/\/robertomarquez.org\/#website\",\"url\":\"https:\/\/robertomarquez.org\/\",\"name\":\"Roberto M\u00e1rquez\",\"description\":\"P\u00e1gina de investigaci\u00f3n\",\"potentialAction\":[{\"@type\":\"SearchAction\",\"target\":{\"@type\":\"EntryPoint\",\"urlTemplate\":\"https:\/\/robertomarquez.org\/?s={search_term_string}\"},\"query-input\":{\"@type\":\"PropertyValueSpecification\",\"valueRequired\":true,\"valueName\":\"search_term_string\"}}],\"inLanguage\":\"es-CO\"}]}<\/script>\n<!-- \/ Yoast SEO plugin. -->","yoast_head_json":{"title":"Roberto M\u00e1rquez Zalamea","description":"Roberto M\u00e1rquez Zalamea de Barranquilla presenta pruebas contundentes de que fue falsamente acusado de abuso por Viviana Vargas Vives.","robots":{"index":"index","follow":"follow","max-snippet":"max-snippet:-1","max-image-preview":"max-image-preview:large","max-video-preview":"max-video-preview:-1"},"canonical":"https:\/\/robertomarquez.org\/","og_locale":"es_ES","og_type":"article","og_title":"Roberto M\u00e1rquez Zalamea","og_description":"Roberto M\u00e1rquez Zalamea de Barranquilla presenta pruebas contundentes de que fue falsamente acusado de abuso por Viviana Vargas Vives.","og_url":"https:\/\/robertomarquez.org\/","og_site_name":"Roberto M\u00e1rquez","article_modified_time":"2025-12-29T23:08:28+00:00","og_image":[{"width":749,"height":530,"url":"https:\/\/robertomarquez.org\/wp-content\/uploads\/2021\/12\/home.jpeg","type":"image\/jpeg"}],"twitter_card":"summary_large_image","twitter_misc":{"Tiempo de lectura":"9 minutos"},"schema":{"@context":"https:\/\/schema.org","@graph":[{"@type":"WebPage","@id":"https:\/\/robertomarquez.org\/","url":"https:\/\/robertomarquez.org\/","name":"Roberto M\u00e1rquez Zalamea","isPartOf":{"@id":"https:\/\/robertomarquez.org\/#website"},"primaryImageOfPage":{"@id":"https:\/\/robertomarquez.org\/#primaryimage"},"image":{"@id":"https:\/\/robertomarquez.org\/#primaryimage"},"thumbnailUrl":"https:\/\/robertomarquez.org\/wp-content\/uploads\/2021\/12\/home.jpeg","datePublished":"2025-11-13T20:07:18+00:00","dateModified":"2025-12-29T23:08:28+00:00","description":"Roberto M\u00e1rquez Zalamea de Barranquilla presenta pruebas contundentes de que fue falsamente acusado de abuso por Viviana Vargas Vives.","breadcrumb":{"@id":"https:\/\/robertomarquez.org\/#breadcrumb"},"inLanguage":"es-CO","potentialAction":[{"@type":"ReadAction","target":["https:\/\/robertomarquez.org\/"]}]},{"@type":"ImageObject","inLanguage":"es-CO","@id":"https:\/\/robertomarquez.org\/#primaryimage","url":"https:\/\/robertomarquez.org\/wp-content\/uploads\/2021\/12\/home.jpeg","contentUrl":"https:\/\/robertomarquez.org\/wp-content\/uploads\/2021\/12\/home.jpeg","width":749,"height":530,"caption":"Foto sentencia a favor de Roberto Marquez falsamente acusado por Viviana Vargas Vives"},{"@type":"BreadcrumbList","@id":"https:\/\/robertomarquez.org\/#breadcrumb","itemListElement":[{"@type":"ListItem","position":1,"name":"Inicio","item":"https:\/\/robertomarquez.org\/"},{"@type":"ListItem","position":2,"name":"Roberto M\u00e1rquez Zalamea"}]},{"@type":"WebSite","@id":"https:\/\/robertomarquez.org\/#website","url":"https:\/\/robertomarquez.org\/","name":"Roberto M\u00e1rquez","description":"P\u00e1gina de investigaci\u00f3n","potentialAction":[{"@type":"SearchAction","target":{"@type":"EntryPoint","urlTemplate":"https:\/\/robertomarquez.org\/?s={search_term_string}"},"query-input":{"@type":"PropertyValueSpecification","valueRequired":true,"valueName":"search_term_string"}}],"inLanguage":"es-CO"}]}},"_links":{"self":[{"href":"https:\/\/robertomarquez.org\/index.php?rest_route=\/wp\/v2\/pages\/1355","targetHints":{"allow":["GET"]}}],"collection":[{"href":"https:\/\/robertomarquez.org\/index.php?rest_route=\/wp\/v2\/pages"}],"about":[{"href":"https:\/\/robertomarquez.org\/index.php?rest_route=\/wp\/v2\/types\/page"}],"author":[{"embeddable":true,"href":"https:\/\/robertomarquez.org\/index.php?rest_route=\/wp\/v2\/users\/3"}],"replies":[{"embeddable":true,"href":"https:\/\/robertomarquez.org\/index.php?rest_route=%2Fwp%2Fv2%2Fcomments&post=1355"}],"version-history":[{"count":808,"href":"https:\/\/robertomarquez.org\/index.php?rest_route=\/wp\/v2\/pages\/1355\/revisions"}],"predecessor-version":[{"id":5137,"href":"https:\/\/robertomarquez.org\/index.php?rest_route=\/wp\/v2\/pages\/1355\/revisions\/5137"}],"wp:attachment":[{"href":"https:\/\/robertomarquez.org\/index.php?rest_route=%2Fwp%2Fv2%2Fmedia&parent=1355"}],"curies":[{"name":"wp","href":"https:\/\/api.w.org\/{rel}","templated":true}]}}