

{"id":2139,"date":"2025-11-13T15:05:05","date_gmt":"2025-11-13T20:05:05","guid":{"rendered":"https:\/\/robertomarquez.org\/?page_id=2139"},"modified":"2025-11-13T15:09:48","modified_gmt":"2025-11-13T20:09:48","slug":"falsas-acusaciones-roberto-marquez","status":"publish","type":"page","link":"https:\/\/robertomarquez.org\/?page_id=2139","title":{"rendered":"Falsas acusaciones"},"content":{"rendered":"\t\t<div data-elementor-type=\"wp-page\" data-elementor-id=\"2139\" class=\"elementor elementor-2139\" data-elementor-post-type=\"page\">\n\t\t\t\t\t\t<section class=\"has_eae_slider elementor-section elementor-top-section elementor-element elementor-element-2eda02f9 elementor-section-full_width elementor-section-height-min-height elementor-section-items-stretch elementor-section-content-middle elementor-section-height-default\" data-eae-slider=\"81522\" data-id=\"2eda02f9\" data-element_type=\"section\" data-settings=\"{&quot;motion_fx_motion_fx_scrolling&quot;:&quot;yes&quot;,&quot;motion_fx_devices&quot;:[&quot;desktop&quot;,&quot;tablet&quot;,&quot;mobile&quot;]}\">\n\t\t\t\t\t\t<div class=\"elementor-container elementor-column-gap-no\">\n\t\t\t\t\t<div class=\"has_eae_slider elementor-column elementor-col-50 elementor-top-column elementor-element elementor-element-78fb8e83\" data-eae-slider=\"12734\" data-id=\"78fb8e83\" data-element_type=\"column\" data-settings=\"{&quot;background_background&quot;:&quot;classic&quot;}\">\n\t\t\t<div class=\"elementor-widget-wrap\">\n\t\t\t\t\t<div class=\"elementor-background-overlay\"><\/div>\n\t\t\t\t\t\t\t<\/div>\n\t\t<\/div>\n\t\t\t\t<div class=\"has_eae_slider elementor-column elementor-col-50 elementor-top-column elementor-element elementor-element-485b786b\" data-eae-slider=\"44703\" data-id=\"485b786b\" data-element_type=\"column\">\n\t\t\t<div class=\"elementor-widget-wrap elementor-element-populated\">\n\t\t\t\t\t\t<section class=\"has_eae_slider elementor-section elementor-inner-section elementor-element elementor-element-6e6c8a7a elementor-section-full_width elementor-section-height-default elementor-section-height-default\" data-eae-slider=\"78488\" data-id=\"6e6c8a7a\" data-element_type=\"section\">\n\t\t\t\t\t\t<div class=\"elementor-container elementor-column-gap-no\">\n\t\t\t\t\t<div class=\"has_eae_slider elementor-column elementor-col-100 elementor-inner-column elementor-element elementor-element-b46b84e\" data-eae-slider=\"23472\" data-id=\"b46b84e\" data-element_type=\"column\" data-settings=\"{&quot;background_background&quot;:&quot;classic&quot;}\">\n\t\t\t<div class=\"elementor-widget-wrap elementor-element-populated\">\n\t\t\t\t\t\t<div class=\"elementor-element elementor-element-2f2fc824 elementor-widget elementor-widget-heading\" data-id=\"2f2fc824\" data-element_type=\"widget\" data-settings=\"{&quot;_animation&quot;:&quot;none&quot;}\" data-widget_type=\"heading.default\">\n\t\t\t\t<div class=\"elementor-widget-container\">\n\t\t\t\t\t<h1 class=\"elementor-heading-title elementor-size-default\">Falsas acusaciones a Roberto M\u00e1rquez<\/h1>\t\t\t\t<\/div>\n\t\t\t\t<\/div>\n\t\t\t\t\t<\/div>\n\t\t<\/div>\n\t\t\t\t\t<\/div>\n\t\t<\/section>\n\t\t\t\t<div class=\"elementor-element elementor-element-467bf2ba elementor-widget elementor-widget-heading\" data-id=\"467bf2ba\" data-element_type=\"widget\" data-settings=\"{&quot;_animation&quot;:&quot;none&quot;}\" data-widget_type=\"heading.default\">\n\t\t\t\t<div class=\"elementor-widget-container\">\n\t\t\t\t\t<h2 class=\"elementor-heading-title elementor-size-xxl\"><br>INCONSISTENCIAS, CONTRADICCIONES, ARGUMENTOS IL\u00d3GICOS Y ASPIRACIONES POL\u00cdTICAS DE LA SE\u00d1ORA VIVIANA VARGAS VIVES<\/h2>\t\t\t\t<\/div>\n\t\t\t\t<\/div>\n\t\t\t\t\t<\/div>\n\t\t<\/div>\n\t\t\t\t\t<\/div>\n\t\t<\/section>\n\t\t\t\t<section class=\"has_eae_slider elementor-section elementor-top-section elementor-element elementor-element-12d2b04a elementor-section-boxed elementor-section-height-default elementor-section-height-default\" data-eae-slider=\"20313\" data-id=\"12d2b04a\" data-element_type=\"section\" id=\"acu_contr\">\n\t\t\t\t\t\t<div class=\"elementor-container elementor-column-gap-wider\">\n\t\t\t\t\t<div class=\"has_eae_slider elementor-column elementor-col-100 elementor-top-column elementor-element elementor-element-5409bb8a\" data-eae-slider=\"6284\" data-id=\"5409bb8a\" data-element_type=\"column\">\n\t\t\t<div class=\"elementor-widget-wrap elementor-element-populated\">\n\t\t\t\t\t\t<div class=\"elementor-element elementor-element-5488eaec elementor-drop-cap-yes elementor-drop-cap-view-default elementor-widget elementor-widget-text-editor\" data-id=\"5488eaec\" data-element_type=\"widget\" data-settings=\"{&quot;drop_cap&quot;:&quot;yes&quot;}\" data-widget_type=\"text-editor.default\">\n\t\t\t\t<div class=\"elementor-widget-container\">\n\t\t\t\t\t\t\t\t\t<p>El discurso de la se\u00f1ora Viviana Vargas Vives que usa para se\u00f1alar a Roberto M\u00e1rquez de supuestamente haberla violado 30 a\u00f1os atr\u00e1s est\u00e1 plagado de infamias y contradicciones. Esas que pasan sin filtro en la redes sociales y en los medios de comunicaci\u00f3n por falta de investigaci\u00f3n o rigurosidad period\u00edstica, esas que sobreviene en la inmediatez del rating, porque al final la verdad es lo de menos, lo que se diga poco importa, lo importante es el debate, el amarillismo que suscite la reacci\u00f3n de la audiencia. Lo importante es la controversia que llame la atenci\u00f3n. La verdad es lo de menos.<\/p>\t\t\t\t\t\t\t\t<\/div>\n\t\t\t\t<\/div>\n\t\t\t\t<div class=\"elementor-element elementor-element-3cecf0d elementor-widget elementor-widget-text-editor\" data-id=\"3cecf0d\" data-element_type=\"widget\" data-widget_type=\"text-editor.default\">\n\t\t\t\t<div class=\"elementor-widget-container\">\n\t\t\t\t\t\t\t\t\t<p>Pues no. No es lo de menos. M\u00e1s a\u00fan cuando el discurso pisotea los derechos fundamentales de otro ser humano. Uno que es padre de familia, esposo, hijo, empresario. Ah\u00ed hay que detenerse, analizar, poner el freno. Eso es imposible para algunos medios. En \u00e9sta p\u00e1gina ponemos en evidencia las aberrantes contradicciones e inconsistencias del discurso de la se\u00f1ora Viviana Vargas Vives.<\/p>\t\t\t\t\t\t\t\t<\/div>\n\t\t\t\t<\/div>\n\t\t\t\t<div class=\"elementor-element elementor-element-ea01525 elementor-widget elementor-widget-text-editor\" data-id=\"ea01525\" data-element_type=\"widget\" data-widget_type=\"text-editor.default\">\n\t\t\t\t<div class=\"elementor-widget-container\">\n\t\t\t\t\t\t\t\t\t<p>Tal como Roberto M\u00e1rquez lo declar\u00f3 en su reciente&nbsp;<a href=\"http:\/\/18u.d6f.myftpupload.com\/wp-content\/uploads\/2021\/12\/01-Comunicado-Roberto-Marquez.pdf\" target=\"_blank\" rel=\"noopener\">comunicado<\/a>, decidi\u00f3 permanecer en silencio todo este tiempo ya que deb\u00eda primero aclarar su situaci\u00f3n ante la justicia. Hoy cuando su inocencia ha sido ratificada con una sentencia ejecutoriada a su favor, Roberto M\u00e1rquez decide responder a las falsas acusaciones a trav\u00e9s de esta p\u00e1gina. Es importante destacar que la evidencia de la inocencia de Roberto M\u00e1rquez es el resultado de un trabajo de investigaci\u00f3n complejo realizado por un equipo de trabajo conformado por un&nbsp;abogado, el Dr. Donaldo del Villar, un psiquiatra el Dr. Pedro G\u00f3mez, y un psic\u00f3logo forense, el Dr. Roberto Sicard. Esta p\u00e1gina presenta todos los <a href=\"http:\/\/18u.d6f.myftpupload.com\/bibliografia\/\">documentos<\/a> relacionados con el caso, incluyendo las evaluaciones psicol\u00f3gicas de Roberto M\u00e1rquez y el <a href=\"https:\/\/secureservercdn.net\/166.62.112.219\/nb6.c36.myftpupload.com\/wp-content\/uploads\/2021\/12\/21-METANALISIS-FINAL-DICIEMBRE-2020.pdf\">estudio de metan\u00e1lisis<\/a> del caso realizado por el perito forense, Dr. Roberto Sicard.<\/p>\n<p>A continuaci\u00f3n se presentan algunas de las inconsistencias, contradicciones y argumentos il\u00f3gicos en las declaraciones de la se\u00f1ora Viviana Vargas Vives. Tambi\u00e9n est\u00e1 el relato&nbsp; inveros\u00edmil que ella di\u00f3 el 7 de octubre del 2020 acerca de la supuesta violaci\u00f3n ocurrida 30 a\u00f1os atr\u00e1s, el cual est\u00e1 basado en recuerdos que dice ella haber recuperado a trav\u00e9s de cuestionadas <a href=\"http:\/\/18u.d6f.myftpupload.com\/terapias-de-regresion\/\">terapias de regresi\u00f3n<\/a>. Asimismo encontrar\u00e1n evidencia adicional de la poca credibilidad tanto de las acusaciones de Viviana Vargas Vives como de las razones por las que supuestamente guard\u00f3 silencio durante tres d\u00e9cadas. Como soporte se muestran&nbsp; videos con apartes de las entrevistas en las que la se\u00f1ora Viviana Vargas Vives hace las declaraciones en cuesti\u00f3n. .<\/p>\n<p><\/p>\t\t\t\t\t\t\t\t<\/div>\n\t\t\t\t<\/div>\n\t\t\t\t\t<\/div>\n\t\t<\/div>\n\t\t\t\t\t<\/div>\n\t\t<\/section>\n\t\t\t\t<section class=\"has_eae_slider elementor-section elementor-top-section elementor-element elementor-element-35eb75c4 elementor-section-full_width elementor-section-height-default elementor-section-height-default\" data-eae-slider=\"93989\" data-id=\"35eb75c4\" data-element_type=\"section\">\n\t\t\t\t\t\t<div class=\"elementor-container elementor-column-gap-custom\">\n\t\t\t\t\t<div class=\"has_eae_slider elementor-column elementor-col-100 elementor-top-column elementor-element elementor-element-4b12bd53\" data-eae-slider=\"71020\" data-id=\"4b12bd53\" data-element_type=\"column\">\n\t\t\t<div class=\"elementor-widget-wrap elementor-element-populated\">\n\t\t\t\t\t\t<div class=\"elementor-element elementor-element-51ccb209 elementor-widget elementor-widget-heading\" data-id=\"51ccb209\" data-element_type=\"widget\" data-settings=\"{&quot;_animation&quot;:&quot;none&quot;}\" data-widget_type=\"heading.default\">\n\t\t\t\t<div class=\"elementor-widget-container\">\n\t\t\t\t\t<h2 class=\"elementor-heading-title elementor-size-default\">Inconsistencias <\/h2>\t\t\t\t<\/div>\n\t\t\t\t<\/div>\n\t\t\t\t<section class=\"has_eae_slider elementor-section elementor-inner-section elementor-element elementor-element-7a1e6131 elementor-section-full_width elementor-section-height-default elementor-section-height-default\" data-eae-slider=\"31848\" data-id=\"7a1e6131\" data-element_type=\"section\" data-settings=\"{&quot;animation&quot;:&quot;none&quot;}\">\n\t\t\t\t\t\t<div class=\"elementor-container elementor-column-gap-wider\">\n\t\t\t\t\t<div class=\"has_eae_slider elementor-column elementor-col-50 elementor-inner-column elementor-element elementor-element-4c980150\" data-eae-slider=\"34669\" data-id=\"4c980150\" data-element_type=\"column\">\n\t\t\t<div class=\"elementor-widget-wrap elementor-element-populated\">\n\t\t\t\t\t\t<div class=\"elementor-element elementor-element-3cad8f1 elementor-drop-cap-yes elementor-drop-cap-view-default elementor-widget elementor-widget-text-editor\" data-id=\"3cad8f1\" data-element_type=\"widget\" data-settings=\"{&quot;drop_cap&quot;:&quot;yes&quot;}\" data-widget_type=\"text-editor.default\">\n\t\t\t\t<div class=\"elementor-widget-container\">\n\t\t\t\t\t\t\t\t\t<p>Las inconsistencias de fechas y circunstancias de los supuestos abusos en el discurso de la se\u00f1ora Viviana Vargas Vives son flagrantes. En 1984, Roberto M\u00e1rquez, residente en Barranquilla, se ennovi\u00f3 con Victoria Vargas Vives, hermana mayor de la supuesta v\u00edctima. En esa \u00e9poca Roberto M\u00e1rquez ten\u00eda 17 a\u00f1os, Victoria Vargas Vives ten\u00eda 14 a\u00f1os y la se\u00f1ora Viviana Vargas Vives acababa de nacer. Seg\u00fan la se\u00f1ora Viviana Vargas Vives, Roberto M\u00e1rquez supuestamente la viol\u00f3 cuando ella ten\u00eda 6 a\u00f1os y continu\u00f3 abusando de ella y amenaz\u00e1ndola por muchos a\u00f1os m\u00e1s.<\/p><p>Sin embargo, las visitas de Roberto M\u00e1rquez al apartamento de la familia Vargas en Barranquilla cesaron cuando Victoria Vargas Vives, se fue a estudiar a Bogot\u00e1 en agosto de 1988. En ese momento, la se\u00f1ora Viviana Vargas Vives ten\u00eda solo 4 a\u00f1os. De hecho, como lo prueba el video en esta secci\u00f3n, en la entrevista con Blu Radio del 10 de julio del 2020, la se\u00f1ora Viviana Vargas Vives dijo &#8220;Mi hermana termin\u00f3 su relaci\u00f3n cuando se vino a Bogot\u00e1 a estudiar en la universidad y esa persona no volvi\u00f3 a entrar a mi casa desde ese momento&#8221;.\u00a0 <\/p>\t\t\t\t\t\t\t\t<\/div>\n\t\t\t\t<\/div>\n\t\t\t\t<div class=\"elementor-element elementor-element-aa794a9 elementor-widget elementor-widget-text-editor\" data-id=\"aa794a9\" data-element_type=\"widget\" data-widget_type=\"text-editor.default\">\n\t\t\t\t<div class=\"elementor-widget-container\">\n\t\t\t\t\t\t\t\t\t<p>\u00bfEntonces c\u00f3mo es posible que Roberto M\u00e1rquez abusara de la menor dos a\u00f1os despu\u00e9s de que la relaci\u00f3n con su hermana hubiera terminado? Y, \u00bfc\u00f3mo segu\u00eda yendo a la casa de los Vargas en Barranquilla a amenazar a la menor quien viv\u00eda con sus padres, hermanas y empleadas de servicio y esto mientras que la ex-novia\u00a0 viv\u00eda en Bogot\u00e1? Adem\u00e1s en el mismo edificio viv\u00edan otros familiares de la se\u00f1ora Viviana Vargas Vives incluyendo sus abuelos y tres t\u00edos con sus esposas e hijos, as\u00ed que hab\u00eda siempre mucha gente que entraba y sal\u00eda de ese apartamento. La se\u00f1ora Viviana Vargas Vives tambi\u00e9n dijo que despu\u00e9s de la supuesta primera violaci\u00f3n, nunca m\u00e1s estuvo completamente sola con Roberto M\u00e1rquez. \u00bfPor lo tanto, c\u00f3mo es posible que posteriormente fuera v\u00edctima de otros abusos y hasta de \u201cepisodios de sexo oral&#8221;?\u00a0<\/p>\t\t\t\t\t\t\t\t<\/div>\n\t\t\t\t<\/div>\n\t\t\t\t\t<\/div>\n\t\t<\/div>\n\t\t\t\t<div class=\"has_eae_slider elementor-column elementor-col-50 elementor-inner-column elementor-element elementor-element-68ee7197 elementor-invisible\" data-eae-slider=\"860\" data-id=\"68ee7197\" data-element_type=\"column\" data-settings=\"{&quot;animation&quot;:&quot;fadeIn&quot;}\">\n\t\t\t<div class=\"elementor-widget-wrap elementor-element-populated\">\n\t\t\t\t\t\t<div class=\"elementor-element elementor-element-d3f12d5 elementor-widget elementor-widget-video\" data-id=\"d3f12d5\" data-element_type=\"widget\" data-settings=\"{&quot;youtube_url&quot;:&quot;https:\\\/\\\/youtu.be\\\/VFxORi9FaiM&quot;,&quot;start&quot;:0,&quot;end&quot;:100,&quot;show_image_overlay&quot;:&quot;yes&quot;,&quot;image_overlay&quot;:{&quot;url&quot;:&quot;http:\\\/\\\/18u.d6f.myftpupload.com\\\/wp-content\\\/uploads\\\/2021\\\/12\\\/Inconsistencias.webp&quot;,&quot;id&quot;:2996,&quot;size&quot;:&quot;&quot;,&quot;alt&quot;:&quot;&quot;,&quot;source&quot;:&quot;library&quot;},&quot;video_type&quot;:&quot;youtube&quot;,&quot;controls&quot;:&quot;yes&quot;}\" data-widget_type=\"video.default\">\n\t\t\t\t<div class=\"elementor-widget-container\">\n\t\t\t\t\t\t\t<div class=\"elementor-wrapper elementor-open-inline\">\n\t\t\t<div class=\"elementor-video\"><\/div>\t\t\t\t<div class=\"elementor-custom-embed-image-overlay\" style=\"background-image: url(https:\/\/robertomarquez.org\/wp-content\/uploads\/2021\/12\/Inconsistencias.webp);\">\n\t\t\t\t\t\t\t\t\t\t\t\t\t\t\t\t<div class=\"elementor-custom-embed-play\" role=\"button\" aria-label=\"Reproducir v\u00eddeo\" tabindex=\"0\">\n\t\t\t\t\t\t\t<i aria-hidden=\"true\" class=\"eicon-play\"><\/i>\t\t\t\t\t\t<\/div>\n\t\t\t\t\t\t\t\t\t<\/div>\n\t\t\t\t\t<\/div>\n\t\t\t\t\t\t<\/div>\n\t\t\t\t<\/div>\n\t\t\t\t<div class=\"elementor-element elementor-element-aad251a elementor-widget elementor-widget-text-editor\" data-id=\"aad251a\" data-element_type=\"widget\" data-widget_type=\"text-editor.default\">\n\t\t\t\t<div class=\"elementor-widget-container\">\n\t\t\t\t\t\t\t\t\t<p><strong><em>Este video muestra la evidencia de algunas de las inconsistencias de fechas y de circunstancias en las declaraciones de la se\u00f1ora Viviana Vargas Vives.<br \/><\/em><\/strong><\/p><p>\u00a0<\/p>\t\t\t\t\t\t\t\t<\/div>\n\t\t\t\t<\/div>\n\t\t\t\t\t<\/div>\n\t\t<\/div>\n\t\t\t\t\t<\/div>\n\t\t<\/section>\n\t\t\t\t\t<\/div>\n\t\t<\/div>\n\t\t\t\t\t<\/div>\n\t\t<\/section>\n\t\t\t\t<section class=\"has_eae_slider elementor-section elementor-top-section elementor-element elementor-element-3c8cd6e elementor-section-full_width elementor-section-height-default elementor-section-height-default\" data-eae-slider=\"37082\" data-id=\"3c8cd6e\" data-element_type=\"section\">\n\t\t\t\t\t\t<div class=\"elementor-container elementor-column-gap-custom\">\n\t\t\t\t\t<div class=\"has_eae_slider elementor-column elementor-col-100 elementor-top-column elementor-element elementor-element-374f152\" data-eae-slider=\"68373\" data-id=\"374f152\" data-element_type=\"column\">\n\t\t\t<div class=\"elementor-widget-wrap elementor-element-populated\">\n\t\t\t\t\t\t<div class=\"elementor-element elementor-element-13a3e23 elementor-widget elementor-widget-heading\" data-id=\"13a3e23\" data-element_type=\"widget\" data-settings=\"{&quot;_animation&quot;:&quot;none&quot;}\" data-widget_type=\"heading.default\">\n\t\t\t\t<div class=\"elementor-widget-container\">\n\t\t\t\t\t<h2 class=\"elementor-heading-title elementor-size-default\">Contradicciones<\/h2>\t\t\t\t<\/div>\n\t\t\t\t<\/div>\n\t\t\t\t<section class=\"has_eae_slider elementor-section elementor-inner-section elementor-element elementor-element-7b74d0b elementor-section-full_width elementor-section-height-default elementor-section-height-default\" data-eae-slider=\"19364\" data-id=\"7b74d0b\" data-element_type=\"section\" data-settings=\"{&quot;animation&quot;:&quot;none&quot;}\">\n\t\t\t\t\t\t<div class=\"elementor-container elementor-column-gap-wider\">\n\t\t\t\t\t<div class=\"has_eae_slider elementor-column elementor-col-50 elementor-inner-column elementor-element elementor-element-bd0f66e elementor-invisible\" data-eae-slider=\"55624\" data-id=\"bd0f66e\" data-element_type=\"column\" data-settings=\"{&quot;animation&quot;:&quot;fadeIn&quot;}\">\n\t\t\t<div class=\"elementor-widget-wrap elementor-element-populated\">\n\t\t\t\t\t\t<div class=\"elementor-element elementor-element-763f56e elementor-widget elementor-widget-video\" data-id=\"763f56e\" data-element_type=\"widget\" data-settings=\"{&quot;youtube_url&quot;:&quot;https:\\\/\\\/youtu.be\\\/8U7JMpRTk9w&quot;,&quot;start&quot;:0,&quot;end&quot;:190,&quot;show_image_overlay&quot;:&quot;yes&quot;,&quot;image_overlay&quot;:{&quot;url&quot;:&quot;http:\\\/\\\/18u.d6f.myftpupload.com\\\/wp-content\\\/uploads\\\/2021\\\/12\\\/Contradicciones.webp&quot;,&quot;id&quot;:2995,&quot;size&quot;:&quot;&quot;,&quot;alt&quot;:&quot;&quot;,&quot;source&quot;:&quot;library&quot;},&quot;video_type&quot;:&quot;youtube&quot;,&quot;controls&quot;:&quot;yes&quot;}\" data-widget_type=\"video.default\">\n\t\t\t\t<div class=\"elementor-widget-container\">\n\t\t\t\t\t\t\t<div class=\"elementor-wrapper elementor-open-inline\">\n\t\t\t<div class=\"elementor-video\"><\/div>\t\t\t\t<div class=\"elementor-custom-embed-image-overlay\" style=\"background-image: url(https:\/\/robertomarquez.org\/wp-content\/uploads\/2021\/12\/Contradicciones.webp);\">\n\t\t\t\t\t\t\t\t\t\t\t\t\t\t\t\t<div class=\"elementor-custom-embed-play\" role=\"button\" aria-label=\"Reproducir v\u00eddeo\" tabindex=\"0\">\n\t\t\t\t\t\t\t<i aria-hidden=\"true\" class=\"eicon-play\"><\/i>\t\t\t\t\t\t<\/div>\n\t\t\t\t\t\t\t\t\t<\/div>\n\t\t\t\t\t<\/div>\n\t\t\t\t\t\t<\/div>\n\t\t\t\t<\/div>\n\t\t\t\t<div class=\"elementor-element elementor-element-3ba1c74 elementor-widget elementor-widget-text-editor\" data-id=\"3ba1c74\" data-element_type=\"widget\" data-widget_type=\"text-editor.default\">\n\t\t\t\t<div class=\"elementor-widget-container\">\n\t\t\t\t\t\t\t\t\t<p><strong><em>En este video encontrar\u00e1 la evidencia de algunas de las contradicciones en las declaraciones de la se\u00f1ora Viviana Vargas Vives.<\/em><\/strong><\/p><p>\u00a0<\/p>\t\t\t\t\t\t\t\t<\/div>\n\t\t\t\t<\/div>\n\t\t\t\t\t<\/div>\n\t\t<\/div>\n\t\t\t\t<div class=\"has_eae_slider elementor-column elementor-col-50 elementor-inner-column elementor-element elementor-element-a9ed738\" data-eae-slider=\"68611\" data-id=\"a9ed738\" data-element_type=\"column\">\n\t\t\t<div class=\"elementor-widget-wrap elementor-element-populated\">\n\t\t\t\t\t\t<div class=\"elementor-element elementor-element-e8f5b27 elementor-drop-cap-yes elementor-drop-cap-view-default elementor-widget elementor-widget-text-editor\" data-id=\"e8f5b27\" data-element_type=\"widget\" data-settings=\"{&quot;drop_cap&quot;:&quot;yes&quot;}\" data-widget_type=\"text-editor.default\">\n\t\t\t\t<div class=\"elementor-widget-container\">\n\t\t\t\t\t\t\t\t\t<p>A la pregunta, \u00bfa qui\u00e9n le cont\u00f3 de los abusos por primera vez? la se\u00f1ora Viviana Vargas Vives dio varias respuestas completamente diferentes. Como se ve en el video en esta secci\u00f3n, en la entrevista en Blu Radio del 10 de julio del 2020 dijo que la primera persona que supo fue su mam\u00e1 a quien le cont\u00f3 \u201ccasi a los 13 o 14 a\u00f1os\u201d. Mientras que en la entrevista con Hablando Solas del 7 de octubre del 2020 dijo que fue \u201ca mi primera pareja\u2026en nuestra primera experiencia sexual \u2026y despu\u00e9s a mi mam\u00e1 el d\u00eda que cumpl\u00ed mis 15 a\u00f1os que me pegu\u00e9 mi primera borrachera monumental\u201d. Si lo \u00faltimo fuera cierto, el hecho de que estuviera en un estado de consciencia alterado, de por s\u00ed, deslegitimiza la veracidad de sus declaraciones.<\/p>\t\t\t\t\t\t\t\t<\/div>\n\t\t\t\t<\/div>\n\t\t\t\t<div class=\"elementor-element elementor-element-8731fd9 elementor-widget elementor-widget-text-editor\" data-id=\"8731fd9\" data-element_type=\"widget\" data-widget_type=\"text-editor.default\">\n\t\t\t\t<div class=\"elementor-widget-container\">\n\t\t\t\t\t\t\t\t\t<p>En cuanto a la pregunta acerca de la reacci\u00f3n de su familia cuando se enteraron de la supuesta violaci\u00f3n y tal como se ve en el video, algunas veces dijo que s\u00ed le creyeron y otras veces que le toc\u00f3 perdonarlos porque no le creyeron. Seg\u00fan la versi\u00f3n que la se\u00f1ora Viviana Vargas Vives di\u00f3 el 7 de Octubre del 2020 en el podcast de Hablando Solas, desde el d\u00eda que cumpli\u00f3 15 a\u00f1os, o sea el 15 de mayo de 1999, su mam\u00e1 y hermanas estaban al tanto de los supuestos abusos de los que fue v\u00edctima. A\u00fan m\u00e1s, en ese momento, Victoria Vargas Vives, ex-novia de Roberto, habr\u00eda dicho que \u00e9l tambi\u00e9n abus\u00f3 de ella. Y seg\u00fan la se\u00f1ora Viviana Vargas Vives, ante una situaci\u00f3n tan grave, su mam\u00e1 no s\u00f3lo se qued\u00f3 callada y le aconsej\u00f3 que se olvidara de eso, sino que tambi\u00e9n decidi\u00f3 ocultarle los supuestos hechos tan terribles al padre de sus hijas.<\/p><p>Es cre\u00edble que la esposa de un hombre poderoso como el ex-senador Jaime Vargas Su\u00e1rez haya actuado de esa manera cuando el supuesto violador de su hija, viv\u00eda a\u00fan con sus padres en una casa en en la esquina del edificio donde viv\u00eda la familia Vargas?<\/p><p>Es cre\u00edble que Victoria Vargas Vives, ex-novia de Roberto M\u00e1rquez, quien en ese momento era ya una abogada de 29 a\u00f1os no haya hecho nada al enterarse de que el supuestamente viol\u00f3 a su hermana? Y como es posible que no le hayan cre\u00eddo a Viviana Vargas Vives, si como dijo ella, supuestamente el tambi\u00e9n abus\u00f3 de su ex-novia Victoria Vargas Vives? Ver otras contradicciones en el punto abajo <em>M\u00e1s calumnias atroces de la se\u00f1ora Viviana Varga Vives.<\/em><\/p>\t\t\t\t\t\t\t\t<\/div>\n\t\t\t\t<\/div>\n\t\t\t\t\t<\/div>\n\t\t<\/div>\n\t\t\t\t\t<\/div>\n\t\t<\/section>\n\t\t\t\t\t<\/div>\n\t\t<\/div>\n\t\t\t\t\t<\/div>\n\t\t<\/section>\n\t\t\t\t<section class=\"has_eae_slider elementor-section elementor-top-section elementor-element elementor-element-f4f3a35 elementor-section-full_width elementor-section-height-default elementor-section-height-default\" data-eae-slider=\"87301\" data-id=\"f4f3a35\" data-element_type=\"section\">\n\t\t\t\t\t\t<div class=\"elementor-container elementor-column-gap-default\">\n\t\t\t\t\t<div class=\"has_eae_slider elementor-column elementor-col-100 elementor-top-column elementor-element elementor-element-68f2f20\" data-eae-slider=\"96283\" data-id=\"68f2f20\" data-element_type=\"column\">\n\t\t\t<div class=\"elementor-widget-wrap elementor-element-populated\">\n\t\t\t\t\t\t<div class=\"elementor-element elementor-element-6f9bc5e elementor-widget elementor-widget-heading\" data-id=\"6f9bc5e\" data-element_type=\"widget\" data-settings=\"{&quot;_animation&quot;:&quot;none&quot;}\" data-widget_type=\"heading.default\">\n\t\t\t\t<div class=\"elementor-widget-container\">\n\t\t\t\t\t<h2 class=\"elementor-heading-title elementor-size-default\">Relato inveros\u00edmil de la supuesta violaci\u00f3n <\/h2>\t\t\t\t<\/div>\n\t\t\t\t<\/div>\n\t\t\t\t<section class=\"has_eae_slider elementor-section elementor-inner-section elementor-element elementor-element-c2fbb98 elementor-section-full_width elementor-section-height-default elementor-section-height-default\" data-eae-slider=\"11204\" data-id=\"c2fbb98\" data-element_type=\"section\" data-settings=\"{&quot;animation&quot;:&quot;none&quot;}\">\n\t\t\t\t\t\t<div class=\"elementor-container elementor-column-gap-custom\">\n\t\t\t\t\t<div class=\"has_eae_slider elementor-column elementor-col-50 elementor-inner-column elementor-element elementor-element-60a9f19\" data-eae-slider=\"12018\" data-id=\"60a9f19\" data-element_type=\"column\">\n\t\t\t<div class=\"elementor-widget-wrap elementor-element-populated\">\n\t\t\t\t\t\t<div class=\"elementor-element elementor-element-4636f9c elementor-drop-cap-yes elementor-drop-cap-view-default elementor-widget elementor-widget-text-editor\" data-id=\"4636f9c\" data-element_type=\"widget\" data-settings=\"{&quot;drop_cap&quot;:&quot;yes&quot;}\" data-widget_type=\"text-editor.default\">\n\t\t\t\t<div class=\"elementor-widget-container\">\n\t\t\t\t\t\t\t\t\t<p>No solo la relaci\u00f3n de Roberto M\u00e1rquez con la hermana de la se\u00f1ora Viviana Vargas Vives se acab\u00f3 dos a\u00f1os antes de que ocurrieran los presuntos abusos, sino que los detalles que la se\u00f1ora Viviana Vargas Vives dio en la entrevista de Hablando Solas del 7 de octubre del 2020 acerca de la supuesta violaci\u00f3n de la que habr\u00eda sido v\u00edctima a los 6 a\u00f1os, los que dice recordar a trav\u00e9s de varias <a href=\"http:\/\/18u.d6f.myftpupload.com\/terapias-de-regresion\/\">regresiones psicol\u00f3gicas<\/a>, son completamente inveros\u00edmiles. Seg\u00fan ella recuerda detalles como\u00a0 las palomitas de ma\u00edz que hizo su hermana ese d\u00eda, el alquiler de la pel\u00edcula, el parque, el caballito, el sof\u00e1, la conversaci\u00f3n que tuvo con la hermana justo despu\u00e9s de los presuntos hechos, el tiempo que le tom\u00f3 quedarse dormida y hasta el nombre de la crema que le dio la mam\u00e1 al d\u00eda siguiente. Como est\u00e1 demostrado por expertos en memoria y como lo corroboraron el <a href=\"https:\/\/secureservercdn.net\/166.62.112.219\/nb6.c36.myftpupload.com\/wp-content\/uploads\/2021\/12\/22-CV-2020-SOPORTES-ROBERTO-SICARD.pdf\">psic\u00f3logo forense<\/a> y el <a href=\"https:\/\/secureservercdn.net\/166.62.112.219\/nb6.c36.myftpupload.com\/wp-content\/uploads\/2021\/12\/HOJA-DE-VIDA-PEDRO-GOMEZ-MENDEZ.pdf\">psiquiatra<\/a> que trabajaron en el caso de Roberto M\u00e1rquez, no es posible que los adultos puedan recordar ese tipo de detalles de eventos que supuestamente ocurrieron hace mas de 30 a\u00f1os.<\/p>\t\t\t\t\t\t\t\t<\/div>\n\t\t\t\t<\/div>\n\t\t\t\t<div class=\"elementor-element elementor-element-58cffcf elementor-widget elementor-widget-text-editor\" data-id=\"58cffcf\" data-element_type=\"widget\" data-widget_type=\"text-editor.default\">\n\t\t\t\t<div class=\"elementor-widget-container\">\n\t\t\t\t\t\t\t\t\t<p>Para comenzar, Roberto M\u00e1rquez jam\u00e1s estuvo solo en Santa Marta con su ex-novia y con la supuesta v\u00edctima. Eran otros tiempos. En esa \u00e9poca estaba mal visto en Barranquilla que una pareja tan joven se fuera de paseo a otra ciudad sola. Y es obvio que una ni\u00f1a tan peque\u00f1a no pod\u00eda servir de chaperona.<\/p>\t\t\t\t\t\t\t\t<\/div>\n\t\t\t\t<\/div>\n\t\t\t\t<div class=\"elementor-element elementor-element-a9d6a56 elementor-widget elementor-widget-text-editor\" data-id=\"a9d6a56\" data-element_type=\"widget\" data-widget_type=\"text-editor.default\">\n\t\t\t\t<div class=\"elementor-widget-container\">\n\t\t\t\t\t\t\t\t\t<p>Como se escucha en el podcast de Hablando Solas del 7 de octubre del 2020, la narraci\u00f3n de la supuesta violaci\u00f3n est\u00e1 plagada de hechos inveros\u00edmiles y de argumentos il\u00f3gicos. Seg\u00fan la se\u00f1ora Viviana Vargas Vives, al ser violada a los 6 a\u00f1os, sinti\u00f3 mucho dolor, pero se aguant\u00f3 las l\u00e1grimas. Y adem\u00e1s estaba en tan buen estado f\u00edsico, que su familia ni pens\u00f3 en esa posibilidad. Sin embargo, los expertos en medicina legal coinciden en que los estragos f\u00edsicos causados por una violaci\u00f3n a una edad tan temprana son tan graves que requieren de intervenci\u00f3n m\u00e9dica de urgencia.<\/p>\t\t\t\t\t\t\t\t<\/div>\n\t\t\t\t<\/div>\n\t\t\t\t<div class=\"elementor-element elementor-element-1a90a75 elementor-widget elementor-widget-text-editor\" data-id=\"1a90a75\" data-element_type=\"widget\" data-widget_type=\"text-editor.default\">\n\t\t\t\t<div class=\"elementor-widget-container\">\n\t\t\t\t\t\t\t\t\t<p>\u00bfC\u00f3mo una ni\u00f1a de 6 a\u00f1os despu\u00e9s del sufrimiento f\u00edsico tan grande que ha debido producirle la supuesta violaci\u00f3n, le oculta a la hermana de 21 a\u00f1os lo sucedido y adem\u00e1s se le ocurre decirle que supuestamente est\u00e1 mojada porque se hizo chich\u00ed de la risa?<\/p>\t\t\t\t\t\t\t\t<\/div>\n\t\t\t\t<\/div>\n\t\t\t\t<div class=\"elementor-element elementor-element-8c10fc2 elementor-widget elementor-widget-text-editor\" data-id=\"8c10fc2\" data-element_type=\"widget\" data-widget_type=\"text-editor.default\">\n\t\t\t\t<div class=\"elementor-widget-container\">\n\t\t\t\t\t\t\t\t\t<p>\u00bfY c\u00f3mo es posible que Victoria Vargas Vives de 21 a\u00f1os, que supuestamente se di\u00f3 cuenta de que la hermana de 6 a\u00f1os entr\u00f3 mojada a su cama, le dice que se limpie? \u00bfPero como se limpia uno cuando est\u00e1 mojado? Ha debido m\u00e1s bien decirle que se cambie de ropa y pararse a ayudar a una ni\u00f1a tan peque\u00f1a.<\/p>\t\t\t\t\t\t\t\t<\/div>\n\t\t\t\t<\/div>\n\t\t\t\t<div class=\"elementor-element elementor-element-212c776 elementor-widget elementor-widget-text-editor\" data-id=\"212c776\" data-element_type=\"widget\" data-widget_type=\"text-editor.default\">\n\t\t\t\t<div class=\"elementor-widget-container\">\n\t\t\t\t\t\t\t\t\t<p>\u00bfY c\u00f3mo es posible que la supuesta sangre estuviera solo en el pantie? Si en ese momento la se\u00f1ora Viviana Vargas Vives hubiera sido violada, la pijama y las s\u00e1banas habr\u00edan estado tambi\u00e9n ensangrentadas.\u00a0 \u00bfY con qu\u00e9 se limpi\u00f3 en el ba\u00f1o? Alguna se\u00f1al de sangre ha debido quedar en el suelo o en lo que utiliz\u00f3 para limpiarse.<\/p>\t\t\t\t\t\t\t\t<\/div>\n\t\t\t\t<\/div>\n\t\t\t\t<div class=\"elementor-element elementor-element-f9940a7 elementor-widget elementor-widget-text-editor\" data-id=\"f9940a7\" data-element_type=\"widget\" data-widget_type=\"text-editor.default\">\n\t\t\t\t<div class=\"elementor-widget-container\">\n\t\t\t\t\t\t\t\t\t<p>\u00bfY si fuera cierto que la mam\u00e1 vio al d\u00eda siguiente el pantie ensangrentado, c\u00f3mo es posible que una se\u00f1ora de ese grado de escolaridad haya cre\u00eddo que la causa sea que la menor se maltrat\u00f3 al montar en un caballito en el parque? \u00bfY c\u00f3mo no lleva al pediatra a su hija si la sangre en el pantie no pod\u00eda salir sino de la vagina?<\/p>\t\t\t\t\t\t\t\t<\/div>\n\t\t\t\t<\/div>\n\t\t\t\t\t<\/div>\n\t\t<\/div>\n\t\t\t\t<div class=\"has_eae_slider elementor-column elementor-col-50 elementor-inner-column elementor-element elementor-element-811f957\" data-eae-slider=\"71509\" data-id=\"811f957\" data-element_type=\"column\">\n\t\t\t<div class=\"elementor-widget-wrap elementor-element-populated\">\n\t\t\t\t\t\t<div class=\"elementor-element elementor-element-3b87e29 elementor-widget elementor-widget-video\" data-id=\"3b87e29\" data-element_type=\"widget\" data-settings=\"{&quot;youtube_url&quot;:&quot;https:\\\/\\\/youtu.be\\\/WEavvLNW-A8&quot;,&quot;start&quot;:0,&quot;end&quot;:800,&quot;show_image_overlay&quot;:&quot;yes&quot;,&quot;image_overlay&quot;:{&quot;url&quot;:&quot;http:\\\/\\\/18u.d6f.myftpupload.com\\\/wp-content\\\/uploads\\\/2021\\\/12\\\/Relato-violacio\\u0301n.webp&quot;,&quot;id&quot;:2999,&quot;size&quot;:&quot;&quot;,&quot;alt&quot;:&quot;&quot;,&quot;source&quot;:&quot;library&quot;},&quot;video_type&quot;:&quot;youtube&quot;,&quot;controls&quot;:&quot;yes&quot;}\" data-widget_type=\"video.default\">\n\t\t\t\t<div class=\"elementor-widget-container\">\n\t\t\t\t\t\t\t<div class=\"elementor-wrapper elementor-open-inline\">\n\t\t\t<div class=\"elementor-video\"><\/div>\t\t\t\t<div class=\"elementor-custom-embed-image-overlay\" style=\"background-image: url(https:\/\/robertomarquez.org\/wp-content\/uploads\/2021\/12\/Relato-violacio\u0301n.webp);\">\n\t\t\t\t\t\t\t\t\t\t\t\t\t\t\t\t<div class=\"elementor-custom-embed-play\" role=\"button\" aria-label=\"Reproducir v\u00eddeo\" tabindex=\"0\">\n\t\t\t\t\t\t\t<i aria-hidden=\"true\" class=\"eicon-play\"><\/i>\t\t\t\t\t\t<\/div>\n\t\t\t\t\t\t\t\t\t<\/div>\n\t\t\t\t\t<\/div>\n\t\t\t\t\t\t<\/div>\n\t\t\t\t<\/div>\n\t\t\t\t<div class=\"elementor-element elementor-element-0d65d2d elementor-widget elementor-widget-text-editor\" data-id=\"0d65d2d\" data-element_type=\"widget\" data-widget_type=\"text-editor.default\">\n\t\t\t\t<div class=\"elementor-widget-container\">\n\t\t\t\t\t\t\t\t\t<p><strong><em>Escuchen el relato inveros\u00edmil sobre la supuesta violaci\u00f3n que la se\u00f1ora Viviana Vargas Vives present\u00f3 en el podcast de Hablando Solas del 7 de octubre del 2020.<br \/><\/em><\/strong><\/p>\t\t\t\t\t\t\t\t<\/div>\n\t\t\t\t<\/div>\n\t\t\t\t\t<\/div>\n\t\t<\/div>\n\t\t\t\t\t<\/div>\n\t\t<\/section>\n\t\t\t\t<div class=\"elementor-element elementor-element-ed7af4d elementor-blockquote--skin-quotation elementor-blockquote--align-center elementor-widget elementor-widget-blockquote\" data-id=\"ed7af4d\" data-element_type=\"widget\" data-widget_type=\"blockquote.default\">\n\t\t\t\t<div class=\"elementor-widget-container\">\n\t\t\t\t\t\t\t<blockquote class=\"elementor-blockquote\">\n\t\t\t<p class=\"elementor-blockquote__content\">\n\t\t\t\t\"Se evidencia presencia de inconsistencia recurrente con respecto al tipo de narraci\u00f3n que tuvo la se\u00f1ora Vargas Vives cuando reporta aparentes hechos ocurridos a los 6 a\u00f1os de un aparente abuso sexual mencionado a la familia hasta los 14 a\u00f1os y divulgado en redes p\u00fablicas a sus 36 a\u00f1os.\"\t\t\t<\/p>\n\t\t\t\t\t\t\t<div class=\"e-q-footer\">\n\t\t\t\t\t\t\t\t\t\t\t<cite class=\"elementor-blockquote__author\">Dr. Roberto Sicard Le\u00f3n <\/cite>\n\t\t\t\t\t\t\t\t\t\t\t\t\t\t<\/div>\n\t\t\t\t\t<\/blockquote>\n\t\t\t\t\t\t<\/div>\n\t\t\t\t<\/div>\n\t\t\t\t\t<\/div>\n\t\t<\/div>\n\t\t\t\t\t<\/div>\n\t\t<\/section>\n\t\t\t\t<section class=\"has_eae_slider elementor-section elementor-top-section elementor-element elementor-element-e096a34 elementor-section-full_width elementor-section-height-default elementor-section-height-default\" data-eae-slider=\"98141\" data-id=\"e096a34\" data-element_type=\"section\">\n\t\t\t\t\t\t<div class=\"elementor-container elementor-column-gap-default\">\n\t\t\t\t\t<div class=\"has_eae_slider elementor-column elementor-col-100 elementor-top-column elementor-element elementor-element-677f80c\" data-eae-slider=\"30770\" data-id=\"677f80c\" data-element_type=\"column\">\n\t\t\t<div class=\"elementor-widget-wrap elementor-element-populated\">\n\t\t\t\t\t\t<div class=\"elementor-element elementor-element-69281bd elementor-widget elementor-widget-heading\" data-id=\"69281bd\" data-element_type=\"widget\" data-settings=\"{&quot;_animation&quot;:&quot;none&quot;}\" data-widget_type=\"heading.default\">\n\t\t\t\t<div class=\"elementor-widget-container\">\n\t\t\t\t\t<h2 class=\"elementor-heading-title elementor-size-default\">Aspiraciones pol\u00edticas de Viviana Vargas Vives y silencio por supuesto temor al poder pol\u00edtico de Roberto M\u00e1rquez<\/h2>\t\t\t\t<\/div>\n\t\t\t\t<\/div>\n\t\t\t\t\t<\/div>\n\t\t<\/div>\n\t\t\t\t\t<\/div>\n\t\t<\/section>\n\t\t\t\t<section class=\"has_eae_slider elementor-section elementor-top-section elementor-element elementor-element-f784133 elementor-section-boxed elementor-section-height-default elementor-section-height-default\" data-eae-slider=\"6807\" data-id=\"f784133\" data-element_type=\"section\">\n\t\t\t\t\t\t<div class=\"elementor-container elementor-column-gap-default\">\n\t\t\t\t\t<div class=\"has_eae_slider elementor-column elementor-col-100 elementor-top-column elementor-element elementor-element-7d13c6f\" data-eae-slider=\"19874\" data-id=\"7d13c6f\" data-element_type=\"column\">\n\t\t\t<div class=\"elementor-widget-wrap elementor-element-populated\">\n\t\t\t\t\t\t<div class=\"elementor-element elementor-element-e001e80 elementor-drop-cap-yes elementor-drop-cap-view-default elementor-widget elementor-widget-text-editor\" data-id=\"e001e80\" data-element_type=\"widget\" data-settings=\"{&quot;drop_cap&quot;:&quot;yes&quot;}\" data-widget_type=\"text-editor.default\">\n\t\t\t\t<div class=\"elementor-widget-container\">\n\t\t\t\t\t\t\t\t\t<p>Contrario a lo que la se\u00f1ora Viviana Vargas Vives afirm\u00f3 el 9 de julio del 2020 en la W Radio, Roberto M\u00e1rquez no tuvo, tiene ni tendr\u00e1 poder pol\u00edtico jam\u00e1s. Roberto M\u00e1rquez no ha sido ni candidato a edil de su localidad, mientras que la Sra. Viviana Vargas Vives s\u00ed tiene bastantes familiares en el mundo de la pol\u00edtica y ahora ella misma es candidata al Congreso de la Rep\u00fablica por el partido del Nuevo Liberalismo, present\u00e1ndose como supuesta sobreviviente de violencia sexual.<\/p>\t\t\t\t\t\t\t\t<\/div>\n\t\t\t\t<\/div>\n\t\t\t\t\t<\/div>\n\t\t<\/div>\n\t\t\t\t\t<\/div>\n\t\t<\/section>\n\t\t\t\t<section class=\"has_eae_slider elementor-section elementor-top-section elementor-element elementor-element-4fd9088 elementor-section-boxed elementor-section-height-default elementor-section-height-default\" data-eae-slider=\"83408\" data-id=\"4fd9088\" data-element_type=\"section\" data-settings=\"{&quot;background_background&quot;:&quot;classic&quot;}\">\n\t\t\t\t\t\t<div class=\"elementor-container elementor-column-gap-default\">\n\t\t\t\t\t<div class=\"has_eae_slider elementor-column elementor-col-100 elementor-top-column elementor-element elementor-element-3e9b445\" data-eae-slider=\"74433\" data-id=\"3e9b445\" data-element_type=\"column\">\n\t\t\t<div class=\"elementor-widget-wrap elementor-element-populated\">\n\t\t\t\t\t\t<div class=\"elementor-element elementor-element-7f63aee elementor-widget elementor-widget-heading\" data-id=\"7f63aee\" data-element_type=\"widget\" data-widget_type=\"heading.default\">\n\t\t\t\t<div class=\"elementor-widget-container\">\n\t\t\t\t\t<h2 class=\"elementor-heading-title elementor-size-default\">\u00bfPoder pol\u00edtico de Roberto M\u00e1rquez?<\/h2>\t\t\t\t<\/div>\n\t\t\t\t<\/div>\n\t\t\t\t<div class=\"elementor-element elementor-element-ecc1353 elementor-widget elementor-widget-html\" data-id=\"ecc1353\" data-element_type=\"widget\" data-widget_type=\"html.default\">\n\t\t\t\t<div class=\"elementor-widget-container\">\n\t\t\t\t\t<iframe width=\"100%\" height=\"166\" scrolling=\"no\" frameborder=\"no\" allow=\"autoplay\" src=\"https:\/\/w.soundcloud.com\/player\/?url=https%3A\/\/api.soundcloud.com\/tracks\/1183004533&color=%23010101&auto_play=false&hide_related=false&show_comments=true&show_user=true&show_reposts=false&show_teaser=true\"><\/iframe><div style=\"font-size: 10px; color: #cccccc;line-break: anywhere;word-break: normal;overflow: hidden;white-space: nowrap;text-overflow: ellipsis; font-family: Interstate,Lucida Grande,Lucida Sans Unicode,Lucida Sans,Garuda,Verdana,Tahoma,sans-serif;font-weight: 100;\"><a href=\"https:\/\/soundcloud.com\/caso-roberto-marquez\" title=\"Roberto M\u00e1rquez Zalamea\" target=\"_blank\" style=\"color: #cccccc; text-decoration: none;\">Roberto M\u00e1rquez Zalamea<\/a> \u00b7 <a href=\"https:\/\/soundcloud.com\/caso-roberto-marquez\/poder-politico-de-roberto-marquez\" title=\"\u00bfPoder pol\u00edtico de Roberto M\u00e1rquez?\" target=\"_blank\" style=\"color: #cccccc; text-decoration: none;\">\u00bfPoder pol\u00edtico de Roberto M\u00e1rquez?<\/a><\/div>\t\t\t\t<\/div>\n\t\t\t\t<\/div>\n\t\t\t\t\t<\/div>\n\t\t<\/div>\n\t\t\t\t\t<\/div>\n\t\t<\/section>\n\t\t\t\t<section class=\"has_eae_slider elementor-section elementor-top-section elementor-element elementor-element-5b76ceb elementor-section-full_width elementor-section-height-default elementor-section-height-default\" data-eae-slider=\"20059\" data-id=\"5b76ceb\" data-element_type=\"section\">\n\t\t\t\t\t\t<div class=\"elementor-container elementor-column-gap-wider\">\n\t\t\t\t\t<div class=\"has_eae_slider elementor-column elementor-col-100 elementor-top-column elementor-element elementor-element-2faad22\" data-eae-slider=\"76351\" data-id=\"2faad22\" data-element_type=\"column\">\n\t\t\t<div class=\"elementor-widget-wrap elementor-element-populated\">\n\t\t\t\t\t\t<div class=\"elementor-element elementor-element-ea689f0 elementor-widget elementor-widget-text-editor\" data-id=\"ea689f0\" data-element_type=\"widget\" data-widget_type=\"text-editor.default\">\n\t\t\t\t<div class=\"elementor-widget-container\">\n\t\t\t\t\t\t\t\t\t<p>Gracias a supuestamente ser v\u00edctima de agresi\u00f3n sexual, la se\u00f1ora Viviana Vargas Vives contin\u00faa con el signo pol\u00edtico de su familia:<\/p>\t\t\t\t\t\t\t\t<\/div>\n\t\t\t\t<\/div>\n\t\t\t\t<section class=\"has_eae_slider elementor-section elementor-inner-section elementor-element elementor-element-50e62ae elementor-section-boxed elementor-section-height-default elementor-section-height-default\" data-eae-slider=\"20405\" data-id=\"50e62ae\" data-element_type=\"section\" data-settings=\"{&quot;animation&quot;:&quot;none&quot;}\">\n\t\t\t\t\t\t<div class=\"elementor-container elementor-column-gap-no\">\n\t\t\t\t\t<div class=\"has_eae_slider elementor-column elementor-col-50 elementor-inner-column elementor-element elementor-element-98522da elementor-invisible\" data-eae-slider=\"10007\" data-id=\"98522da\" data-element_type=\"column\" data-settings=\"{&quot;animation&quot;:&quot;fadeIn&quot;}\">\n\t\t\t<div class=\"elementor-widget-wrap elementor-element-populated\">\n\t\t\t\t\t\t<div class=\"elementor-element elementor-element-93f1a7f elementor-widget elementor-widget-testimonial\" data-id=\"93f1a7f\" data-element_type=\"widget\" data-widget_type=\"testimonial.default\">\n\t\t\t\t<div class=\"elementor-widget-container\">\n\t\t\t\t\t\t\t<div class=\"elementor-testimonial-wrapper\">\n\t\t\t\n\t\t\t\t\t\t<div class=\"elementor-testimonial-meta elementor-has-image elementor-testimonial-image-position-aside\">\n\t\t\t\t<div class=\"elementor-testimonial-meta-inner\">\n\t\t\t\t\t\t\t\t\t\t\t<div class=\"elementor-testimonial-image\">\n\t\t\t\t\t\t\t<a href=\"https:\/\/es.wikipedia.org\/wiki\/Jos\u00e9_Ignacio_Vives_Echeverr%C3%ADa\" target=\"_blank\"><img fetchpriority=\"high\" decoding=\"async\" width=\"664\" height=\"418\" src=\"https:\/\/robertomarquez.org\/wp-content\/uploads\/2021\/12\/foto.webp\" class=\"attachment-full size-full wp-image-2156\" alt=\"\" srcset=\"https:\/\/robertomarquez.org\/wp-content\/uploads\/2021\/12\/foto.webp 664w, https:\/\/robertomarquez.org\/wp-content\/uploads\/2021\/12\/foto-300x189.webp 300w\" sizes=\"(max-width: 664px) 100vw, 664px\" \/><\/a>\t\t\t\t\t\t<\/div>\n\t\t\t\t\t\n\t\t\t\t\t\t\t\t\t\t<div class=\"elementor-testimonial-details\">\n\t\t\t\t\t\t\t\t\t\t\t\t\t\t<a class=\"elementor-testimonial-name\" href=\"https:\/\/es.wikipedia.org\/wiki\/Jos\u00e9_Ignacio_Vives_Echeverr%C3%ADa\" target=\"_blank\">Abuelo materno:<br> Jos\u00e9 Ignacio Vives Echeverr\u00eda<\/a>\n\t\t\t\t\t\t\t\t\t\t\t\t\t\t\t\t\t\t\t\t\t\t<a class=\"elementor-testimonial-job\" href=\"https:\/\/es.wikipedia.org\/wiki\/Jos\u00e9_Ignacio_Vives_Echeverr%C3%ADa\" target=\"_blank\">Fue Senador y Gobernador de La Guajira<\/a>\n\t\t\t\t\t\t\t\t\t\t\t\t\t<\/div>\n\t\t\t\t\t\t\t\t\t<\/div>\n\t\t\t<\/div>\n\t\t\t\t\t<\/div>\n\t\t\t\t\t\t<\/div>\n\t\t\t\t<\/div>\n\t\t\t\t<div class=\"elementor-element elementor-element-04a94be elementor-widget elementor-widget-testimonial\" data-id=\"04a94be\" data-element_type=\"widget\" data-widget_type=\"testimonial.default\">\n\t\t\t\t<div class=\"elementor-widget-container\">\n\t\t\t\t\t\t\t<div class=\"elementor-testimonial-wrapper\">\n\t\t\t\n\t\t\t\t\t\t<div class=\"elementor-testimonial-meta elementor-has-image elementor-testimonial-image-position-aside\">\n\t\t\t\t<div class=\"elementor-testimonial-meta-inner\">\n\t\t\t\t\t\t\t\t\t\t\t<div class=\"elementor-testimonial-image\">\n\t\t\t\t\t\t\t<a href=\"https:\/\/congresovisible.uniandes.edu.co\/congresistas\/perfil\/jose-ignacio-vives-menotti\/1008\/\" target=\"_blank\"><img fetchpriority=\"high\" decoding=\"async\" width=\"664\" height=\"418\" src=\"https:\/\/robertomarquez.org\/wp-content\/uploads\/2021\/12\/foto.webp\" class=\"attachment-full size-full wp-image-2156\" alt=\"\" srcset=\"https:\/\/robertomarquez.org\/wp-content\/uploads\/2021\/12\/foto.webp 664w, https:\/\/robertomarquez.org\/wp-content\/uploads\/2021\/12\/foto-300x189.webp 300w\" sizes=\"(max-width: 664px) 100vw, 664px\" \/><\/a>\t\t\t\t\t\t<\/div>\n\t\t\t\t\t\n\t\t\t\t\t\t\t\t\t\t<div class=\"elementor-testimonial-details\">\n\t\t\t\t\t\t\t\t\t\t\t\t\t\t<a class=\"elementor-testimonial-name\" href=\"https:\/\/congresovisible.uniandes.edu.co\/congresistas\/perfil\/jose-ignacio-vives-menotti\/1008\/\" target=\"_blank\">T\u00edo materno:<br>Jos\u00e9 Ignacio Vives Menotti<\/a>\n\t\t\t\t\t\t\t\t\t\t\t\t\t\t\t\t\t\t\t\t\t\t<a class=\"elementor-testimonial-job\" href=\"https:\/\/congresovisible.uniandes.edu.co\/congresistas\/perfil\/jose-ignacio-vives-menotti\/1008\/\" target=\"_blank\">Congresista<\/a>\n\t\t\t\t\t\t\t\t\t\t\t\t\t<\/div>\n\t\t\t\t\t\t\t\t\t<\/div>\n\t\t\t<\/div>\n\t\t\t\t\t<\/div>\n\t\t\t\t\t\t<\/div>\n\t\t\t\t<\/div>\n\t\t\t\t<div class=\"elementor-element elementor-element-b6b9a44 elementor-widget elementor-widget-testimonial\" data-id=\"b6b9a44\" data-element_type=\"widget\" data-widget_type=\"testimonial.default\">\n\t\t\t\t<div class=\"elementor-widget-container\">\n\t\t\t\t\t\t\t<div class=\"elementor-testimonial-wrapper\">\n\t\t\t\n\t\t\t\t\t\t<div class=\"elementor-testimonial-meta elementor-has-image elementor-testimonial-image-position-aside\">\n\t\t\t\t<div class=\"elementor-testimonial-meta-inner\">\n\t\t\t\t\t\t\t\t\t\t\t<div class=\"elementor-testimonial-image\">\n\t\t\t\t\t\t\t<a href=\"https:\/\/es.wikipedia.org\/wiki\/Jaime_Vargas_Su\u00e1rez\" target=\"_blank\"><img fetchpriority=\"high\" decoding=\"async\" width=\"664\" height=\"418\" src=\"https:\/\/robertomarquez.org\/wp-content\/uploads\/2021\/12\/foto.webp\" class=\"attachment-full size-full wp-image-2156\" alt=\"\" srcset=\"https:\/\/robertomarquez.org\/wp-content\/uploads\/2021\/12\/foto.webp 664w, https:\/\/robertomarquez.org\/wp-content\/uploads\/2021\/12\/foto-300x189.webp 300w\" sizes=\"(max-width: 664px) 100vw, 664px\" \/><\/a>\t\t\t\t\t\t<\/div>\n\t\t\t\t\t\n\t\t\t\t\t\t\t\t\t\t<div class=\"elementor-testimonial-details\">\n\t\t\t\t\t\t\t\t\t\t\t\t\t\t<a class=\"elementor-testimonial-name\" href=\"https:\/\/es.wikipedia.org\/wiki\/Jaime_Vargas_Su\u00e1rez\" target=\"_blank\">Hermana:<br>Victoria Eugenia Vargas Vives<\/a>\n\t\t\t\t\t\t\t\t\t\t\t\t\t\t\t\t\t\t\t\t\t\t<a class=\"elementor-testimonial-job\" href=\"https:\/\/es.wikipedia.org\/wiki\/Jaime_Vargas_Su\u00e1rez\" target=\"_blank\">Fue Diputada y es la directora de Televisa<\/a>\n\t\t\t\t\t\t\t\t\t\t\t\t\t<\/div>\n\t\t\t\t\t\t\t\t\t<\/div>\n\t\t\t<\/div>\n\t\t\t\t\t<\/div>\n\t\t\t\t\t\t<\/div>\n\t\t\t\t<\/div>\n\t\t\t\t\t<\/div>\n\t\t<\/div>\n\t\t\t\t<div class=\"has_eae_slider elementor-column elementor-col-50 elementor-inner-column elementor-element elementor-element-54841fa\" data-eae-slider=\"30833\" data-id=\"54841fa\" data-element_type=\"column\">\n\t\t\t<div class=\"elementor-widget-wrap elementor-element-populated\">\n\t\t\t\t\t\t<div class=\"elementor-element elementor-element-2e3a1fd elementor-widget elementor-widget-testimonial\" data-id=\"2e3a1fd\" data-element_type=\"widget\" data-widget_type=\"testimonial.default\">\n\t\t\t\t<div class=\"elementor-widget-container\">\n\t\t\t\t\t\t\t<div class=\"elementor-testimonial-wrapper\">\n\t\t\t\n\t\t\t\t\t\t<div class=\"elementor-testimonial-meta elementor-has-image elementor-testimonial-image-position-aside\">\n\t\t\t\t<div class=\"elementor-testimonial-meta-inner\">\n\t\t\t\t\t\t\t\t\t\t\t<div class=\"elementor-testimonial-image\">\n\t\t\t\t\t\t\t<a href=\"https:\/\/www.eltiempo.com\/archivo\/documento\/MAM-1371860\" target=\"_blank\"><img fetchpriority=\"high\" decoding=\"async\" width=\"664\" height=\"418\" src=\"https:\/\/robertomarquez.org\/wp-content\/uploads\/2021\/12\/foto.webp\" class=\"attachment-full size-full wp-image-2156\" alt=\"\" srcset=\"https:\/\/robertomarquez.org\/wp-content\/uploads\/2021\/12\/foto.webp 664w, https:\/\/robertomarquez.org\/wp-content\/uploads\/2021\/12\/foto-300x189.webp 300w\" sizes=\"(max-width: 664px) 100vw, 664px\" \/><\/a>\t\t\t\t\t\t<\/div>\n\t\t\t\t\t\n\t\t\t\t\t\t\t\t\t\t<div class=\"elementor-testimonial-details\">\n\t\t\t\t\t\t\t\t\t\t\t\t\t\t<a class=\"elementor-testimonial-name\" href=\"https:\/\/www.eltiempo.com\/archivo\/documento\/MAM-1371860\" target=\"_blank\">T\u00edo materno:<br>Juan Carlos Vives Menotti<\/a>\n\t\t\t\t\t\t\t\t\t\t\t\t\t\t\t\t\t\t\t\t\t\t<a class=\"elementor-testimonial-job\" href=\"https:\/\/www.eltiempo.com\/archivo\/documento\/MAM-1371860\" target=\"_blank\">Fue Viceministro del Interior y Gobernador del Magdalena<\/a>\n\t\t\t\t\t\t\t\t\t\t\t\t\t<\/div>\n\t\t\t\t\t\t\t\t\t<\/div>\n\t\t\t<\/div>\n\t\t\t\t\t<\/div>\n\t\t\t\t\t\t<\/div>\n\t\t\t\t<\/div>\n\t\t\t\t<div class=\"elementor-element elementor-element-cb17465 elementor-widget elementor-widget-testimonial\" data-id=\"cb17465\" data-element_type=\"widget\" data-widget_type=\"testimonial.default\">\n\t\t\t\t<div class=\"elementor-widget-container\">\n\t\t\t\t\t\t\t<div class=\"elementor-testimonial-wrapper\">\n\t\t\t\n\t\t\t\t\t\t<div class=\"elementor-testimonial-meta elementor-has-image elementor-testimonial-image-position-aside\">\n\t\t\t\t<div class=\"elementor-testimonial-meta-inner\">\n\t\t\t\t\t\t\t\t\t\t\t<div class=\"elementor-testimonial-image\">\n\t\t\t\t\t\t\t<a href=\"https:\/\/es.wikipedia.org\/wiki\/Jaime_Vargas_Su\u00e1rez\" target=\"_blank\"><img fetchpriority=\"high\" decoding=\"async\" width=\"664\" height=\"418\" src=\"https:\/\/robertomarquez.org\/wp-content\/uploads\/2021\/12\/foto.webp\" class=\"attachment-full size-full wp-image-2156\" alt=\"\" srcset=\"https:\/\/robertomarquez.org\/wp-content\/uploads\/2021\/12\/foto.webp 664w, https:\/\/robertomarquez.org\/wp-content\/uploads\/2021\/12\/foto-300x189.webp 300w\" sizes=\"(max-width: 664px) 100vw, 664px\" \/><\/a>\t\t\t\t\t\t<\/div>\n\t\t\t\t\t\n\t\t\t\t\t\t\t\t\t\t<div class=\"elementor-testimonial-details\">\n\t\t\t\t\t\t\t\t\t\t\t\t\t\t<a class=\"elementor-testimonial-name\" href=\"https:\/\/es.wikipedia.org\/wiki\/Jaime_Vargas_Su\u00e1rez\" target=\"_blank\">Pap\u00e1:<br>Jaime Rodrigo Vargas Su\u00e1rez<\/a>\n\t\t\t\t\t\t\t\t\t\t\t\t\t\t\t\t\t\t\t\t\t\t<a class=\"elementor-testimonial-job\" href=\"https:\/\/es.wikipedia.org\/wiki\/Jaime_Vargas_Su\u00e1rez\" target=\"_blank\">Fue Concejal, Diputado, y Representante a la C\u00e1mara<\/a>\n\t\t\t\t\t\t\t\t\t\t\t\t\t<\/div>\n\t\t\t\t\t\t\t\t\t<\/div>\n\t\t\t<\/div>\n\t\t\t\t\t<\/div>\n\t\t\t\t\t\t<\/div>\n\t\t\t\t<\/div>\n\t\t\t\t<div class=\"elementor-element elementor-element-f2ac0c7 elementor-widget elementor-widget-testimonial\" data-id=\"f2ac0c7\" data-element_type=\"widget\" data-widget_type=\"testimonial.default\">\n\t\t\t\t<div class=\"elementor-widget-container\">\n\t\t\t\t\t\t\t<div class=\"elementor-testimonial-wrapper\">\n\t\t\t\n\t\t\t\t\t\t<div class=\"elementor-testimonial-meta elementor-has-image elementor-testimonial-image-position-aside\">\n\t\t\t\t<div class=\"elementor-testimonial-meta-inner\">\n\t\t\t\t\t\t\t\t\t\t\t<div class=\"elementor-testimonial-image\">\n\t\t\t\t\t\t\t<a href=\"http:\/\/www.usaquen.gov.co\/mi-localidad\/conociendo-mi-localidad\/alcalde-local%20\" target=\"_blank\"><img fetchpriority=\"high\" decoding=\"async\" width=\"664\" height=\"418\" src=\"https:\/\/robertomarquez.org\/wp-content\/uploads\/2021\/12\/foto.webp\" class=\"attachment-full size-full wp-image-2156\" alt=\"\" srcset=\"https:\/\/robertomarquez.org\/wp-content\/uploads\/2021\/12\/foto.webp 664w, https:\/\/robertomarquez.org\/wp-content\/uploads\/2021\/12\/foto-300x189.webp 300w\" sizes=\"(max-width: 664px) 100vw, 664px\" \/><\/a>\t\t\t\t\t\t<\/div>\n\t\t\t\t\t\n\t\t\t\t\t\t\t\t\t\t<div class=\"elementor-testimonial-details\">\n\t\t\t\t\t\t\t\t\t\t\t\t\t\t<a class=\"elementor-testimonial-name\" href=\"http:\/\/www.usaquen.gov.co\/mi-localidad\/conociendo-mi-localidad\/alcalde-local%20\" target=\"_blank\">Hermano:<br>Jaime Andr\u00e9s Vargas Vives<\/a>\n\t\t\t\t\t\t\t\t\t\t\t\t\t\t\t\t\t\t\t\t\t\t<a class=\"elementor-testimonial-job\" href=\"http:\/\/www.usaquen.gov.co\/mi-localidad\/conociendo-mi-localidad\/alcalde-local%20\" target=\"_blank\">Alcalde Local de Usaqu\u00e9n<\/a>\n\t\t\t\t\t\t\t\t\t\t\t\t\t<\/div>\n\t\t\t\t\t\t\t\t\t<\/div>\n\t\t\t<\/div>\n\t\t\t\t\t<\/div>\n\t\t\t\t\t\t<\/div>\n\t\t\t\t<\/div>\n\t\t\t\t\t<\/div>\n\t\t<\/div>\n\t\t\t\t\t<\/div>\n\t\t<\/section>\n\t\t\t\t<div class=\"elementor-element elementor-element-301e8b5 elementor-widget elementor-widget-text-editor\" data-id=\"301e8b5\" data-element_type=\"widget\" data-widget_type=\"text-editor.default\">\n\t\t\t\t<div class=\"elementor-widget-container\">\n\t\t\t\t\t\t\t\t\t<p>Por otra parte, es totalmente descabellado decir que Roberto M\u00e1rquez tiene no solo poder pol\u00edtico sino influencia en los medios locales, nada m\u00e1s alejado de la verdad. Roberto es un empresario due\u00f1o de una pyme, que ha visto crecer y salir adelante con mucho esfuerzo. No tiene ninguna influencia en los medios, en cambio s\u00ed lo tienen las hermanas Vargas Vives, Victoria y Mar\u00eda Claudia; una es directora del noticiero Televista de Telecaribe y la otra fue directora del mismo noticiero. Dijera lo que dijera, Roberto siempre iba a tener los medios en contra.<\/p>\t\t\t\t\t\t\t\t<\/div>\n\t\t\t\t<\/div>\n\t\t\t\t\t<\/div>\n\t\t<\/div>\n\t\t\t\t\t<\/div>\n\t\t<\/section>\n\t\t\t\t<section class=\"has_eae_slider elementor-section elementor-top-section elementor-element elementor-element-92fe6b9 elementor-section-boxed elementor-section-height-default elementor-section-height-default\" data-eae-slider=\"88887\" data-id=\"92fe6b9\" data-element_type=\"section\">\n\t\t\t\t\t\t<div class=\"elementor-container elementor-column-gap-wide\">\n\t\t\t\t\t<div class=\"has_eae_slider elementor-column elementor-col-50 elementor-top-column elementor-element elementor-element-34f2310\" data-eae-slider=\"70218\" data-id=\"34f2310\" data-element_type=\"column\">\n\t\t\t<div class=\"elementor-widget-wrap elementor-element-populated\">\n\t\t\t\t\t\t<div class=\"elementor-element elementor-element-c95ca25 elementor-widget elementor-widget-text-editor\" data-id=\"c95ca25\" data-element_type=\"widget\" data-widget_type=\"text-editor.default\">\n\t\t\t\t<div class=\"elementor-widget-container\">\n\t\t\t\t\t\t\t\t\t<p>La vinculaci\u00f3n de la familia de la se\u00f1ora Viviana Vargas Vives a la pol\u00edtica es irrefutable, as\u00ed como los intereses de la se\u00f1ora Viviana Vargas Vives de seguir su legado. En estas im\u00e1genes se evidencia tambi\u00e9n la relaci\u00f3n reciente de Victoria Vargas Vives con Juan Manuel Gal\u00e1n, que desde 2020 se proyectaba como candidato para la presidencia por el Nuevo Liberalismo. En marzo del 2021 Juan Manuel Gal\u00e1n fue invitado por Victoria Vargas Vives a Televista. Nada extra\u00f1o que como fruto de esta relaci\u00f3n, la se\u00f1ora Viviana Vargas Vives aprovechara esta conexi\u00f3n con ese partido para aspirar como candidata a senadora de la Rep\u00fablica.<\/p>\n<p>Es cre\u00edble que la se\u00f1ora Viviana Vargas Vives y su&nbsp; familia durante d\u00e9cadas hayan guardado silencio acerca de los presuntos abusos porque supuestamente ten\u00edan temor del poder de Roberto M\u00e1rquez, due\u00f1o de una pyme y quien no tiene absolutamente ning\u00fan nexo con la pol\u00edtica ni con los medios?<\/p>\n<p><\/p><br>\t\t\t\t\t\t\t\t<\/div>\n\t\t\t\t<\/div>\n\t\t\t\t\t<\/div>\n\t\t<\/div>\n\t\t\t\t<div class=\"has_eae_slider elementor-column elementor-col-50 elementor-top-column elementor-element elementor-element-174863a\" data-eae-slider=\"57627\" data-id=\"174863a\" data-element_type=\"column\">\n\t\t\t<div class=\"elementor-widget-wrap elementor-element-populated\">\n\t\t\t\t\t\t<section class=\"has_eae_slider elementor-section elementor-inner-section elementor-element elementor-element-961b74b elementor-section-boxed elementor-section-height-default elementor-section-height-default\" data-eae-slider=\"17309\" data-id=\"961b74b\" data-element_type=\"section\">\n\t\t\t\t\t\t<div class=\"elementor-container elementor-column-gap-default\">\n\t\t\t\t\t<div class=\"has_eae_slider elementor-column elementor-col-50 elementor-inner-column elementor-element elementor-element-c4b5f44\" data-eae-slider=\"34482\" data-id=\"c4b5f44\" data-element_type=\"column\">\n\t\t\t<div class=\"elementor-widget-wrap elementor-element-populated\">\n\t\t\t\t\t\t<div class=\"elementor-element elementor-element-d348d5f elementor-widget elementor-widget-image\" data-id=\"d348d5f\" data-element_type=\"widget\" data-widget_type=\"image.default\">\n\t\t\t\t<div class=\"elementor-widget-container\">\n\t\t\t\t\t\t\t\t\t\t\t\t\t\t\t<img decoding=\"async\" width=\"800\" height=\"856\" src=\"https:\/\/robertomarquez.org\/wp-content\/uploads\/2021\/12\/Facebook-Victoira-Vargas-Vives-31-anos-sin-Galan-957x1024.jpg\" class=\"attachment-large size-large wp-image-3604\" alt=\"Las falsas acusaciones a Roberto M\u00e1rquez le sirvieron a Viviana Vargas Vives para lanzarse en la pol\u00edtica en el partido de lps Gal\u00e1n.\" srcset=\"https:\/\/robertomarquez.org\/wp-content\/uploads\/2021\/12\/Facebook-Victoira-Vargas-Vives-31-anos-sin-Galan-957x1024.jpg 957w, https:\/\/robertomarquez.org\/wp-content\/uploads\/2021\/12\/Facebook-Victoira-Vargas-Vives-31-anos-sin-Galan-280x300.jpg 280w, https:\/\/robertomarquez.org\/wp-content\/uploads\/2021\/12\/Facebook-Victoira-Vargas-Vives-31-anos-sin-Galan-768x822.jpg 768w, https:\/\/robertomarquez.org\/wp-content\/uploads\/2021\/12\/Facebook-Victoira-Vargas-Vives-31-anos-sin-Galan.jpg 1279w\" sizes=\"(max-width: 800px) 100vw, 800px\" \/>\t\t\t\t\t\t\t\t\t\t\t\t\t\t\t<\/div>\n\t\t\t\t<\/div>\n\t\t\t\t<div class=\"elementor-element elementor-element-739a1f1 elementor-widget elementor-widget-image\" data-id=\"739a1f1\" data-element_type=\"widget\" data-widget_type=\"image.default\">\n\t\t\t\t<div class=\"elementor-widget-container\">\n\t\t\t\t\t\t\t\t\t\t\t\t\t\t\t<img decoding=\"async\" width=\"800\" height=\"800\" src=\"https:\/\/robertomarquez.org\/wp-content\/uploads\/2021\/12\/Imagen-Facebook-de-Victoria-Vargas-Vives-sobre-Juan-Manuel-Galan-Noviembre-6-2020-1-1024x1024.jpg\" class=\"attachment-large size-large wp-image-3601\" alt=\"Viviana Vargas Vives utiliz\u00f3 sus falsas acusaciones a Roberto M\u00e1rquez para lanzarse en la pol\u00edtica en la lista al senado de Juan Manuel Gal\u00e1n.\" srcset=\"https:\/\/robertomarquez.org\/wp-content\/uploads\/2021\/12\/Imagen-Facebook-de-Victoria-Vargas-Vives-sobre-Juan-Manuel-Galan-Noviembre-6-2020-1-1024x1024.jpg 1024w, https:\/\/robertomarquez.org\/wp-content\/uploads\/2021\/12\/Imagen-Facebook-de-Victoria-Vargas-Vives-sobre-Juan-Manuel-Galan-Noviembre-6-2020-1-300x300.jpg 300w, https:\/\/robertomarquez.org\/wp-content\/uploads\/2021\/12\/Imagen-Facebook-de-Victoria-Vargas-Vives-sobre-Juan-Manuel-Galan-Noviembre-6-2020-1-150x150.jpg 150w, https:\/\/robertomarquez.org\/wp-content\/uploads\/2021\/12\/Imagen-Facebook-de-Victoria-Vargas-Vives-sobre-Juan-Manuel-Galan-Noviembre-6-2020-1-768x768.jpg 768w, https:\/\/robertomarquez.org\/wp-content\/uploads\/2021\/12\/Imagen-Facebook-de-Victoria-Vargas-Vives-sobre-Juan-Manuel-Galan-Noviembre-6-2020-1.jpg 1207w\" sizes=\"(max-width: 800px) 100vw, 800px\" \/>\t\t\t\t\t\t\t\t\t\t\t\t\t\t\t<\/div>\n\t\t\t\t<\/div>\n\t\t\t\t\t<\/div>\n\t\t<\/div>\n\t\t\t\t<div class=\"has_eae_slider elementor-column elementor-col-50 elementor-inner-column elementor-element elementor-element-ecc8458\" data-eae-slider=\"12993\" data-id=\"ecc8458\" data-element_type=\"column\">\n\t\t\t<div class=\"elementor-widget-wrap elementor-element-populated\">\n\t\t\t\t\t\t<div class=\"elementor-element elementor-element-7e3f2ed elementor-widget elementor-widget-image\" data-id=\"7e3f2ed\" data-element_type=\"widget\" data-widget_type=\"image.default\">\n\t\t\t\t<div class=\"elementor-widget-container\">\n\t\t\t\t\t\t\t\t\t\t\t\t\t\t\t<img loading=\"lazy\" decoding=\"async\" width=\"800\" height=\"850\" src=\"https:\/\/robertomarquez.org\/wp-content\/uploads\/2021\/12\/Facebook-Viviana-Vargas-Vives-noviembre-6-del-2020-imagen-del-Nuevo-Liberalismo-964x1024.jpg\" class=\"attachment-large size-large wp-image-3598\" alt=\"Las falsas acusaciones a Roberto M\u00e1rquez fueron utilizadas por Viviana Vargas Vives como trampol\u00edn para lanzarse como candidata al senado por el nuevo liberalismo con Juan Manuel Gal\u00e1n.\" srcset=\"https:\/\/robertomarquez.org\/wp-content\/uploads\/2021\/12\/Facebook-Viviana-Vargas-Vives-noviembre-6-del-2020-imagen-del-Nuevo-Liberalismo-964x1024.jpg 964w, https:\/\/robertomarquez.org\/wp-content\/uploads\/2021\/12\/Facebook-Viviana-Vargas-Vives-noviembre-6-del-2020-imagen-del-Nuevo-Liberalismo-282x300.jpg 282w, https:\/\/robertomarquez.org\/wp-content\/uploads\/2021\/12\/Facebook-Viviana-Vargas-Vives-noviembre-6-del-2020-imagen-del-Nuevo-Liberalismo-768x816.jpg 768w, https:\/\/robertomarquez.org\/wp-content\/uploads\/2021\/12\/Facebook-Viviana-Vargas-Vives-noviembre-6-del-2020-imagen-del-Nuevo-Liberalismo.jpg 1226w\" sizes=\"(max-width: 800px) 100vw, 800px\" \/>\t\t\t\t\t\t\t\t\t\t\t\t\t\t\t<\/div>\n\t\t\t\t<\/div>\n\t\t\t\t<div class=\"elementor-element elementor-element-ee72764 elementor-widget elementor-widget-image\" data-id=\"ee72764\" data-element_type=\"widget\" data-widget_type=\"image.default\">\n\t\t\t\t<div class=\"elementor-widget-container\">\n\t\t\t\t\t\t\t\t\t\t\t\t\t\t\t<img loading=\"lazy\" decoding=\"async\" width=\"800\" height=\"820\" src=\"https:\/\/robertomarquez.org\/wp-content\/uploads\/2021\/12\/Imagen-Facebook-Victoria-Vargas-Vives-entrevista-a-Juan-Manuel-Galan-marzo-12-del-2021-999x1024.jpg\" class=\"attachment-large size-large wp-image-3602\" alt=\"Las falsas acusaciones a Roberto M\u00e1rquez le sirvieron a Viviana Vargas Vives como trampol\u00edn para lanzarse como candidata al senado por el nuevo liberalismo.\" srcset=\"https:\/\/robertomarquez.org\/wp-content\/uploads\/2021\/12\/Imagen-Facebook-Victoria-Vargas-Vives-entrevista-a-Juan-Manuel-Galan-marzo-12-del-2021-999x1024.jpg 999w, https:\/\/robertomarquez.org\/wp-content\/uploads\/2021\/12\/Imagen-Facebook-Victoria-Vargas-Vives-entrevista-a-Juan-Manuel-Galan-marzo-12-del-2021-293x300.jpg 293w, https:\/\/robertomarquez.org\/wp-content\/uploads\/2021\/12\/Imagen-Facebook-Victoria-Vargas-Vives-entrevista-a-Juan-Manuel-Galan-marzo-12-del-2021-768x787.jpg 768w, https:\/\/robertomarquez.org\/wp-content\/uploads\/2021\/12\/Imagen-Facebook-Victoria-Vargas-Vives-entrevista-a-Juan-Manuel-Galan-marzo-12-del-2021.jpg 1274w\" sizes=\"(max-width: 800px) 100vw, 800px\" \/>\t\t\t\t\t\t\t\t\t\t\t\t\t\t\t<\/div>\n\t\t\t\t<\/div>\n\t\t\t\t\t<\/div>\n\t\t<\/div>\n\t\t\t\t\t<\/div>\n\t\t<\/section>\n\t\t\t\t\t<\/div>\n\t\t<\/div>\n\t\t\t\t\t<\/div>\n\t\t<\/section>\n\t\t\t\t<section class=\"has_eae_slider elementor-section elementor-top-section elementor-element elementor-element-b69197c elementor-section-boxed elementor-section-height-default elementor-section-height-default\" data-eae-slider=\"34011\" data-id=\"b69197c\" data-element_type=\"section\">\n\t\t\t\t\t\t<div class=\"elementor-container elementor-column-gap-default\">\n\t\t\t\t\t<div class=\"has_eae_slider elementor-column elementor-col-100 elementor-top-column elementor-element elementor-element-dfbf767\" data-eae-slider=\"17652\" data-id=\"dfbf767\" data-element_type=\"column\">\n\t\t\t<div class=\"elementor-widget-wrap elementor-element-populated\">\n\t\t\t\t\t\t<div class=\"elementor-element elementor-element-094d04c elementor-widget elementor-widget-heading\" data-id=\"094d04c\" data-element_type=\"widget\" data-settings=\"{&quot;_animation&quot;:&quot;none&quot;}\" data-widget_type=\"heading.default\">\n\t\t\t\t<div class=\"elementor-widget-container\">\n\t\t\t\t\t<h2 class=\"elementor-heading-title elementor-size-default\">M\u00e1s evidencias de la poca credibilidad de las falsas acusaciones a Roberto M\u00e1rquez<\/h2>\t\t\t\t<\/div>\n\t\t\t\t<\/div>\n\t\t\t\t<section class=\"has_eae_slider elementor-section elementor-inner-section elementor-element elementor-element-772b374 elementor-section-boxed elementor-section-height-default elementor-section-height-default\" data-eae-slider=\"28775\" data-id=\"772b374\" data-element_type=\"section\" data-settings=\"{&quot;animation&quot;:&quot;none&quot;}\">\n\t\t\t\t\t\t<div class=\"elementor-container elementor-column-gap-custom\">\n\t\t\t\t\t<div class=\"has_eae_slider elementor-column elementor-col-50 elementor-inner-column elementor-element elementor-element-2366962\" data-eae-slider=\"94229\" data-id=\"2366962\" data-element_type=\"column\">\n\t\t\t<div class=\"elementor-widget-wrap elementor-element-populated\">\n\t\t\t\t\t\t<div class=\"elementor-element elementor-element-30f12b1 elementor-drop-cap-yes elementor-drop-cap-view-default elementor-widget elementor-widget-text-editor\" data-id=\"30f12b1\" data-element_type=\"widget\" data-settings=\"{&quot;drop_cap&quot;:&quot;yes&quot;}\" data-widget_type=\"text-editor.default\">\n\t\t\t\t<div class=\"elementor-widget-container\">\n\t\t\t\t\t\t\t\t\t<p>Pero si fuera cierto que Viviana Vargas Vives cont\u00f3 del supuestos abusos a su familia en 1999, \u00bfc\u00f3mo se explica que hasta julio del 2020, momento de las falsas acusaciones, Roberto M\u00e1rquez haya guardado una relaci\u00f3n cordial con las tres hermanas de la se\u00f1ora Viviana Vargas Vives? De hecho, como lo prueba el video en esta secci\u00f3n, dos semanas antes de las falsas acusaciones en las redes sociales, Victoria Vargas Vives,\u00a0 a\u00fan le pon\u00eda likes a fotos donde aparec\u00eda Roberto M\u00e1rquez publicadas en Instagram por las hermanas de este.\u00a0 Asimismo, Victoria Vargas Vives le compr\u00f3 hace unos a\u00f1os accesorios de joyer\u00eda a la esposa de Roberto M\u00e1rquez.<\/p><p>En cuanto a Mar\u00eda Claudia Vargas Vives, tanto Roberto M\u00e1rquez como su esposa coincid\u00edan con ella en el gimnasio en la misma clase de spinning y se saludaban amablemente. Lo mismo cuando se encontraban en el aeropuerto o en restaurantes. A\u00fan m\u00e1s, ella tambi\u00e9n fue cliente de accesorios de joyer\u00eda de la esposa de Roberto M\u00e1rquez.<\/p><p>Con relaci\u00f3n a Diana Vargas Vives, al elaborar esta p\u00e1gina a\u00fan eran &#8220;amigos&#8221; en facebook.<\/p>\t\t\t\t\t\t\t\t<\/div>\n\t\t\t\t<\/div>\n\t\t\t\t\t<\/div>\n\t\t<\/div>\n\t\t\t\t<div class=\"has_eae_slider elementor-column elementor-col-50 elementor-inner-column elementor-element elementor-element-4145be7 elementor-invisible\" data-eae-slider=\"64541\" data-id=\"4145be7\" data-element_type=\"column\" data-settings=\"{&quot;animation&quot;:&quot;fadeIn&quot;}\">\n\t\t\t<div class=\"elementor-widget-wrap elementor-element-populated\">\n\t\t\t\t\t\t<div class=\"elementor-element elementor-element-aa9c3f3 elementor-widget elementor-widget-video\" data-id=\"aa9c3f3\" data-element_type=\"widget\" data-settings=\"{&quot;youtube_url&quot;:&quot;https:\\\/\\\/youtu.be\\\/k-Fb5Y5ypLQ&quot;,&quot;start&quot;:1,&quot;end&quot;:100,&quot;show_image_overlay&quot;:&quot;yes&quot;,&quot;image_overlay&quot;:{&quot;url&quot;:&quot;http:\\\/\\\/18u.d6f.myftpupload.com\\\/wp-content\\\/uploads\\\/2021\\\/12\\\/Ma\\u0301s-evidencias.webp&quot;,&quot;id&quot;:2998,&quot;size&quot;:&quot;&quot;,&quot;alt&quot;:&quot;&quot;,&quot;source&quot;:&quot;library&quot;},&quot;video_type&quot;:&quot;youtube&quot;,&quot;controls&quot;:&quot;yes&quot;}\" data-widget_type=\"video.default\">\n\t\t\t\t<div class=\"elementor-widget-container\">\n\t\t\t\t\t\t\t<div class=\"elementor-wrapper elementor-open-inline\">\n\t\t\t<div class=\"elementor-video\"><\/div>\t\t\t\t<div class=\"elementor-custom-embed-image-overlay\" style=\"background-image: url(https:\/\/robertomarquez.org\/wp-content\/uploads\/2021\/12\/Ma\u0301s-evidencias.webp);\">\n\t\t\t\t\t\t\t\t\t\t\t\t\t\t\t\t<div class=\"elementor-custom-embed-play\" role=\"button\" aria-label=\"Reproducir v\u00eddeo\" tabindex=\"0\">\n\t\t\t\t\t\t\t<i aria-hidden=\"true\" class=\"eicon-play\"><\/i>\t\t\t\t\t\t<\/div>\n\t\t\t\t\t\t\t\t\t<\/div>\n\t\t\t\t\t<\/div>\n\t\t\t\t\t\t<\/div>\n\t\t\t\t<\/div>\n\t\t\t\t<div class=\"elementor-element elementor-element-88e187c elementor-widget elementor-widget-text-editor\" data-id=\"88e187c\" data-element_type=\"widget\" data-widget_type=\"text-editor.default\">\n\t\t\t\t<div class=\"elementor-widget-container\">\n\t\t\t\t\t\t\t\t\t<p><strong><em>Este video presenta la evidencia de la relaci\u00f3n de las hermanas de la se\u00f1ora Viviana Vargas Vives con Roberto M\u00e1rquez y su familia y del hecho de que dos semanas antes de la falsas acusaciones, Victoria Vargas Vives, hermana de la supuesta v\u00edctima, a\u00fan pon\u00eda likes a fotos de Roberto M\u00e1rquez.<br \/><\/em><\/strong><\/p>\t\t\t\t\t\t\t\t<\/div>\n\t\t\t\t<\/div>\n\t\t\t\t\t<\/div>\n\t\t<\/div>\n\t\t\t\t\t<\/div>\n\t\t<\/section>\n\t\t\t\t\t<\/div>\n\t\t<\/div>\n\t\t\t\t\t<\/div>\n\t\t<\/section>\n\t\t\t\t<section class=\"has_eae_slider elementor-section elementor-top-section elementor-element elementor-element-1cfa3cb elementor-section-full_width elementor-section-height-default elementor-section-height-default\" data-eae-slider=\"60149\" data-id=\"1cfa3cb\" data-element_type=\"section\">\n\t\t\t\t\t\t<div class=\"elementor-container elementor-column-gap-default\">\n\t\t\t\t\t<div class=\"has_eae_slider elementor-column elementor-col-100 elementor-top-column elementor-element elementor-element-d3226e3\" data-eae-slider=\"16959\" data-id=\"d3226e3\" data-element_type=\"column\">\n\t\t\t<div class=\"elementor-widget-wrap elementor-element-populated\">\n\t\t\t\t\t\t<div class=\"elementor-element elementor-element-3275da6 elementor-widget elementor-widget-menu-anchor\" data-id=\"3275da6\" data-element_type=\"widget\" data-widget_type=\"menu-anchor.default\">\n\t\t\t\t<div class=\"elementor-widget-container\">\n\t\t\t\t\t\t\t<div class=\"elementor-menu-anchor\" id=\"Mascalumniasatroces\"><\/div>\n\t\t\t\t\t\t<\/div>\n\t\t\t\t<\/div>\n\t\t\t\t<div class=\"elementor-element elementor-element-33f7524 elementor-widget elementor-widget-heading\" data-id=\"33f7524\" data-element_type=\"widget\" data-settings=\"{&quot;_animation&quot;:&quot;none&quot;}\" data-widget_type=\"heading.default\">\n\t\t\t\t<div class=\"elementor-widget-container\">\n\t\t\t\t\t<h2 class=\"elementor-heading-title elementor-size-default\">M\u00e1s calumnias atroces de la se\u00f1ora Viviana Vargas Vives<\/h2>\t\t\t\t<\/div>\n\t\t\t\t<\/div>\n\t\t\t\t<section class=\"has_eae_slider elementor-section elementor-inner-section elementor-element elementor-element-4418fb7 elementor-section-full_width elementor-section-height-default elementor-section-height-default\" data-eae-slider=\"57750\" data-id=\"4418fb7\" data-element_type=\"section\" data-settings=\"{&quot;animation&quot;:&quot;none&quot;}\">\n\t\t\t\t\t\t<div class=\"elementor-container elementor-column-gap-custom\">\n\t\t\t\t\t<div class=\"has_eae_slider elementor-column elementor-col-50 elementor-inner-column elementor-element elementor-element-ab63a9b\" data-eae-slider=\"37679\" data-id=\"ab63a9b\" data-element_type=\"column\">\n\t\t\t<div class=\"elementor-widget-wrap elementor-element-populated\">\n\t\t\t\t\t\t<div class=\"elementor-element elementor-element-ac5f6a8 elementor-drop-cap-yes elementor-drop-cap-view-default elementor-widget elementor-widget-text-editor\" data-id=\"ac5f6a8\" data-element_type=\"widget\" data-settings=\"{&quot;drop_cap&quot;:&quot;yes&quot;}\" data-widget_type=\"text-editor.default\">\n\t\t\t\t<div class=\"elementor-widget-container\">\n\t\t\t\t\t\t\t\t\t<p>Pero el problema de la se\u00f1ora Viviana Vargas Vives no es solo de inconsistencias, contradicciones y de falsos recuerdos producto de <a href=\"http:\/\/18u.d6f.myftpupload.com\/terapias-de-regresion\/\">regresiones<\/a>, tambi\u00e9n es capaz de las m\u00e1s atroces calumnias. Dado que no logr\u00f3 encontrar las supuestas otras v\u00edctimas de Roberto M\u00e1rquez, en el Podcast de Hablando Solas del 7 de octubre del 2020 se atrevi\u00f3 a afirmar que Roberto M\u00e1rquez tambi\u00e9n hab\u00eda abusado de sus propias hijas y de sus sobrinas. Todos los que conocen a Roberto M\u00e1rquez y a su familia saben que su relaci\u00f3n tanto con sus hijas (que se encuentran en la adolescencia) como con sus sobrinas (entre los 24 y los 34 a\u00f1os) habla por s\u00ed sola. Como se ve en esta p\u00e1gina, todas ellas dieron testimonios de la clase de padre y t\u00edo que es Roberto M\u00e1rquez. El solo hecho que la se\u00f1ora Viviana Vargas Vives se haya atrevido a afirmar algo tan f\u00e1cil de probar como falso, indica que le tiene sin cuidado pisotearle los derechos a la dignidad y al honor que tienen las hijas y sobrinas de Roberto M\u00e1rquez.<\/p><p>Desde el principio, la se\u00f1ora Viviana Vargas Vives trat\u00f3 de enlodar a\u00fan m\u00e1s el nombre de Roberto M\u00e1rquez diciendo que hab\u00eda m\u00e1s v\u00edctimas y termin\u00f3 contradici\u00e9ndose nuevamente. Mientras que el 9 de julio del 2020 en la W Radio respondi\u00f3 a la pregunta si sab\u00eda de otras v\u00edctimas con la frase &#8220;se de otra persona, pero no he hablado con ella&#8221;. Al d\u00eda siguiente, en la entrevista de Blu Radio del 10 de julio del 2020, respondi\u00f3 a la misma pregunta con &#8220;no tengo idea&#8221;. <\/p><p>Adicionalmente, en el podcast de Hablando Solas del 7 de octubre del 2020, dijo que cuando la hermana se enter\u00f3 en 1999 de la supuesta violaci\u00f3n, hab\u00eda dicho que ella tambi\u00e9n fue v\u00edctima de Roberto M\u00e1rquez y despu\u00e9s a\u00f1adi\u00f3 la calumnia arriba mencionada. <\/p>\t\t\t\t\t\t\t\t<\/div>\n\t\t\t\t<\/div>\n\t\t\t\t\t<\/div>\n\t\t<\/div>\n\t\t\t\t<div class=\"has_eae_slider elementor-column elementor-col-50 elementor-inner-column elementor-element elementor-element-9e964ca elementor-invisible\" data-eae-slider=\"10105\" data-id=\"9e964ca\" data-element_type=\"column\" data-settings=\"{&quot;animation&quot;:&quot;fadeIn&quot;}\">\n\t\t\t<div class=\"elementor-widget-wrap elementor-element-populated\">\n\t\t\t\t\t\t<div class=\"elementor-element elementor-element-74c927a elementor-widget elementor-widget-video\" data-id=\"74c927a\" data-element_type=\"widget\" data-settings=\"{&quot;youtube_url&quot;:&quot;https:\\\/\\\/youtu.be\\\/HCZvD3kgVAE&quot;,&quot;start&quot;:0,&quot;end&quot;:300,&quot;show_image_overlay&quot;:&quot;yes&quot;,&quot;image_overlay&quot;:{&quot;url&quot;:&quot;http:\\\/\\\/18u.d6f.myftpupload.com\\\/wp-content\\\/uploads\\\/2021\\\/12\\\/Ma\\u0301s-calumnias.webp&quot;,&quot;id&quot;:2997,&quot;size&quot;:&quot;&quot;,&quot;alt&quot;:&quot;&quot;,&quot;source&quot;:&quot;library&quot;},&quot;video_type&quot;:&quot;youtube&quot;,&quot;controls&quot;:&quot;yes&quot;}\" data-widget_type=\"video.default\">\n\t\t\t\t<div class=\"elementor-widget-container\">\n\t\t\t\t\t\t\t<div class=\"elementor-wrapper elementor-open-inline\">\n\t\t\t<div class=\"elementor-video\"><\/div>\t\t\t\t<div class=\"elementor-custom-embed-image-overlay\" style=\"background-image: url(https:\/\/robertomarquez.org\/wp-content\/uploads\/2021\/12\/Ma\u0301s-calumnias.webp);\">\n\t\t\t\t\t\t\t\t\t\t\t\t\t\t\t\t<div class=\"elementor-custom-embed-play\" role=\"button\" aria-label=\"Reproducir v\u00eddeo\" tabindex=\"0\">\n\t\t\t\t\t\t\t<i aria-hidden=\"true\" class=\"eicon-play\"><\/i>\t\t\t\t\t\t<\/div>\n\t\t\t\t\t\t\t\t\t<\/div>\n\t\t\t\t\t<\/div>\n\t\t\t\t\t\t<\/div>\n\t\t\t\t<\/div>\n\t\t\t\t<div class=\"elementor-element elementor-element-693a443 elementor-widget elementor-widget-text-editor\" data-id=\"693a443\" data-element_type=\"widget\" data-widget_type=\"text-editor.default\">\n\t\t\t\t<div class=\"elementor-widget-container\">\n\t\t\t\t\t\t\t\t\t<p><strong><em>* En este video encontrar\u00e1 el extracto del podcast de Hablando Solas del 7 de octubre del 2020, donde la se\u00f1ora Viviana Vargas Vives se atrevi\u00f3 a calumniar a\u00fan m\u00e1s a Roberto M\u00e1rquez diciendo que el hab\u00eda abusado de sus propias hijas y sobrinas.<br \/><\/em><\/strong><\/p>\t\t\t\t\t\t\t\t<\/div>\n\t\t\t\t<\/div>\n\t\t\t\t\t<\/div>\n\t\t<\/div>\n\t\t\t\t\t<\/div>\n\t\t<\/section>\n\t\t\t\t\t<\/div>\n\t\t<\/div>\n\t\t\t\t\t<\/div>\n\t\t<\/section>\n\t\t\t\t<section class=\"has_eae_slider elementor-section elementor-top-section elementor-element elementor-element-0faea0c elementor-section-boxed elementor-section-height-default elementor-section-height-default\" data-eae-slider=\"13599\" data-id=\"0faea0c\" data-element_type=\"section\" data-settings=\"{&quot;background_background&quot;:&quot;classic&quot;}\">\n\t\t\t\t\t\t<div class=\"elementor-container elementor-column-gap-default\">\n\t\t\t\t\t<div class=\"has_eae_slider elementor-column elementor-col-100 elementor-top-column elementor-element elementor-element-a859ae6\" data-eae-slider=\"30528\" data-id=\"a859ae6\" data-element_type=\"column\">\n\t\t\t<div class=\"elementor-widget-wrap elementor-element-populated\">\n\t\t\t\t\t\t<div class=\"elementor-element elementor-element-2191e7a elementor-widget elementor-widget-heading\" data-id=\"2191e7a\" data-element_type=\"widget\" data-widget_type=\"heading.default\">\n\t\t\t\t<div class=\"elementor-widget-container\">\n\t\t\t\t\t<h2 class=\"elementor-heading-title elementor-size-default\">Escuche las falacias de la Sra. Viviana Vargas Vives en la version completa del Podcast de Hablando Solas del 7 de octubre del 2020<\/h2>\t\t\t\t<\/div>\n\t\t\t\t<\/div>\n\t\t\t\t<div class=\"elementor-element elementor-element-ea60e23 elementor-widget elementor-widget-html\" data-id=\"ea60e23\" data-element_type=\"widget\" data-widget_type=\"html.default\">\n\t\t\t\t<div class=\"elementor-widget-container\">\n\t\t\t\t\t<iframe width=\"100%\" height=\"166\" scrolling=\"no\" frameborder=\"no\" allow=\"autoplay\" src=\"https:\/\/w.soundcloud.com\/player\/?url=https%3A\/\/api.soundcloud.com\/tracks\/1183001896&color=%23010101&auto_play=false&hide_related=false&show_comments=true&show_user=true&show_reposts=false&show_teaser=true\"><\/iframe><div style=\"font-size: 10px; color: #cccccc;line-break: anywhere;word-break: normal;overflow: hidden;white-space: nowrap;text-overflow: ellipsis; font-family: Interstate,Lucida Grande,Lucida Sans Unicode,Lucida Sans,Garuda,Verdana,Tahoma,sans-serif;font-weight: 100;\"><a href=\"https:\/\/soundcloud.com\/caso-roberto-marquez\" title=\"Roberto M\u00e1rquez Zalamea\" target=\"_blank\" style=\"color: #cccccc; text-decoration: none;\">Roberto M\u00e1rquez Zalamea<\/a> \u00b7 <a href=\"https:\/\/soundcloud.com\/caso-roberto-marquez\/podcast-hablando-a-solas\" title=\"Podcast: Hablando a solas\" target=\"_blank\" style=\"color: #cccccc; text-decoration: none;\">Podcast: Hablando a solas<\/a><\/div>\t\t\t\t<\/div>\n\t\t\t\t<\/div>\n\t\t\t\t\t<\/div>\n\t\t<\/div>\n\t\t\t\t\t<\/div>\n\t\t<\/section>\n\t\t\t\t<section class=\"has_eae_slider elementor-section elementor-top-section elementor-element elementor-element-6104a86 elementor-section-boxed elementor-section-height-default elementor-section-height-default\" data-eae-slider=\"31445\" data-id=\"6104a86\" data-element_type=\"section\">\n\t\t\t\t\t\t<div class=\"elementor-container elementor-column-gap-default\">\n\t\t\t\t\t<div class=\"has_eae_slider elementor-column elementor-col-100 elementor-top-column elementor-element elementor-element-7e137d72\" data-eae-slider=\"68378\" data-id=\"7e137d72\" data-element_type=\"column\">\n\t\t\t<div class=\"elementor-widget-wrap elementor-element-populated\">\n\t\t\t\t\t\t<div class=\"elementor-element elementor-element-5c0d651f elementor-widget elementor-widget-heading\" data-id=\"5c0d651f\" data-element_type=\"widget\" data-settings=\"{&quot;_animation&quot;:&quot;none&quot;}\" data-widget_type=\"heading.default\">\n\t\t\t\t<div class=\"elementor-widget-container\">\n\t\t\t\t\t<h2 class=\"elementor-heading-title elementor-size-default\">Conclusiones<\/h2>\t\t\t\t<\/div>\n\t\t\t\t<\/div>\n\t\t\t\t<section class=\"has_eae_slider elementor-section elementor-inner-section elementor-element elementor-element-5fd03e5 elementor-section-boxed elementor-section-height-default elementor-section-height-default\" data-eae-slider=\"66286\" data-id=\"5fd03e5\" data-element_type=\"section\">\n\t\t\t\t\t\t<div class=\"elementor-container elementor-column-gap-custom\">\n\t\t\t\t\t<div class=\"has_eae_slider elementor-column elementor-col-100 elementor-inner-column elementor-element elementor-element-ad10486\" data-eae-slider=\"81321\" data-id=\"ad10486\" data-element_type=\"column\">\n\t\t\t<div class=\"elementor-widget-wrap elementor-element-populated\">\n\t\t\t\t\t\t<div class=\"elementor-element elementor-element-47a8538 elementor-widget elementor-widget-text-editor\" data-id=\"47a8538\" data-element_type=\"widget\" data-widget_type=\"text-editor.default\">\n\t\t\t\t<div class=\"elementor-widget-container\">\n\t\t\t\t\t\t\t\t\t<ul>\n<li>Es evidente que la se\u00f1ora Viviana Vargas Vives utiliz\u00f3 las falsas acusaciones a Roberto M\u00e1rquez y su supuesta identidad de sobreviviente de abuso sexual para tratar de obtener una curul en el congreso.<br><\/li>\n<\/ul>\t\t\t\t\t\t\t\t<\/div>\n\t\t\t\t<\/div>\n\t\t\t\t<div class=\"elementor-element elementor-element-031a61a elementor-widget elementor-widget-text-editor\" data-id=\"031a61a\" data-element_type=\"widget\" data-widget_type=\"text-editor.default\">\n\t\t\t\t<div class=\"elementor-widget-container\">\n\t\t\t\t\t\t\t\t\t<ul><li>Ninguna de las <a href=\"http:\/\/18u.d6f.myftpupload.com\/terapias-de-regresion\/\">regresiones<\/a> a las que se someti\u00f3 Viviana Vargas Vives, las que seg\u00fan ella le permitieron &#8220;recordar&#8221; los supuestos abusos ocurridos 30 a\u00f1os atr\u00e1s, puede ser tenida en cuenta por la justicia ni por la opini\u00f3n p\u00fablica porque los recuerdos obtenidos a trav\u00e9s de estas son el producto de su imaginaci\u00f3n. Son memorias maleables, ficciones construidas sin ning\u00fan fundamento en la realidad.<\/li><\/ul>\t\t\t\t\t\t\t\t<\/div>\n\t\t\t\t<\/div>\n\t\t\t\t<div class=\"elementor-element elementor-element-0becfde elementor-widget elementor-widget-text-editor\" data-id=\"0becfde\" data-element_type=\"widget\" data-widget_type=\"text-editor.default\">\n\t\t\t\t<div class=\"elementor-widget-container\">\n\t\t\t\t\t\t\t\t\t<ul><li>Las contradicciones y los argumentos il\u00f3gicos en el discurso de la se\u00f1ora Viviana Vargas Vives evidencian la falsedad de las acusaciones. <\/li><\/ul>\t\t\t\t\t\t\t\t<\/div>\n\t\t\t\t<\/div>\n\t\t\t\t<div class=\"elementor-element elementor-element-4c51e4f elementor-widget elementor-widget-text-editor\" data-id=\"4c51e4f\" data-element_type=\"widget\" data-widget_type=\"text-editor.default\">\n\t\t\t\t<div class=\"elementor-widget-container\">\n\t\t\t\t\t\t\t\t\t<ul><li>Las inconsistencias de fechas en su discurso corresponden a una f\u00e1bula que construy\u00f3 para justificar su existencia.<\/li><\/ul>\t\t\t\t\t\t\t\t<\/div>\n\t\t\t\t<\/div>\n\t\t\t\t<div class=\"elementor-element elementor-element-c1fbb0a elementor-widget elementor-widget-text-editor\" data-id=\"c1fbb0a\" data-element_type=\"widget\" data-widget_type=\"text-editor.default\">\n\t\t\t\t<div class=\"elementor-widget-container\">\n\t\t\t\t\t\t\t\t\t<ul><li>Las m\u00faltiples versiones de la historia que present\u00f3 Viviana Vargas Vives ante los medios y el hecho de que <a href=\"http:\/\/18u.d6f.myftpupload.com\/resumen-del-caso\/\">jam\u00e1s presentara una denuncia formal<\/a> en contra de Roberto M\u00e1rquez ante la justicia colombiana constituyen pruebas irrefutables de la falta de sustento de sus acusaciones.<\/li><\/ul>\t\t\t\t\t\t\t\t<\/div>\n\t\t\t\t<\/div>\n\t\t\t\t\t<\/div>\n\t\t<\/div>\n\t\t\t\t\t<\/div>\n\t\t<\/section>\n\t\t\t\t\t<\/div>\n\t\t<\/div>\n\t\t\t\t\t<\/div>\n\t\t<\/section>\n\t\t\t\t<\/div>\n\t\t","protected":false},"excerpt":{"rendered":"<p>Falsas acusaciones a Roberto M\u00e1rquez INCONSISTENCIAS, CONTRADICCIONES, ARGUMENTOS IL\u00d3GICOS Y ASPIRACIONES POL\u00cdTICAS DE LA SE\u00d1ORA VIVIANA VARGAS VIVES El discurso de la se\u00f1ora Viviana Vargas Vives que usa para se\u00f1alar a Roberto M\u00e1rquez de supuestamente haberla violado 30 a\u00f1os atr\u00e1s est\u00e1 plagado de infamias y contradicciones. Esas que pasan sin filtro en la redes sociales [&hellip;]<\/p>\n","protected":false},"author":3,"featured_media":0,"parent":0,"menu_order":0,"comment_status":"closed","ping_status":"closed","template":"","meta":{"footnotes":""},"class_list":["post-2139","page","type-page","status-publish","hentry"],"yoast_head":"<!-- This site is optimized with the Yoast SEO plugin v24.5 - https:\/\/yoast.com\/wordpress\/plugins\/seo\/ -->\n<title>Falsas acusaciones a Roberto M\u00e1rquez<\/title>\n<meta name=\"description\" content=\"Pruebas de las falsas acusaciones a Roberto M\u00e1rquez por parte de Viviana Vargas Vives. Inconsistencias, contradicciones y falacias.\" \/>\n<meta name=\"robots\" content=\"index, follow, max-snippet:-1, max-image-preview:large, max-video-preview:-1\" \/>\n<link rel=\"canonical\" href=\"https:\/\/robertomarquez.org\/?page_id=2139\" \/>\n<meta property=\"og:locale\" content=\"es_ES\" \/>\n<meta property=\"og:type\" content=\"article\" \/>\n<meta property=\"og:title\" content=\"Falsas acusaciones a Roberto M\u00e1rquez\" \/>\n<meta property=\"og:description\" content=\"Pruebas de las falsas acusaciones a Roberto M\u00e1rquez por parte de Viviana Vargas Vives. Inconsistencias, contradicciones y falacias.\" \/>\n<meta property=\"og:url\" content=\"https:\/\/robertomarquez.org\/?page_id=2139\" \/>\n<meta property=\"og:site_name\" content=\"Roberto M\u00e1rquez\" \/>\n<meta property=\"article:modified_time\" content=\"2025-11-13T20:09:48+00:00\" \/>\n<meta property=\"og:image\" content=\"https:\/\/robertomarquez.org\/wp-content\/uploads\/2021\/12\/foto.webp\" \/>\n<meta name=\"twitter:card\" content=\"summary_large_image\" \/>\n<meta name=\"twitter:label1\" content=\"Tiempo de lectura\" \/>\n\t<meta name=\"twitter:data1\" content=\"17 minutos\" \/>\n<script type=\"application\/ld+json\" class=\"yoast-schema-graph\">{\"@context\":\"https:\/\/schema.org\",\"@graph\":[{\"@type\":\"WebPage\",\"@id\":\"https:\/\/robertomarquez.org\/?page_id=2139\",\"url\":\"https:\/\/robertomarquez.org\/?page_id=2139\",\"name\":\"Falsas acusaciones a Roberto M\u00e1rquez\",\"isPartOf\":{\"@id\":\"https:\/\/robertomarquez.org\/#website\"},\"primaryImageOfPage\":{\"@id\":\"https:\/\/robertomarquez.org\/?page_id=2139#primaryimage\"},\"image\":{\"@id\":\"https:\/\/robertomarquez.org\/?page_id=2139#primaryimage\"},\"thumbnailUrl\":\"https:\/\/robertomarquez.org\/wp-content\/uploads\/2021\/12\/foto.webp\",\"datePublished\":\"2025-11-13T20:05:05+00:00\",\"dateModified\":\"2025-11-13T20:09:48+00:00\",\"description\":\"Pruebas de las falsas acusaciones a Roberto M\u00e1rquez por parte de Viviana Vargas Vives. Inconsistencias, contradicciones y falacias.\",\"breadcrumb\":{\"@id\":\"https:\/\/robertomarquez.org\/?page_id=2139#breadcrumb\"},\"inLanguage\":\"es-CO\",\"potentialAction\":[{\"@type\":\"ReadAction\",\"target\":[\"https:\/\/robertomarquez.org\/?page_id=2139\"]}]},{\"@type\":\"ImageObject\",\"inLanguage\":\"es-CO\",\"@id\":\"https:\/\/robertomarquez.org\/?page_id=2139#primaryimage\",\"url\":\"https:\/\/robertomarquez.org\/wp-content\/uploads\/2021\/12\/foto.webp\",\"contentUrl\":\"https:\/\/robertomarquez.org\/wp-content\/uploads\/2021\/12\/foto.webp\",\"width\":664,\"height\":418},{\"@type\":\"BreadcrumbList\",\"@id\":\"https:\/\/robertomarquez.org\/?page_id=2139#breadcrumb\",\"itemListElement\":[{\"@type\":\"ListItem\",\"position\":1,\"name\":\"Inicio\",\"item\":\"https:\/\/robertomarquez.org\/\"},{\"@type\":\"ListItem\",\"position\":2,\"name\":\"Falsas acusaciones\"}]},{\"@type\":\"WebSite\",\"@id\":\"https:\/\/robertomarquez.org\/#website\",\"url\":\"https:\/\/robertomarquez.org\/\",\"name\":\"Roberto M\u00e1rquez\",\"description\":\"P\u00e1gina de investigaci\u00f3n\",\"potentialAction\":[{\"@type\":\"SearchAction\",\"target\":{\"@type\":\"EntryPoint\",\"urlTemplate\":\"https:\/\/robertomarquez.org\/?s={search_term_string}\"},\"query-input\":{\"@type\":\"PropertyValueSpecification\",\"valueRequired\":true,\"valueName\":\"search_term_string\"}}],\"inLanguage\":\"es-CO\"}]}<\/script>\n<!-- \/ Yoast SEO plugin. -->","yoast_head_json":{"title":"Falsas acusaciones a Roberto M\u00e1rquez","description":"Pruebas de las falsas acusaciones a Roberto M\u00e1rquez por parte de Viviana Vargas Vives. Inconsistencias, contradicciones y falacias.","robots":{"index":"index","follow":"follow","max-snippet":"max-snippet:-1","max-image-preview":"max-image-preview:large","max-video-preview":"max-video-preview:-1"},"canonical":"https:\/\/robertomarquez.org\/?page_id=2139","og_locale":"es_ES","og_type":"article","og_title":"Falsas acusaciones a Roberto M\u00e1rquez","og_description":"Pruebas de las falsas acusaciones a Roberto M\u00e1rquez por parte de Viviana Vargas Vives. Inconsistencias, contradicciones y falacias.","og_url":"https:\/\/robertomarquez.org\/?page_id=2139","og_site_name":"Roberto M\u00e1rquez","article_modified_time":"2025-11-13T20:09:48+00:00","og_image":[{"url":"https:\/\/robertomarquez.org\/wp-content\/uploads\/2021\/12\/foto.webp","type":"","width":"","height":""}],"twitter_card":"summary_large_image","twitter_misc":{"Tiempo de lectura":"17 minutos"},"schema":{"@context":"https:\/\/schema.org","@graph":[{"@type":"WebPage","@id":"https:\/\/robertomarquez.org\/?page_id=2139","url":"https:\/\/robertomarquez.org\/?page_id=2139","name":"Falsas acusaciones a Roberto M\u00e1rquez","isPartOf":{"@id":"https:\/\/robertomarquez.org\/#website"},"primaryImageOfPage":{"@id":"https:\/\/robertomarquez.org\/?page_id=2139#primaryimage"},"image":{"@id":"https:\/\/robertomarquez.org\/?page_id=2139#primaryimage"},"thumbnailUrl":"https:\/\/robertomarquez.org\/wp-content\/uploads\/2021\/12\/foto.webp","datePublished":"2025-11-13T20:05:05+00:00","dateModified":"2025-11-13T20:09:48+00:00","description":"Pruebas de las falsas acusaciones a Roberto M\u00e1rquez por parte de Viviana Vargas Vives. Inconsistencias, contradicciones y falacias.","breadcrumb":{"@id":"https:\/\/robertomarquez.org\/?page_id=2139#breadcrumb"},"inLanguage":"es-CO","potentialAction":[{"@type":"ReadAction","target":["https:\/\/robertomarquez.org\/?page_id=2139"]}]},{"@type":"ImageObject","inLanguage":"es-CO","@id":"https:\/\/robertomarquez.org\/?page_id=2139#primaryimage","url":"https:\/\/robertomarquez.org\/wp-content\/uploads\/2021\/12\/foto.webp","contentUrl":"https:\/\/robertomarquez.org\/wp-content\/uploads\/2021\/12\/foto.webp","width":664,"height":418},{"@type":"BreadcrumbList","@id":"https:\/\/robertomarquez.org\/?page_id=2139#breadcrumb","itemListElement":[{"@type":"ListItem","position":1,"name":"Inicio","item":"https:\/\/robertomarquez.org\/"},{"@type":"ListItem","position":2,"name":"Falsas acusaciones"}]},{"@type":"WebSite","@id":"https:\/\/robertomarquez.org\/#website","url":"https:\/\/robertomarquez.org\/","name":"Roberto M\u00e1rquez","description":"P\u00e1gina de investigaci\u00f3n","potentialAction":[{"@type":"SearchAction","target":{"@type":"EntryPoint","urlTemplate":"https:\/\/robertomarquez.org\/?s={search_term_string}"},"query-input":{"@type":"PropertyValueSpecification","valueRequired":true,"valueName":"search_term_string"}}],"inLanguage":"es-CO"}]}},"_links":{"self":[{"href":"https:\/\/robertomarquez.org\/index.php?rest_route=\/wp\/v2\/pages\/2139","targetHints":{"allow":["GET"]}}],"collection":[{"href":"https:\/\/robertomarquez.org\/index.php?rest_route=\/wp\/v2\/pages"}],"about":[{"href":"https:\/\/robertomarquez.org\/index.php?rest_route=\/wp\/v2\/types\/page"}],"author":[{"embeddable":true,"href":"https:\/\/robertomarquez.org\/index.php?rest_route=\/wp\/v2\/users\/3"}],"replies":[{"embeddable":true,"href":"https:\/\/robertomarquez.org\/index.php?rest_route=%2Fwp%2Fv2%2Fcomments&post=2139"}],"version-history":[{"count":1031,"href":"https:\/\/robertomarquez.org\/index.php?rest_route=\/wp\/v2\/pages\/2139\/revisions"}],"predecessor-version":[{"id":4895,"href":"https:\/\/robertomarquez.org\/index.php?rest_route=\/wp\/v2\/pages\/2139\/revisions\/4895"}],"wp:attachment":[{"href":"https:\/\/robertomarquez.org\/index.php?rest_route=%2Fwp%2Fv2%2Fmedia&parent=2139"}],"curies":[{"name":"wp","href":"https:\/\/api.w.org\/{rel}","templated":true}]}}