

{"id":2259,"date":"2025-11-13T15:05:38","date_gmt":"2025-11-13T20:05:38","guid":{"rendered":"https:\/\/robertomarquez.org\/?page_id=2259"},"modified":"2025-11-13T15:05:39","modified_gmt":"2025-11-13T20:05:39","slug":"resumen-del-caso","status":"publish","type":"page","link":"https:\/\/robertomarquez.org\/?page_id=2259","title":{"rendered":"Resumen del caso"},"content":{"rendered":"\t\t<div data-elementor-type=\"wp-page\" data-elementor-id=\"2259\" class=\"elementor elementor-2259\" data-elementor-post-type=\"page\">\n\t\t\t\t\t\t<section class=\"has_eae_slider elementor-section elementor-top-section elementor-element elementor-element-6d0d63c4 elementor-section-full_width elementor-section-height-min-height elementor-section-items-stretch elementor-section-content-middle elementor-section-height-default\" data-eae-slider=\"70634\" data-id=\"6d0d63c4\" data-element_type=\"section\" data-settings=\"{&quot;motion_fx_motion_fx_scrolling&quot;:&quot;yes&quot;,&quot;motion_fx_devices&quot;:[&quot;desktop&quot;,&quot;tablet&quot;,&quot;mobile&quot;]}\">\n\t\t\t\t\t\t<div class=\"elementor-container elementor-column-gap-no\">\n\t\t\t\t\t<div class=\"has_eae_slider elementor-column elementor-col-50 elementor-top-column elementor-element elementor-element-1e0d8474\" data-eae-slider=\"13264\" data-id=\"1e0d8474\" data-element_type=\"column\" data-settings=\"{&quot;background_background&quot;:&quot;classic&quot;}\">\n\t\t\t<div class=\"elementor-widget-wrap\">\n\t\t\t\t\t\t\t<\/div>\n\t\t<\/div>\n\t\t\t\t<div class=\"has_eae_slider elementor-column elementor-col-50 elementor-top-column elementor-element elementor-element-2faf0548\" data-eae-slider=\"4130\" data-id=\"2faf0548\" data-element_type=\"column\">\n\t\t\t<div class=\"elementor-widget-wrap elementor-element-populated\">\n\t\t\t\t\t\t<div class=\"elementor-element elementor-element-b7d6227 elementor-widget elementor-widget-heading\" data-id=\"b7d6227\" data-element_type=\"widget\" data-settings=\"{&quot;_animation&quot;:&quot;none&quot;}\" data-widget_type=\"heading.default\">\n\t\t\t\t<div class=\"elementor-widget-container\">\n\t\t\t\t\t<h1 class=\"elementor-heading-title elementor-size-default\">Resumen del caso de Roberto M\u00e1rquez \n<\/h1>\t\t\t\t<\/div>\n\t\t\t\t<\/div>\n\t\t\t\t<section class=\"has_eae_slider elementor-section elementor-inner-section elementor-element elementor-element-c118b25 elementor-section-full_width elementor-section-height-default elementor-section-height-default\" data-eae-slider=\"7982\" data-id=\"c118b25\" data-element_type=\"section\">\n\t\t\t\t\t\t<div class=\"elementor-container elementor-column-gap-no\">\n\t\t\t\t\t<div class=\"has_eae_slider elementor-column elementor-col-100 elementor-inner-column elementor-element elementor-element-00f6751\" data-eae-slider=\"51368\" data-id=\"00f6751\" data-element_type=\"column\">\n\t\t\t<div class=\"elementor-widget-wrap\">\n\t\t\t\t\t\t\t<\/div>\n\t\t<\/div>\n\t\t\t\t\t<\/div>\n\t\t<\/section>\n\t\t\t\t<div class=\"elementor-element elementor-element-3a9ec80 elementor-widget elementor-widget-heading\" data-id=\"3a9ec80\" data-element_type=\"widget\" data-widget_type=\"heading.default\">\n\t\t\t\t<div class=\"elementor-widget-container\">\n\t\t\t\t\t<h2 class=\"elementor-heading-title elementor-size-large\"><br> FALSAMENTE ACUSADO EN LAS REDES POR LA SE\u00d1ORA VIVIANA VARGAS VIVES <\/h2>\t\t\t\t<\/div>\n\t\t\t\t<\/div>\n\t\t\t\t\t<\/div>\n\t\t<\/div>\n\t\t\t\t\t<\/div>\n\t\t<\/section>\n\t\t\t\t<section class=\"has_eae_slider elementor-section elementor-top-section elementor-element elementor-element-1f06afd elementor-section-boxed elementor-section-height-default elementor-section-height-default\" data-eae-slider=\"70038\" data-id=\"1f06afd\" data-element_type=\"section\">\n\t\t\t\t\t\t<div class=\"elementor-container elementor-column-gap-default\">\n\t\t\t\t\t<div class=\"has_eae_slider elementor-column elementor-col-100 elementor-top-column elementor-element elementor-element-ae76ebb\" data-eae-slider=\"86377\" data-id=\"ae76ebb\" data-element_type=\"column\">\n\t\t\t<div class=\"elementor-widget-wrap elementor-element-populated\">\n\t\t\t\t\t\t<div class=\"elementor-element elementor-element-94ba629 elementor-widget elementor-widget-heading\" data-id=\"94ba629\" data-element_type=\"widget\" data-widget_type=\"heading.default\">\n\t\t\t\t<div class=\"elementor-widget-container\">\n\t\t\t\t\t<h2 class=\"elementor-heading-title elementor-size-default\"><br>Julio 2020<br><\/h2>\t\t\t\t<\/div>\n\t\t\t\t<\/div>\n\t\t\t\t<div class=\"elementor-element elementor-element-7f6be58 elementor-widget elementor-widget-text-editor\" data-id=\"7f6be58\" data-element_type=\"widget\" data-widget_type=\"text-editor.default\">\n\t\t\t\t<div class=\"elementor-widget-container\">\n\t\t\t\t\t\t\t\t\t<p><strong><em>*Las pruebas las puede ver haciendo clic en la letra azul.<\/em><\/strong><\/p>\t\t\t\t\t\t\t\t<\/div>\n\t\t\t\t<\/div>\n\t\t\t\t<div class=\"elementor-element elementor-element-5029c20 elementor-widget elementor-widget-text-editor\" data-id=\"5029c20\" data-element_type=\"widget\" data-widget_type=\"text-editor.default\">\n\t\t\t\t<div class=\"elementor-widget-container\">\n\t\t\t\t\t\t\t\t\t<p>El d\u00eda 7 de julio del 2020, la se\u00f1ora Viviana Vargas Vives, en ese momento de 36 a\u00f1os de edad, declara en su cuenta de Facebook que fue violada a los 6 a\u00f1os. Pero, es el 8 de julio cuando su hermano, Jaime Andr\u00e9s Vargas Vives, menciona el nombre de Roberto M\u00e1rquez y lo se\u00f1ala como el agresor de su hermana. La responsabilidad que se le endilga a Roberto M\u00e1rquez, resulta ser producto de varias <a href=\"http:\/\/18u.d6f.myftpupload.com\/terapias-de-regresion\/\">regresiones psicol\u00f3gicas<\/a> a las que se someti\u00f3 la se\u00f1ora Viviana Vargas Vives y las que seg\u00fan ella le permitieron &#8220;recordar&#8221; los presuntos abusos ocurridos 30 a\u00f1os atr\u00e1s. A pesar de que la se\u00f1ora Viviana Vargas Vives no suministr\u00f3 ning\u00fan tipo de evidencia y se contradijo en numerosas ocasiones, algunos periodistas de forma irresponsable asumieron que dec\u00eda la verdad y difundieron la noticia como si fuera cierta.<\/p>\t\t\t\t\t\t\t\t<\/div>\n\t\t\t\t<\/div>\n\t\t\t\t<div class=\"elementor-element elementor-element-72f5903 elementor-widget elementor-widget-text-editor\" data-id=\"72f5903\" data-element_type=\"widget\" data-widget_type=\"text-editor.default\">\n\t\t\t\t<div class=\"elementor-widget-container\">\n\t\t\t\t\t\t\t\t\t<p>El 8 de julio del 2020, Roberto M\u00e1rquez y su familia se enteran del atroz se\u00f1alamiento del se\u00f1or Jaime Vargas Vives a trav\u00e9s de la publicaci\u00f3n de un medio de comunicaci\u00f3n local y de las redes sociales. Luego de conocer la noticia y ante la gravedad de las acusaciones, la familia le recomienda a Roberto M\u00e1rquez buscar ayuda psiqui\u00e1trica por lo que contacta y comienza terapias con el reconocido psiquiatra, el Dr. Pedro G\u00f3mez M\u00e9ndez. Asimismo, a Roberto M\u00e1rquez le aconsejan permanecer en silencio hasta aclarar su situaci\u00f3n con la justicia.<\/p>\n<p><\/p>\t\t\t\t\t\t\t\t<\/div>\n\t\t\t\t<\/div>\n\t\t\t\t<div class=\"elementor-element elementor-element-0977a81 elementor-widget elementor-widget-text-editor\" data-id=\"0977a81\" data-element_type=\"widget\" data-widget_type=\"text-editor.default\">\n\t\t\t\t<div class=\"elementor-widget-container\">\n\t\t\t\t\t\t\t\t\t<p>Aupada por su hermano, la Sra. Viviana Vargas Vives comienza una campa\u00f1a \u00a0medi\u00e1tica y es entrevistada por varios medios de comunicaci\u00f3n en los que se despacha contra Roberto M\u00e1rquez con falsos y contradictorios relatos que no solo rayan en lo absurdo, sino que son cada vez m\u00e1s <a href=\"http:\/\/18u.d6f.myftpupload.com\/falsas-acusaciones\/\">contradictorios e inveros\u00edmiles<\/a> porque son el resultado de una combinaci\u00f3n de mentiras, de calumnias y de fantas\u00edas producto de <a href=\"http:\/\/18u.d6f.myftpupload.com\/terapias-de-regresion\/\">terapias de regresi\u00f3n<\/a>. Mientras tanto, Roberto M\u00e1rquez permanece sin responder esperando que el sistema judicial act\u00fae para resarcir su reputaci\u00f3n con la verdad.<\/p><p>\u00a0<\/p>\t\t\t\t\t\t\t\t<\/div>\n\t\t\t\t<\/div>\n\t\t\t\t<div class=\"elementor-element elementor-element-6d5de16 elementor-widget elementor-widget-text-editor\" data-id=\"6d5de16\" data-element_type=\"widget\" data-widget_type=\"text-editor.default\">\n\t\t\t\t<div class=\"elementor-widget-container\">\n\t\t\t\t\t\t\t\t\t<p>Es importante se\u00f1alar que Viviana Vargas Vives jam\u00e1s interpuso denuncia alguna en contra de Roberto M\u00e1rquez, a pesar de haberlo anunciado en m\u00faltiples oportunidades a trav\u00e9s de las redes sociales y medios de comunicaci\u00f3n nacional. Como lo prueban los documentos de soporte, la Sra. Viviana Vargas Vives fue contactada varias veces por la Fiscal\u00eda\u00a0<a href=\"http:\/\/18u.d6f.myftpupload.com\/wp-content\/uploads\/2021\/12\/1-Expediente-Marquez-digital_removed-1.pdf\" target=\"_blank\" rel=\"noopener\">en julio de 2020<\/a>\u00a0y\u00a0<a href=\"http:\/\/18u.d6f.myftpupload.com\/wp-content\/uploads\/2021\/12\/2-Informe-policia-judicial.pdf\" target=\"_blank\" rel=\"noopener\">en junio de 2021<\/a>, pero no atendi\u00f3 al llamado de la justicia. Sus se\u00f1alamientos y calumnias se quedaron en las redes sociales por lo que la misma Fiscal\u00eda decidi\u00f3 abrir una investigaci\u00f3n de oficio.<a href=\"#_ftnref1\" name=\"_ftn1\"><\/a><\/p><p>\u00a0<\/p>\t\t\t\t\t\t\t\t<\/div>\n\t\t\t\t<\/div>\n\t\t\t\t<div class=\"elementor-element elementor-element-22ddffc elementor-widget elementor-widget-text-editor\" data-id=\"22ddffc\" data-element_type=\"widget\" data-widget_type=\"text-editor.default\">\n\t\t\t\t<div class=\"elementor-widget-container\">\n\t\t\t\t\t\t\t\t\t<p>El 10 de julio, Roberto M\u00e1rquez con la asesor\u00eda de familiares y amigos abogados, decide\u00a0<a href=\"http:\/\/18u.d6f.myftpupload.com\/wp-content\/uploads\/2021\/12\/1-PODER-AL-DR-DEL-VILLAR.pdf\" target=\"_blank\" rel=\"noopener\">otorgarle poder<\/a>\u00a0al abogado penalista el Dr. Donaldo del Villar para representarlo en el caso. Tras la solicitud de Del Villar de los antecedentes judiciales de su poderdante, se enteran de que hasta la fecha, contra Roberto no se ha interpuesto\u00a0<a href=\"http:\/\/18u.d6f.myftpupload.com\/wp-content\/uploads\/2021\/12\/2-pp-cc-cc.pdf\" target=\"_blank\" rel=\"noopener\">ninguna acci\u00f3n legal<\/a>. Durante todo este tiempo, los se\u00f1alamientos que hizo la Sra. Viviana Vargas Vives nunca se llevaron ante la justicia. El Dr. Del Villar contin\u00faa las gestiones y env\u00eda memoriales a la Direcci\u00f3n Seccional de Fiscal\u00edas, a la Direcci\u00f3n Nacional de Fiscal\u00edas y a la Jefe de Asignaciones de la Fiscal\u00eda solicitando informaci\u00f3n sobre la supuesta denuncia y colocando a su poderdante\u00a0<a href=\"http:\/\/18u.d6f.myftpupload.com\/wp-content\/uploads\/2021\/12\/3a-3b-3c.pdf\" target=\"_blank\" rel=\"noopener\">a disposici\u00f3n de la justicia<\/a>.<a href=\"#_ftnref1\" name=\"_ftn1\"><\/a><\/p>\t\t\t\t\t\t\t\t<\/div>\n\t\t\t\t<\/div>\n\t\t\t\t<div class=\"elementor-element elementor-element-f284109 elementor-widget elementor-widget-text-editor\" data-id=\"f284109\" data-element_type=\"widget\" data-widget_type=\"text-editor.default\">\n\t\t\t\t<div class=\"elementor-widget-container\">\n\t\t\t\t\t\t\t\t\t<p>As\u00ed mismo, el Dr. Del Villar env\u00eda derechos de petici\u00f3n al \u00e1rea de Gesti\u00f3n Documental de Asignaciones de la Fiscal\u00eda, a la Direcci\u00f3n Seccional de Fiscal\u00edas y a la Direcci\u00f3n Nacional de Fiscal\u00edas, insistiendo en tener informaci\u00f3n acerca de una denuncia radicada en contra de su poderdante y de nuevo, poni\u00e9ndolo\u00a0<a href=\"http:\/\/18u.d6f.myftpupload.com\/wp-content\/uploads\/2021\/12\/4c-4a-4b.pdf\" target=\"_blank\" rel=\"noopener\">a disposici\u00f3n de la justicia<\/a>. En este mismo per\u00edodo, la fiscal 42 Shirley Rodr\u00edguez Vega fallece de Covid-19 y queda encargada del caso, la secretaria de esa unidad, la Dra. Zomaira G\u00f3mez Benjumea.<\/p>\t\t\t\t\t\t\t\t<\/div>\n\t\t\t\t<\/div>\n\t\t\t\t<div class=\"elementor-element elementor-element-8436177 elementor-widget elementor-widget-text-editor\" data-id=\"8436177\" data-element_type=\"widget\" data-widget_type=\"text-editor.default\">\n\t\t\t\t<div class=\"elementor-widget-container\">\n\t\t\t\t\t\t\t\t\t<p>El 14 de julio, el Dr. Del Villar recibe un oficio de la Direcci\u00f3n Seccional de Fiscal\u00edas del Atl\u00e1ntico, en donde se certifica que no existe denuncia alguna en contra de Roberto M\u00e1rquez e igualmente informa que&nbsp;<a href=\"http:\/\/18u.d6f.myftpupload.com\/wp-content\/uploads\/2021\/12\/5-NO-HAY-DENUNCIA-OFICIO-FISCALIA-.pdf\" target=\"_blank\">se inici\u00f3 una investigaci\u00f3n de oficio<\/a>&nbsp;por la seccional de la Fiscal\u00eda 42 seccional. Con esta comunicaci\u00f3n, el Dr. Del Villar env\u00eda un memorial a la Fiscal\u00eda 42 seccional del Atl\u00e1ntico&nbsp;<a href=\"http:\/\/18u.d6f.myftpupload.com\/wp-content\/uploads\/2021\/12\/6-SOLICITUD-PRECLUSION-Y-FUNDAMENTACION.pdf\" target=\"_blank\">solicitando la preclusi\u00f3n de la investigaci\u00f3n a favor de su poderdante<\/a>. A finales de julio; de nuevo, el Dr. Del Villar,&nbsp;<a href=\"http:\/\/18u.d6f.myftpupload.com\/wp-content\/uploads\/2021\/12\/7-2do-memorial-a-la-fiscalia-dr-del-villar.pdf\" target=\"_blank\">reenv\u00eda memorial a la Fiscal\u00eda 42 seccional del Atl\u00e1ntico<\/a>,&nbsp;solicitando la preclusi\u00f3n de la investigaci\u00f3n del caso, a favor de Roberto M\u00e1rquez.<a href=\"#_ftnref1\" name=\"_ftn1\"><\/a><\/p>\t\t\t\t\t\t\t\t<\/div>\n\t\t\t\t<\/div>\n\t\t\t\t<div class=\"elementor-element elementor-element-0aada6c elementor-widget elementor-widget-text-editor\" data-id=\"0aada6c\" data-element_type=\"widget\" data-widget_type=\"text-editor.default\">\n\t\t\t\t<div class=\"elementor-widget-container\">\n\t\t\t\t\t\t\t\t\t<p>En este mismo per\u00edodo, por parte de la Jefatura de la Secci\u00f3n de Atenci\u00f3n al Usuario, Intervenci\u00f3n Temprana y Asignaciones, se recibe la certificaci\u00f3n de que en el Sistema Penal Oral Acusatorio (SPOA)&nbsp;<a href=\"http:\/\/18u.d6f.myftpupload.com\/wp-content\/uploads\/2021\/12\/8-SPOA_page-0001.pdf\" target=\"_blank\">no existen registros de ninguna denuncia en contra de Roberto M\u00e1rquez<\/a>.<\/p>\t\t\t\t\t\t\t\t<\/div>\n\t\t\t\t<\/div>\n\t\t\t\t\t<\/div>\n\t\t<\/div>\n\t\t\t\t\t<\/div>\n\t\t<\/section>\n\t\t\t\t<section class=\"has_eae_slider elementor-section elementor-top-section elementor-element elementor-element-c296b9d elementor-section-boxed elementor-section-height-default elementor-section-height-default\" data-eae-slider=\"44663\" data-id=\"c296b9d\" data-element_type=\"section\">\n\t\t\t\t\t\t<div class=\"elementor-container elementor-column-gap-default\">\n\t\t\t\t\t<div class=\"has_eae_slider elementor-column elementor-col-100 elementor-top-column elementor-element elementor-element-0b8c39d\" data-eae-slider=\"84152\" data-id=\"0b8c39d\" data-element_type=\"column\">\n\t\t\t<div class=\"elementor-widget-wrap elementor-element-populated\">\n\t\t\t\t\t\t<div class=\"elementor-element elementor-element-35bdfbf elementor-widget elementor-widget-heading\" data-id=\"35bdfbf\" data-element_type=\"widget\" data-widget_type=\"heading.default\">\n\t\t\t\t<div class=\"elementor-widget-container\">\n\t\t\t\t\t<h2 class=\"elementor-heading-title elementor-size-default\">Agosto 2020<\/h2>\t\t\t\t<\/div>\n\t\t\t\t<\/div>\n\t\t\t\t<div class=\"elementor-element elementor-element-fdfd15a elementor-widget elementor-widget-text-editor\" data-id=\"fdfd15a\" data-element_type=\"widget\" data-widget_type=\"text-editor.default\">\n\t\t\t\t<div class=\"elementor-widget-container\">\n\t\t\t\t\t\t\t\t\t<p>A principios de agosto de 2020, Roberto M\u00e1rquez env\u00eda un escrito a la Fiscal\u00eda refutando los falsos se\u00f1alamientos en su contra, reiterando su inocencia y alertando sobre el posible inter\u00e9s pol\u00edtico de Viviana Vargas Vives,\u00a0<a href=\"http:\/\/18u.d6f.myftpupload.com\/wp-content\/uploads\/2021\/12\/9-MARQUEZ-ESCRIBE-A-FISCALIA.pdf\" target=\"_blank\" rel=\"noopener\">como cita en el comunicado a la Fiscal\u00eda<\/a>:\u00a0<em>\u201cno es descabellado que todo esto tenga un m\u00f3vil publicitario y pol\u00edtico,\u00a0 para\u00a0 abrazar\u00a0 las banderas del\u00a0<strong>populismo punitivo<\/strong>\u00a0con el objeto de emprender campa\u00f1as pol\u00edticas\u201d<\/em>, para que quedaran en el expediente en caso que hubiera denuncia penal. De igual forma, M\u00e1rquez solicita una\u00a0<a href=\"http:\/\/18u.d6f.myftpupload.com\/20-peritaje-psicologico-forense-roberto-marquez-final\/\" target=\"_blank\" rel=\"noopener\">prueba psicol\u00f3gica<\/a>\u00a0independiente al perito forense, el Dr. Roberto Sicard. Adicionalmente,\u00a0<a href=\"http:\/\/18u.d6f.myftpupload.com\/wp-content\/uploads\/2021\/12\/21-METANALISIS-FINAL-DICIEMBRE-2020.pdf\" target=\"_blank\" rel=\"noopener\">solicita un meta-an\u00e1lisis<\/a>\u00a0de toda la informaci\u00f3n que ha aparecido en medios de comunicaci\u00f3n y redes sociales, para que se eval\u00fae la situaci\u00f3n bajo los par\u00e1metros periciales aprobados por la\u00a0<a href=\"http:\/\/18u.d6f.myftpupload.com\/wp-content\/uploads\/2021\/12\/23-ANEXO-FUNDAMENTOS-DEL-CODIGO-GENERAL-DEL-PROCESO-ART-226-SICARD.pdf\" target=\"_blank\" rel=\"noopener\">legislaci\u00f3n colombiana<\/a>.<a href=\"#_ftnref1\" name=\"_ftn1\"><\/a><\/p>\t\t\t\t\t\t\t\t<\/div>\n\t\t\t\t<\/div>\n\t\t\t\t<div class=\"elementor-element elementor-element-e88ada1 elementor-widget elementor-widget-text-editor\" data-id=\"e88ada1\" data-element_type=\"widget\" data-widget_type=\"text-editor.default\">\n\t\t\t\t<div class=\"elementor-widget-container\">\n\t\t\t\t\t\t\t\t\t<p>Posteriormente, a mediados del mes de agosto y por segunda vez, <a href=\"http:\/\/18u.d6f.myftpupload.com\/wp-content\/uploads\/2021\/12\/10-MARQUEZ-ENVIA-A-FISCALIA-no-2-.pdf\">Del Villar en nombre de M\u00e1rquez env\u00eda un comunicado<\/a> a la Fiscal\u00eda en el que reitera con preocupaci\u00f3n las probables intenciones de la Sra. Viviana Vargas Vives de emprender campa\u00f1as pol\u00edticas, ante tan infundadas acusaciones de desprestigio en su contra. As\u00ed como, se reenv\u00eda un memorial a la Fiscal\u00eda 42 seccional encargada, solicitando copias del proceso para conocer de la supuesta denuncia interpuesta y contestarla.<\/p>\n<p><a href=\"#_ftnref1\" name=\"_ftn1\"><\/a><\/p>\t\t\t\t\t\t\t\t<\/div>\n\t\t\t\t<\/div>\n\t\t\t\t\t<\/div>\n\t\t<\/div>\n\t\t\t\t\t<\/div>\n\t\t<\/section>\n\t\t\t\t<section class=\"has_eae_slider elementor-section elementor-top-section elementor-element elementor-element-e3a8daf elementor-section-boxed elementor-section-height-default elementor-section-height-default\" data-eae-slider=\"11591\" data-id=\"e3a8daf\" data-element_type=\"section\">\n\t\t\t\t\t\t<div class=\"elementor-container elementor-column-gap-default\">\n\t\t\t\t\t<div class=\"has_eae_slider elementor-column elementor-col-100 elementor-top-column elementor-element elementor-element-ab872c7\" data-eae-slider=\"30714\" data-id=\"ab872c7\" data-element_type=\"column\">\n\t\t\t<div class=\"elementor-widget-wrap elementor-element-populated\">\n\t\t\t\t\t\t<div class=\"elementor-element elementor-element-5b612a2 elementor-widget elementor-widget-heading\" data-id=\"5b612a2\" data-element_type=\"widget\" data-widget_type=\"heading.default\">\n\t\t\t\t<div class=\"elementor-widget-container\">\n\t\t\t\t\t<h2 class=\"elementor-heading-title elementor-size-default\">Septiembre 2020<\/h2>\t\t\t\t<\/div>\n\t\t\t\t<\/div>\n\t\t\t\t<div class=\"elementor-element elementor-element-9c3ec0d elementor-widget elementor-widget-text-editor\" data-id=\"9c3ec0d\" data-element_type=\"widget\" data-widget_type=\"text-editor.default\">\n\t\t\t\t<div class=\"elementor-widget-container\">\n\t\t\t\t\t\t\t\t\t<p>A principios de septiembre de 2020, el Dr. Del Villar\u00a0<a href=\"http:\/\/18u.d6f.myftpupload.com\/wp-content\/uploads\/2021\/12\/11-DER-DE-PETICION-FISCAL-G-DE-LA-NACION.pdf\" target=\"_blank\" rel=\"noopener\">radica un derecho de petici\u00f3n<\/a>\u00a0ante el Fiscal General de la Naci\u00f3n y la Jefe de Asignaciones de la Fiscal\u00eda, con el fin de averiguar si existe la supuesta denuncia y solicitando al Fiscal General de la Naci\u00f3n la designaci\u00f3n en propiedad de un Fiscal para la unidad \u00a042, seccional Atl\u00e1ntico. Tambi\u00e9n,\u00a0<a href=\"http:\/\/18u.d6f.myftpupload.com\/wp-content\/uploads\/2021\/12\/8-Escrito-asignaciones-sept.-4-20-2.pdf\" target=\"_blank\" rel=\"noopener\">hace solicitud ante la oficina de Servicio al Ciudadano de la Fiscal\u00eda (OSAC)<\/a>\u00a0para conocer si exist\u00eda una denuncia interpuesta contra Roberto M\u00e1rquez.<a href=\"#_ftnref1\" name=\"_ftn1\"><\/a><\/p>\t\t\t\t\t\t\t\t<\/div>\n\t\t\t\t<\/div>\n\t\t\t\t<div class=\"elementor-element elementor-element-b3460ae elementor-widget elementor-widget-text-editor\" data-id=\"b3460ae\" data-element_type=\"widget\" data-widget_type=\"text-editor.default\">\n\t\t\t\t<div class=\"elementor-widget-container\">\n\t\t\t\t\t\t\t\t\t<p>Dadas las dificultades previas respecto a la situaci\u00f3n de la asignaci\u00f3n de un fiscal encargado, se ve conveniente radicar un memorial ante la Coordinadora de la Unidad de Patrimonio Econ\u00f3mico,\u00a0<a href=\"http:\/\/18u.d6f.myftpupload.com\/wp-content\/uploads\/2021\/12\/12-UN-PATRIM-ECONMICO-Escrito-Dra-Marta-Zabala-sept.-16-20.pdf\" target=\"_blank\" rel=\"noopener\">solicitando reasignar el caso<\/a>\u00a0para una unidad con un fiscal en propiedad en el cargo. De esta manera, en la segunda mitad del mes la Dr. Denny Esther Dulce Pacheco es reubicada en la Fiscal\u00eda 42. Ante ella, finalmente el abogado Del Villar radica memoriales y se\u00a0<a href=\"http:\/\/18u.d6f.myftpupload.com\/wp-content\/uploads\/2021\/12\/13-MEMORIAL-A-DRA-DULCE-.pdf-.pdf\" target=\"_blank\" rel=\"noopener\">pide agilizar el proceso<\/a>.<a href=\"#_ftnref1\" name=\"_ftn1\"><\/a><\/p>\t\t\t\t\t\t\t\t<\/div>\n\t\t\t\t<\/div>\n\t\t\t\t\t<\/div>\n\t\t<\/div>\n\t\t\t\t\t<\/div>\n\t\t<\/section>\n\t\t\t\t<section class=\"has_eae_slider elementor-section elementor-top-section elementor-element elementor-element-c5f16d9 elementor-section-boxed elementor-section-height-default elementor-section-height-default\" data-eae-slider=\"25634\" data-id=\"c5f16d9\" data-element_type=\"section\">\n\t\t\t\t\t\t<div class=\"elementor-container elementor-column-gap-default\">\n\t\t\t\t\t<div class=\"has_eae_slider elementor-column elementor-col-100 elementor-top-column elementor-element elementor-element-8712e26\" data-eae-slider=\"25858\" data-id=\"8712e26\" data-element_type=\"column\">\n\t\t\t<div class=\"elementor-widget-wrap elementor-element-populated\">\n\t\t\t\t\t\t<div class=\"elementor-element elementor-element-a8b315d elementor-widget elementor-widget-heading\" data-id=\"a8b315d\" data-element_type=\"widget\" data-widget_type=\"heading.default\">\n\t\t\t\t<div class=\"elementor-widget-container\">\n\t\t\t\t\t<h2 class=\"elementor-heading-title elementor-size-default\">\u00daltimo trimestre de 2020<\/h2>\t\t\t\t<\/div>\n\t\t\t\t<\/div>\n\t\t\t\t<div class=\"elementor-element elementor-element-c64335d elementor-widget elementor-widget-text-editor\" data-id=\"c64335d\" data-element_type=\"widget\" data-widget_type=\"text-editor.default\">\n\t\t\t\t<div class=\"elementor-widget-container\">\n\t\t\t\t\t\t\t\t\t<p>En los meses de octubre, noviembre y diciembre de nuevo, el Dr. Del Villar pide agilizar el proceso. En octubre\u00a0<a href=\"http:\/\/18u.d6f.myftpupload.com\/wp-content\/uploads\/2021\/12\/14-Respuesta.-Derecho-de-peticion-octubre-3-20.pdf-.pdf\" target=\"_blank\" rel=\"noopener\">env\u00eda nuevo memorial a la Fiscal 42<\/a>\u00a0agradeciendo respuesta al derecho de petici\u00f3n y solicitando agilizar el proceso y pide copias del proceso, para\u00a0<a href=\"http:\/\/18u.d6f.myftpupload.com\/wp-content\/uploads\/2021\/12\/15-Solicitud-copias-expediente-Donaldo-oct.-30-20.pdf\" target=\"_blank\" rel=\"noopener\">contestar la denuncia en caso de que existiera<\/a>.<a href=\"#_ftnref1\" name=\"_ftn1\"><\/a><\/p>\t\t\t\t\t\t\t\t<\/div>\n\t\t\t\t<\/div>\n\t\t\t\t<div class=\"elementor-element elementor-element-3c3b4ca elementor-widget elementor-widget-text-editor\" data-id=\"3c3b4ca\" data-element_type=\"widget\" data-widget_type=\"text-editor.default\">\n\t\t\t\t<div class=\"elementor-widget-container\">\n\t\t\t\t\t\t\t\t\t<p>En noviembre y diciembre\u00a0<a href=\"http:\/\/18u.d6f.myftpupload.com\/wp-content\/uploads\/2021\/12\/16Reiteracion17-Reiteracion18reiteracion19Escrito.pdf\" target=\"_blank\" rel=\"noopener\">reenv\u00eda memorial para impulsar el proceso<\/a>\u00a0y adicionalmente, en diciembre se aportan pruebas fundamentales a favor de Roberto M\u00e1rquez, entre las que se encuentran; el Peritaje psicol\u00f3gico forense a Roberto M\u00e1rquez\u00a0<a href=\"http:\/\/18u.d6f.myftpupload.com\/wp-content\/uploads\/2021\/12\/20-Peritaje-psicologico-Forense-ROBERTO-MARQUEZ-FINAL.pdf\" target=\"_blank\" rel=\"noopener\">(33 folios)<\/a>; que inclu\u00eda el An\u00e1lisis documental y estudio de meta-an\u00e1lisis desde la psicolog\u00eda forense\u00a0<a href=\"http:\/\/18u.d6f.myftpupload.com\/wp-content\/uploads\/2021\/12\/21-METANALISIS-FINAL-DICIEMBRE-2020.pdf\" target=\"_blank\" rel=\"noopener\">(16 folios)<\/a>. Lo anterior fundamentado en el C\u00f3digo General del Proceso, en el\u00a0<a href=\"http:\/\/18u.d6f.myftpupload.com\/wp-content\/uploads\/2021\/12\/23-ANEXO-FUNDAMENTOS-DEL-CODIGO-GENERAL-DEL-PROCESO-ART-226-SICARD.pdf\" target=\"_blank\" rel=\"noopener\">Art. 226<\/a>.<a href=\"#_ftnref1\" name=\"_ftn1\"><\/a><\/p>\t\t\t\t\t\t\t\t<\/div>\n\t\t\t\t<\/div>\n\t\t\t\t\t<\/div>\n\t\t<\/div>\n\t\t\t\t\t<\/div>\n\t\t<\/section>\n\t\t\t\t<section class=\"has_eae_slider elementor-section elementor-top-section elementor-element elementor-element-f003a8d elementor-section-boxed elementor-section-height-default elementor-section-height-default\" data-eae-slider=\"26688\" data-id=\"f003a8d\" data-element_type=\"section\">\n\t\t\t\t\t\t<div class=\"elementor-container elementor-column-gap-default\">\n\t\t\t\t\t<div class=\"has_eae_slider elementor-column elementor-col-100 elementor-top-column elementor-element elementor-element-0bd13ad\" data-eae-slider=\"47326\" data-id=\"0bd13ad\" data-element_type=\"column\">\n\t\t\t<div class=\"elementor-widget-wrap elementor-element-populated\">\n\t\t\t\t\t\t<div class=\"elementor-element elementor-element-5138495 elementor-widget elementor-widget-heading\" data-id=\"5138495\" data-element_type=\"widget\" data-widget_type=\"heading.default\">\n\t\t\t\t<div class=\"elementor-widget-container\">\n\t\t\t\t\t<h2 class=\"elementor-heading-title elementor-size-default\">A\u00f1o 2021<\/h2>\t\t\t\t<\/div>\n\t\t\t\t<\/div>\n\t\t\t\t<div class=\"elementor-element elementor-element-b43cf1d elementor-widget elementor-widget-text-editor\" data-id=\"b43cf1d\" data-element_type=\"widget\" data-widget_type=\"text-editor.default\">\n\t\t\t\t<div class=\"elementor-widget-container\">\n\t\t\t\t\t\t\t\t\t<p>Tras seis meses sin respuesta, en el mes de enero y en dos ocasiones diferentes, se&nbsp;<a href=\"http:\/\/18u.d6f.myftpupload.com\/wp-content\/uploads\/2021\/12\/24-25.pdf\" target=\"_blank\" rel=\"noopener\">env\u00eda un memorial al Fiscal 42 seccio<\/a>nal impulsando el proceso y reiterando la solicitud de prescripci\u00f3n y copias del mismo. Se evidencia que sigue sin existir denuncia alguna contra Roberto M\u00e1rquez. De igual forma sucede en&nbsp;<a href=\"http:\/\/18u.d6f.myftpupload.com\/wp-content\/uploads\/2021\/12\/26-Reiteracion-copias-y-prescripcion-Feb.-9-21.pdf\" target=\"_blank\" rel=\"noopener\">febrero<\/a>,&nbsp;<a href=\"http:\/\/18u.d6f.myftpupload.com\/wp-content\/uploads\/2021\/12\/27-Reiteracion-prescripcion-Abril-5-21-1.pdf\" target=\"_blank\" rel=\"noopener\">abril&nbsp;<\/a>y&nbsp;<a href=\"http:\/\/18u.d6f.myftpupload.com\/wp-content\/uploads\/2021\/12\/28-Reiteracion-prescripcion-Mayo-21-21-.pdf\" target=\"_blank\" rel=\"noopener\">mayo<\/a>&nbsp;de este a\u00f1o. En el mes de mayo, se reitera por d\u00e9cimo cuarta vez la petici\u00f3n de prescripci\u00f3n y se alega el haber incurrido en un defecto procedimental afectando flagrante y gravemente el proceso,&nbsp;<a href=\"http:\/\/18u.d6f.myftpupload.com\/wp-content\/uploads\/2021\/12\/27-28.pdf\" target=\"_blank\" rel=\"noopener\">as\u00ed como tambi\u00e9n en el escrito enviado en abril<\/a>.<a href=\"#_ftnref1\" name=\"_ftn1\"><\/a><\/p>\t\t\t\t\t\t\t\t<\/div>\n\t\t\t\t<\/div>\n\t\t\t\t<div class=\"elementor-element elementor-element-c94e545 elementor-widget elementor-widget-text-editor\" data-id=\"c94e545\" data-element_type=\"widget\" data-widget_type=\"text-editor.default\">\n\t\t\t\t<div class=\"elementor-widget-container\">\n\t\t\t\t\t\t\t\t\t<p>Para el mes de junio de 2021, el fiscal decreta la prescripci\u00f3n de la acci\u00f3n penal y profiere una\u00a0<a href=\"http:\/\/18u.d6f.myftpupload.com\/wp-content\/uploads\/2021\/12\/29-inhibitorio-abuso-sexual.pdf\" target=\"_blank\" rel=\"noopener\">resoluci\u00f3n inhibitoria<\/a>. Ante lo cual se interpone por parte de M\u00e1rquez un\u00a0<a href=\"http:\/\/18u.d6f.myftpupload.com\/wp-content\/uploads\/2021\/12\/32-Repone-317942-.pdf\" target=\"_blank\" rel=\"noopener\">recurso de reposici\u00f3n<\/a>; y,\u00a0<a href=\"http:\/\/18u.d6f.myftpupload.com\/wp-content\/uploads\/2021\/12\/31-sustentacion-recurso-junio-30-2.pdf\" target=\"_blank\" rel=\"noopener\">se sustenta al d\u00eda siguiente un memorial\u00a0<\/a>para dicho recurso de reposici\u00f3n.<a href=\"#_ftnref1\" name=\"_ftn1\"><\/a><\/p>\t\t\t\t\t\t\t\t<\/div>\n\t\t\t\t<\/div>\n\t\t\t\t<div class=\"elementor-element elementor-element-c715233 elementor-widget elementor-widget-text-editor\" data-id=\"c715233\" data-element_type=\"widget\" data-widget_type=\"text-editor.default\">\n\t\t\t\t<div class=\"elementor-widget-container\">\n\t\t\t\t\t\t\t\t\t<p>Finalmente, en agosto de 2021, el Fiscal decreta la prescripci\u00f3n de la acci\u00f3n penal y\u00a0<a href=\"http:\/\/18u.d6f.myftpupload.com\/wp-content\/uploads\/2021\/12\/32-Repone-317942-.pdf\" target=\"_blank\" rel=\"noopener\">ordena la preclusi\u00f3n de la investigaci\u00f3n<\/a>\u00a0en favor de Roberto M\u00e1rquez.<\/p>\t\t\t\t\t\t\t\t<\/div>\n\t\t\t\t<\/div>\n\t\t\t\t<div class=\"elementor-element elementor-element-a95ee4d elementor-widget elementor-widget-text-editor\" data-id=\"a95ee4d\" data-element_type=\"widget\" data-widget_type=\"text-editor.default\">\n\t\t\t\t<div class=\"elementor-widget-container\">\n\t\t\t\t\t\t\t\t\t<p>Sobre la decisi\u00f3n, Del Villar env\u00eda memorial a la Fiscal\u00eda solicitando constancia de que la decisi\u00f3n qued\u00f3 debidamente notificada y ejecutoriada.\u00a0<a href=\"http:\/\/18u.d6f.myftpupload.com\/wp-content\/uploads\/2021\/12\/33.pdf\" target=\"_blank\" rel=\"noopener\">En septiembre la Fiscal\u00eda emite dicha constancia<\/a>.<\/p>\t\t\t\t\t\t\t\t<\/div>\n\t\t\t\t<\/div>\n\t\t\t\t<div class=\"elementor-element elementor-element-fc9a38f elementor-widget elementor-widget-text-editor\" data-id=\"fc9a38f\" data-element_type=\"widget\" data-widget_type=\"text-editor.default\">\n\t\t\t\t<div class=\"elementor-widget-container\">\n\t\t\t\t\t\t\t\t\t<p>Como era de esperarse, uno de los m\u00f3viles presupuestados de tal orquestaci\u00f3n era pol\u00edtico, lo que se confirma el 13 de diciembre cuando la Se\u00f1ora Viviana Vargas Vives lanza su candidatura para el 2022 al Congreso de la Rep\u00fablica, por el Nuevo Liberalismo.<\/p>\t\t\t\t\t\t\t\t<\/div>\n\t\t\t\t<\/div>\n\t\t\t\t<div class=\"elementor-element elementor-element-c2fe879 elementor-widget elementor-widget-text-editor\" data-id=\"c2fe879\" data-element_type=\"widget\" data-widget_type=\"text-editor.default\">\n\t\t\t\t<div class=\"elementor-widget-container\">\n\t\t\t\t\t\t\t\t\t<p>Desde septiembre del 2021, Roberto M\u00e1rquez, su equipo legal y de comunicaci\u00f3n de crisis definen las estrategias pertinentes. La respuesta del equipo de comunicaci\u00f3n ha sido contundente y ahora se est\u00e1n definiendo las alternativas legales en cuanto a las partes involucradas y los delitos cometidos en contra de Roberto M\u00e1rquez y su familia.<\/p><p>\u00a0<\/p><p>\u00a0<\/p>\t\t\t\t\t\t\t\t<\/div>\n\t\t\t\t<\/div>\n\t\t\t\t\t<\/div>\n\t\t<\/div>\n\t\t\t\t\t<\/div>\n\t\t<\/section>\n\t\t\t\t<\/div>\n\t\t","protected":false},"excerpt":{"rendered":"<p>Resumen del caso de Roberto M\u00e1rquez FALSAMENTE ACUSADO EN LAS REDES POR LA SE\u00d1ORA VIVIANA VARGAS VIVES Julio 2020 *Las pruebas las puede ver haciendo clic en la letra azul. El d\u00eda 7 de julio del 2020, la se\u00f1ora Viviana Vargas Vives, en ese momento de 36 a\u00f1os de edad, declara en su cuenta de [&hellip;]<\/p>\n","protected":false},"author":3,"featured_media":0,"parent":0,"menu_order":0,"comment_status":"closed","ping_status":"closed","template":"","meta":{"footnotes":""},"class_list":["post-2259","page","type-page","status-publish","hentry"],"yoast_head":"<!-- This site is optimized with the Yoast SEO plugin v24.5 - https:\/\/yoast.com\/wordpress\/plugins\/seo\/ -->\n<title>Caso de Roberto M\u00e1rquez acusado falsamente por Viviana Vargas Vives<\/title>\n<meta name=\"description\" content=\"En julio del 2020 Viviana Vargas Vives acus\u00f3 falsamente de abuso en las redes a Roberto M\u00e1rquez. Detalles de la sentencia a su favor.\" \/>\n<meta name=\"robots\" content=\"index, follow, max-snippet:-1, max-image-preview:large, max-video-preview:-1\" \/>\n<link rel=\"canonical\" href=\"https:\/\/robertomarquez.org\/?page_id=2259\" \/>\n<meta property=\"og:locale\" content=\"es_ES\" \/>\n<meta property=\"og:type\" content=\"article\" \/>\n<meta property=\"og:title\" content=\"Caso de Roberto M\u00e1rquez acusado falsamente por Viviana Vargas Vives\" \/>\n<meta property=\"og:description\" content=\"En julio del 2020 Viviana Vargas Vives acus\u00f3 falsamente de abuso en las redes a Roberto M\u00e1rquez. Detalles de la sentencia a su favor.\" \/>\n<meta property=\"og:url\" content=\"https:\/\/robertomarquez.org\/?page_id=2259\" \/>\n<meta property=\"og:site_name\" content=\"Roberto M\u00e1rquez\" \/>\n<meta property=\"article:modified_time\" content=\"2025-11-13T20:05:39+00:00\" \/>\n<meta name=\"twitter:card\" content=\"summary_large_image\" \/>\n<script type=\"application\/ld+json\" class=\"yoast-schema-graph\">{\"@context\":\"https:\/\/schema.org\",\"@graph\":[{\"@type\":\"WebPage\",\"@id\":\"https:\/\/robertomarquez.org\/?page_id=2259\",\"url\":\"https:\/\/robertomarquez.org\/?page_id=2259\",\"name\":\"Caso de Roberto M\u00e1rquez acusado falsamente por Viviana Vargas Vives\",\"isPartOf\":{\"@id\":\"https:\/\/robertomarquez.org\/#website\"},\"datePublished\":\"2025-11-13T20:05:38+00:00\",\"dateModified\":\"2025-11-13T20:05:39+00:00\",\"description\":\"En julio del 2020 Viviana Vargas Vives acus\u00f3 falsamente de abuso en las redes a Roberto M\u00e1rquez. Detalles de la sentencia a su favor.\",\"breadcrumb\":{\"@id\":\"https:\/\/robertomarquez.org\/?page_id=2259#breadcrumb\"},\"inLanguage\":\"es-CO\",\"potentialAction\":[{\"@type\":\"ReadAction\",\"target\":[\"https:\/\/robertomarquez.org\/?page_id=2259\"]}]},{\"@type\":\"BreadcrumbList\",\"@id\":\"https:\/\/robertomarquez.org\/?page_id=2259#breadcrumb\",\"itemListElement\":[{\"@type\":\"ListItem\",\"position\":1,\"name\":\"Inicio\",\"item\":\"https:\/\/robertomarquez.org\/\"},{\"@type\":\"ListItem\",\"position\":2,\"name\":\"Resumen del caso\"}]},{\"@type\":\"WebSite\",\"@id\":\"https:\/\/robertomarquez.org\/#website\",\"url\":\"https:\/\/robertomarquez.org\/\",\"name\":\"Roberto M\u00e1rquez\",\"description\":\"P\u00e1gina de investigaci\u00f3n\",\"potentialAction\":[{\"@type\":\"SearchAction\",\"target\":{\"@type\":\"EntryPoint\",\"urlTemplate\":\"https:\/\/robertomarquez.org\/?s={search_term_string}\"},\"query-input\":{\"@type\":\"PropertyValueSpecification\",\"valueRequired\":true,\"valueName\":\"search_term_string\"}}],\"inLanguage\":\"es-CO\"}]}<\/script>\n<!-- \/ Yoast SEO plugin. -->","yoast_head_json":{"title":"Caso de Roberto M\u00e1rquez acusado falsamente por Viviana Vargas Vives","description":"En julio del 2020 Viviana Vargas Vives acus\u00f3 falsamente de abuso en las redes a Roberto M\u00e1rquez. Detalles de la sentencia a su favor.","robots":{"index":"index","follow":"follow","max-snippet":"max-snippet:-1","max-image-preview":"max-image-preview:large","max-video-preview":"max-video-preview:-1"},"canonical":"https:\/\/robertomarquez.org\/?page_id=2259","og_locale":"es_ES","og_type":"article","og_title":"Caso de Roberto M\u00e1rquez acusado falsamente por Viviana Vargas Vives","og_description":"En julio del 2020 Viviana Vargas Vives acus\u00f3 falsamente de abuso en las redes a Roberto M\u00e1rquez. Detalles de la sentencia a su favor.","og_url":"https:\/\/robertomarquez.org\/?page_id=2259","og_site_name":"Roberto M\u00e1rquez","article_modified_time":"2025-11-13T20:05:39+00:00","twitter_card":"summary_large_image","schema":{"@context":"https:\/\/schema.org","@graph":[{"@type":"WebPage","@id":"https:\/\/robertomarquez.org\/?page_id=2259","url":"https:\/\/robertomarquez.org\/?page_id=2259","name":"Caso de Roberto M\u00e1rquez acusado falsamente por Viviana Vargas Vives","isPartOf":{"@id":"https:\/\/robertomarquez.org\/#website"},"datePublished":"2025-11-13T20:05:38+00:00","dateModified":"2025-11-13T20:05:39+00:00","description":"En julio del 2020 Viviana Vargas Vives acus\u00f3 falsamente de abuso en las redes a Roberto M\u00e1rquez. Detalles de la sentencia a su favor.","breadcrumb":{"@id":"https:\/\/robertomarquez.org\/?page_id=2259#breadcrumb"},"inLanguage":"es-CO","potentialAction":[{"@type":"ReadAction","target":["https:\/\/robertomarquez.org\/?page_id=2259"]}]},{"@type":"BreadcrumbList","@id":"https:\/\/robertomarquez.org\/?page_id=2259#breadcrumb","itemListElement":[{"@type":"ListItem","position":1,"name":"Inicio","item":"https:\/\/robertomarquez.org\/"},{"@type":"ListItem","position":2,"name":"Resumen del caso"}]},{"@type":"WebSite","@id":"https:\/\/robertomarquez.org\/#website","url":"https:\/\/robertomarquez.org\/","name":"Roberto M\u00e1rquez","description":"P\u00e1gina de investigaci\u00f3n","potentialAction":[{"@type":"SearchAction","target":{"@type":"EntryPoint","urlTemplate":"https:\/\/robertomarquez.org\/?s={search_term_string}"},"query-input":{"@type":"PropertyValueSpecification","valueRequired":true,"valueName":"search_term_string"}}],"inLanguage":"es-CO"}]}},"_links":{"self":[{"href":"https:\/\/robertomarquez.org\/index.php?rest_route=\/wp\/v2\/pages\/2259","targetHints":{"allow":["GET"]}}],"collection":[{"href":"https:\/\/robertomarquez.org\/index.php?rest_route=\/wp\/v2\/pages"}],"about":[{"href":"https:\/\/robertomarquez.org\/index.php?rest_route=\/wp\/v2\/types\/page"}],"author":[{"embeddable":true,"href":"https:\/\/robertomarquez.org\/index.php?rest_route=\/wp\/v2\/users\/3"}],"replies":[{"embeddable":true,"href":"https:\/\/robertomarquez.org\/index.php?rest_route=%2Fwp%2Fv2%2Fcomments&post=2259"}],"version-history":[{"count":403,"href":"https:\/\/robertomarquez.org\/index.php?rest_route=\/wp\/v2\/pages\/2259\/revisions"}],"predecessor-version":[{"id":4887,"href":"https:\/\/robertomarquez.org\/index.php?rest_route=\/wp\/v2\/pages\/2259\/revisions\/4887"}],"wp:attachment":[{"href":"https:\/\/robertomarquez.org\/index.php?rest_route=%2Fwp%2Fv2%2Fmedia&parent=2259"}],"curies":[{"name":"wp","href":"https:\/\/api.w.org\/{rel}","templated":true}]}}