

{"id":890,"date":"2025-11-13T15:04:27","date_gmt":"2025-11-13T20:04:27","guid":{"rendered":"https:\/\/robertomarquez.org\/blog\/"},"modified":"2025-11-13T15:08:39","modified_gmt":"2025-11-13T20:08:39","slug":"bibliografia","status":"publish","type":"page","link":"https:\/\/robertomarquez.org\/?page_id=890","title":{"rendered":"Documentaci\u00f3n del caso"},"content":{"rendered":"\t\t<div data-elementor-type=\"wp-page\" data-elementor-id=\"890\" class=\"elementor elementor-890\" data-elementor-post-type=\"page\">\n\t\t\t\t\t\t<section class=\"has_eae_slider elementor-section elementor-top-section elementor-element elementor-element-730a9f7e elementor-section-full_width elementor-section-height-min-height elementor-section-items-stretch elementor-section-content-middle elementor-section-height-default\" data-eae-slider=\"65494\" data-id=\"730a9f7e\" data-element_type=\"section\" data-settings=\"{&quot;motion_fx_motion_fx_scrolling&quot;:&quot;yes&quot;,&quot;motion_fx_devices&quot;:[&quot;desktop&quot;,&quot;tablet&quot;,&quot;mobile&quot;]}\">\n\t\t\t\t\t\t<div class=\"elementor-container elementor-column-gap-no\">\n\t\t\t\t\t<div class=\"has_eae_slider elementor-column elementor-col-50 elementor-top-column elementor-element elementor-element-10e7d5e1\" data-eae-slider=\"92476\" data-id=\"10e7d5e1\" data-element_type=\"column\" data-settings=\"{&quot;background_background&quot;:&quot;classic&quot;}\">\n\t\t\t<div class=\"elementor-widget-wrap\">\n\t\t\t\t\t\t\t<\/div>\n\t\t<\/div>\n\t\t\t\t<div class=\"has_eae_slider elementor-column elementor-col-50 elementor-top-column elementor-element elementor-element-379148d9\" data-eae-slider=\"71997\" data-id=\"379148d9\" data-element_type=\"column\">\n\t\t\t<div class=\"elementor-widget-wrap elementor-element-populated\">\n\t\t\t\t\t\t<div class=\"elementor-element elementor-element-4de7e1dc elementor-invisible elementor-widget elementor-widget-heading\" data-id=\"4de7e1dc\" data-element_type=\"widget\" data-settings=\"{&quot;_animation&quot;:&quot;fadeInRight&quot;,&quot;_animation_mobile&quot;:&quot;none&quot;}\" data-widget_type=\"heading.default\">\n\t\t\t\t<div class=\"elementor-widget-container\">\n\t\t\t\t\t<h2 class=\"elementor-heading-title elementor-size-default\">Documentaci\u00f3n  <br>\ndel caso <\/h2>\t\t\t\t<\/div>\n\t\t\t\t<\/div>\n\t\t\t\t<div class=\"elementor-element elementor-element-58016fcb elementor-invisible elementor-widget elementor-widget-heading\" data-id=\"58016fcb\" data-element_type=\"widget\" data-settings=\"{&quot;_animation&quot;:&quot;fadeInRight&quot;,&quot;_animation_mobile&quot;:&quot;none&quot;}\" data-widget_type=\"heading.default\">\n\t\t\t\t<div class=\"elementor-widget-container\">\n\t\t\t\t\t<h2 class=\"elementor-heading-title elementor-size-medium\">Roberto M\u00e1rquez inocente de las falsas acusaciones de abuso de viviana vargas vives<\/h2>\t\t\t\t<\/div>\n\t\t\t\t<\/div>\n\t\t\t\t<section class=\"has_eae_slider elementor-section elementor-inner-section elementor-element elementor-element-64b6542c elementor-section-full_width elementor-section-height-default elementor-section-height-default\" data-eae-slider=\"97648\" data-id=\"64b6542c\" data-element_type=\"section\">\n\t\t\t\t\t\t<div class=\"elementor-container elementor-column-gap-no\">\n\t\t\t\t\t<div class=\"has_eae_slider elementor-column elementor-col-100 elementor-inner-column elementor-element elementor-element-0368c55\" data-eae-slider=\"21445\" data-id=\"0368c55\" data-element_type=\"column\">\n\t\t\t<div class=\"elementor-widget-wrap\">\n\t\t\t\t\t\t\t<\/div>\n\t\t<\/div>\n\t\t\t\t\t<\/div>\n\t\t<\/section>\n\t\t\t\t\t<\/div>\n\t\t<\/div>\n\t\t\t\t\t<\/div>\n\t\t<\/section>\n\t\t\t\t<section class=\"has_eae_slider elementor-section elementor-top-section elementor-element elementor-element-8bd5a92 elementor-section-full_width elementor-section-height-default elementor-section-height-default\" data-eae-slider=\"74920\" data-id=\"8bd5a92\" data-element_type=\"section\" id=\"doc_caso\">\n\t\t\t\t\t\t<div class=\"elementor-container elementor-column-gap-default\">\n\t\t\t\t\t<div class=\"has_eae_slider elementor-column elementor-col-100 elementor-top-column elementor-element elementor-element-577b90e\" data-eae-slider=\"90125\" data-id=\"577b90e\" data-element_type=\"column\">\n\t\t\t<div class=\"elementor-widget-wrap elementor-element-populated\">\n\t\t\t\t\t\t<section class=\"has_eae_slider elementor-section elementor-inner-section elementor-element elementor-element-3762faa elementor-section-boxed elementor-section-height-default elementor-section-height-default\" data-eae-slider=\"88832\" data-id=\"3762faa\" data-element_type=\"section\">\n\t\t\t\t\t\t<div class=\"elementor-container elementor-column-gap-default\">\n\t\t\t\t\t<div class=\"has_eae_slider elementor-column elementor-col-25 elementor-inner-column elementor-element elementor-element-7c1a9b6\" data-eae-slider=\"17120\" data-id=\"7c1a9b6\" data-element_type=\"column\">\n\t\t\t<div class=\"elementor-widget-wrap elementor-element-populated\">\n\t\t\t\t\t\t<div class=\"elementor-element elementor-element-0f019ab elementor-position-left elementor-vertical-align-top elementor-widget elementor-widget-image-box\" data-id=\"0f019ab\" data-element_type=\"widget\" data-widget_type=\"image-box.default\">\n\t\t\t\t<div class=\"elementor-widget-container\">\n\t\t\t\t\t<div class=\"elementor-image-box-wrapper\"><figure class=\"elementor-image-box-img\"><a href=\"http:\/\/18u.d6f.myftpupload.com\/wp-content\/uploads\/2021\/12\/1-Expediente-Marquez-digital_removed-1.pdf\" target=\"_blank\" tabindex=\"-1\"><img fetchpriority=\"high\" decoding=\"async\" width=\"244\" height=\"300\" src=\"https:\/\/robertomarquez.org\/wp-content\/uploads\/2021\/12\/pdf-image-244x300.webp\" class=\"elementor-animation-grow attachment-medium size-medium wp-image-1597\" alt=\"PDF documentos que prueban que Roberto M\u00e1rquez de Barranquilla es inocente de falsas acusaciones\" srcset=\"https:\/\/robertomarquez.org\/wp-content\/uploads\/2021\/12\/pdf-image-244x300.webp 244w, https:\/\/robertomarquez.org\/wp-content\/uploads\/2021\/12\/pdf-image.webp 390w\" sizes=\"(max-width: 244px) 100vw, 244px\" \/><\/a><\/figure><div class=\"elementor-image-box-content\"><h3 class=\"elementor-image-box-title\"><a href=\"http:\/\/18u.d6f.myftpupload.com\/wp-content\/uploads\/2021\/12\/1-Expediente-Marquez-digital_removed-1.pdf\" target=\"_blank\">Contacto Fiscal\u00eda a Viviana Vargas Vives 2020<\/a><\/h3><\/div><\/div>\t\t\t\t<\/div>\n\t\t\t\t<\/div>\n\t\t\t\t\t<\/div>\n\t\t<\/div>\n\t\t\t\t<div class=\"has_eae_slider elementor-column elementor-col-25 elementor-inner-column elementor-element elementor-element-73664f5\" data-eae-slider=\"5530\" data-id=\"73664f5\" data-element_type=\"column\">\n\t\t\t<div class=\"elementor-widget-wrap elementor-element-populated\">\n\t\t\t\t\t\t<div class=\"elementor-element elementor-element-b03ebd9 elementor-position-left elementor-vertical-align-top elementor-widget elementor-widget-image-box\" data-id=\"b03ebd9\" data-element_type=\"widget\" data-widget_type=\"image-box.default\">\n\t\t\t\t<div class=\"elementor-widget-container\">\n\t\t\t\t\t<div class=\"elementor-image-box-wrapper\"><figure class=\"elementor-image-box-img\"><a href=\"http:\/\/18u.d6f.myftpupload.com\/wp-content\/uploads\/2021\/12\/2-Informe-policia-judicial.pdf\" target=\"_blank\" tabindex=\"-1\"><img fetchpriority=\"high\" decoding=\"async\" width=\"244\" height=\"300\" src=\"https:\/\/robertomarquez.org\/wp-content\/uploads\/2021\/12\/pdf-image-244x300.webp\" class=\"elementor-animation-grow attachment-medium size-medium wp-image-1597\" alt=\"PDF documentos que prueban que Roberto M\u00e1rquez de Barranquilla es inocente de falsas acusaciones\" srcset=\"https:\/\/robertomarquez.org\/wp-content\/uploads\/2021\/12\/pdf-image-244x300.webp 244w, https:\/\/robertomarquez.org\/wp-content\/uploads\/2021\/12\/pdf-image.webp 390w\" sizes=\"(max-width: 244px) 100vw, 244px\" \/><\/a><\/figure><div class=\"elementor-image-box-content\"><h3 class=\"elementor-image-box-title\"><a href=\"http:\/\/18u.d6f.myftpupload.com\/wp-content\/uploads\/2021\/12\/2-Informe-policia-judicial.pdf\" target=\"_blank\">Contacto Fiscal\u00eda a Viviana Vargas Vives 2021<\/a><\/h3><\/div><\/div>\t\t\t\t<\/div>\n\t\t\t\t<\/div>\n\t\t\t\t\t<\/div>\n\t\t<\/div>\n\t\t\t\t<div class=\"has_eae_slider elementor-column elementor-col-25 elementor-inner-column elementor-element elementor-element-3cb358d\" data-eae-slider=\"49683\" data-id=\"3cb358d\" data-element_type=\"column\">\n\t\t\t<div class=\"elementor-widget-wrap elementor-element-populated\">\n\t\t\t\t\t\t<div class=\"elementor-element elementor-element-5e7328d elementor-position-left elementor-vertical-align-top elementor-widget elementor-widget-image-box\" data-id=\"5e7328d\" data-element_type=\"widget\" data-widget_type=\"image-box.default\">\n\t\t\t\t<div class=\"elementor-widget-container\">\n\t\t\t\t\t<div class=\"elementor-image-box-wrapper\"><figure class=\"elementor-image-box-img\"><a href=\"http:\/\/18u.d6f.myftpupload.com\/wp-content\/uploads\/2021\/12\/1-PODER-AL-DR-DEL-VILLAR.pdf\" target=\"_blank\" tabindex=\"-1\"><img fetchpriority=\"high\" decoding=\"async\" width=\"244\" height=\"300\" src=\"https:\/\/robertomarquez.org\/wp-content\/uploads\/2021\/12\/pdf-image-244x300.webp\" class=\"elementor-animation-grow attachment-medium size-medium wp-image-1597\" alt=\"PDF documentos que prueban que Roberto M\u00e1rquez de Barranquilla es inocente de falsas acusaciones\" srcset=\"https:\/\/robertomarquez.org\/wp-content\/uploads\/2021\/12\/pdf-image-244x300.webp 244w, https:\/\/robertomarquez.org\/wp-content\/uploads\/2021\/12\/pdf-image.webp 390w\" sizes=\"(max-width: 244px) 100vw, 244px\" \/><\/a><\/figure><div class=\"elementor-image-box-content\"><h3 class=\"elementor-image-box-title\"><a href=\"http:\/\/18u.d6f.myftpupload.com\/wp-content\/uploads\/2021\/12\/1-PODER-AL-DR-DEL-VILLAR.pdf\" target=\"_blank\">Poder a Del Villar<\/a><\/h3><\/div><\/div>\t\t\t\t<\/div>\n\t\t\t\t<\/div>\n\t\t\t\t\t<\/div>\n\t\t<\/div>\n\t\t\t\t<div class=\"has_eae_slider elementor-column elementor-col-25 elementor-inner-column elementor-element elementor-element-7b135f2\" data-eae-slider=\"27560\" data-id=\"7b135f2\" data-element_type=\"column\">\n\t\t\t<div class=\"elementor-widget-wrap elementor-element-populated\">\n\t\t\t\t\t\t<div class=\"elementor-element elementor-element-1078b79 elementor-position-left elementor-vertical-align-top elementor-widget elementor-widget-image-box\" data-id=\"1078b79\" data-element_type=\"widget\" data-widget_type=\"image-box.default\">\n\t\t\t\t<div class=\"elementor-widget-container\">\n\t\t\t\t\t<div class=\"elementor-image-box-wrapper\"><figure class=\"elementor-image-box-img\"><a href=\"http:\/\/18u.d6f.myftpupload.com\/wp-content\/uploads\/2021\/12\/2-pp-cc-cc.pdf\" target=\"_blank\" tabindex=\"-1\"><img fetchpriority=\"high\" decoding=\"async\" width=\"244\" height=\"300\" src=\"https:\/\/robertomarquez.org\/wp-content\/uploads\/2021\/12\/pdf-image-244x300.webp\" class=\"elementor-animation-grow attachment-medium size-medium wp-image-1597\" alt=\"PDF documentos que prueban que Roberto M\u00e1rquez de Barranquilla es inocente de falsas acusaciones\" srcset=\"https:\/\/robertomarquez.org\/wp-content\/uploads\/2021\/12\/pdf-image-244x300.webp 244w, https:\/\/robertomarquez.org\/wp-content\/uploads\/2021\/12\/pdf-image.webp 390w\" sizes=\"(max-width: 244px) 100vw, 244px\" \/><\/a><\/figure><div class=\"elementor-image-box-content\"><h3 class=\"elementor-image-box-title\"><a href=\"http:\/\/18u.d6f.myftpupload.com\/wp-content\/uploads\/2021\/12\/2-pp-cc-cc.pdf\" target=\"_blank\">Antecedentes Roberto M\u00e1rquez<\/a><\/h3><\/div><\/div>\t\t\t\t<\/div>\n\t\t\t\t<\/div>\n\t\t\t\t\t<\/div>\n\t\t<\/div>\n\t\t\t\t\t<\/div>\n\t\t<\/section>\n\t\t\t\t<section class=\"has_eae_slider elementor-section elementor-inner-section elementor-element elementor-element-8962826 elementor-section-boxed elementor-section-height-default elementor-section-height-default\" data-eae-slider=\"85856\" data-id=\"8962826\" data-element_type=\"section\">\n\t\t\t\t\t\t<div class=\"elementor-container elementor-column-gap-default\">\n\t\t\t\t\t<div class=\"has_eae_slider elementor-column elementor-col-25 elementor-inner-column elementor-element elementor-element-f8a853f\" data-eae-slider=\"40249\" data-id=\"f8a853f\" data-element_type=\"column\">\n\t\t\t<div class=\"elementor-widget-wrap elementor-element-populated\">\n\t\t\t\t\t\t<div class=\"elementor-element elementor-element-e9c3a13 elementor-position-left elementor-vertical-align-top elementor-widget elementor-widget-image-box\" data-id=\"e9c3a13\" data-element_type=\"widget\" data-widget_type=\"image-box.default\">\n\t\t\t\t<div class=\"elementor-widget-container\">\n\t\t\t\t\t<div class=\"elementor-image-box-wrapper\"><figure class=\"elementor-image-box-img\"><a href=\"http:\/\/18u.d6f.myftpupload.com\/wp-content\/uploads\/2021\/12\/3a-3b-3c.pdf\" target=\"_blank\" tabindex=\"-1\"><img fetchpriority=\"high\" decoding=\"async\" width=\"244\" height=\"300\" src=\"https:\/\/robertomarquez.org\/wp-content\/uploads\/2021\/12\/pdf-image-244x300.webp\" class=\"elementor-animation-grow attachment-medium size-medium wp-image-1597\" alt=\"PDF documentos que prueban que Roberto M\u00e1rquez de Barranquilla es inocente de falsas acusaciones\" srcset=\"https:\/\/robertomarquez.org\/wp-content\/uploads\/2021\/12\/pdf-image-244x300.webp 244w, https:\/\/robertomarquez.org\/wp-content\/uploads\/2021\/12\/pdf-image.webp 390w\" sizes=\"(max-width: 244px) 100vw, 244px\" \/><\/a><\/figure><div class=\"elementor-image-box-content\"><h3 class=\"elementor-image-box-title\"><a href=\"http:\/\/18u.d6f.myftpupload.com\/wp-content\/uploads\/2021\/12\/3a-3b-3c.pdf\" target=\"_blank\">Primeros Memoriales a la Fiscal\u00eda julio<\/a><\/h3><\/div><\/div>\t\t\t\t<\/div>\n\t\t\t\t<\/div>\n\t\t\t\t\t<\/div>\n\t\t<\/div>\n\t\t\t\t<div class=\"has_eae_slider elementor-column elementor-col-25 elementor-inner-column elementor-element elementor-element-6289a0e\" data-eae-slider=\"69766\" data-id=\"6289a0e\" data-element_type=\"column\">\n\t\t\t<div class=\"elementor-widget-wrap elementor-element-populated\">\n\t\t\t\t\t\t<div class=\"elementor-element elementor-element-9553f83 elementor-position-left elementor-vertical-align-top elementor-widget elementor-widget-image-box\" data-id=\"9553f83\" data-element_type=\"widget\" data-widget_type=\"image-box.default\">\n\t\t\t\t<div class=\"elementor-widget-container\">\n\t\t\t\t\t<div class=\"elementor-image-box-wrapper\"><figure class=\"elementor-image-box-img\"><a href=\"http:\/\/18u.d6f.myftpupload.com\/wp-content\/uploads\/2021\/12\/4c-4a-4b.pdf\" target=\"_blank\" tabindex=\"-1\"><img fetchpriority=\"high\" decoding=\"async\" width=\"244\" height=\"300\" src=\"https:\/\/robertomarquez.org\/wp-content\/uploads\/2021\/12\/pdf-image-244x300.webp\" class=\"elementor-animation-grow attachment-medium size-medium wp-image-1597\" alt=\"PDF documentos que prueban que Roberto M\u00e1rquez de Barranquilla es inocente de falsas acusaciones\" srcset=\"https:\/\/robertomarquez.org\/wp-content\/uploads\/2021\/12\/pdf-image-244x300.webp 244w, https:\/\/robertomarquez.org\/wp-content\/uploads\/2021\/12\/pdf-image.webp 390w\" sizes=\"(max-width: 244px) 100vw, 244px\" \/><\/a><\/figure><div class=\"elementor-image-box-content\"><h3 class=\"elementor-image-box-title\"><a href=\"http:\/\/18u.d6f.myftpupload.com\/wp-content\/uploads\/2021\/12\/4c-4a-4b.pdf\" target=\"_blank\">Derecho de Petici\u00f3n a la Fiscal\u00eda en julio<\/a><\/h3><\/div><\/div>\t\t\t\t<\/div>\n\t\t\t\t<\/div>\n\t\t\t\t\t<\/div>\n\t\t<\/div>\n\t\t\t\t<div class=\"has_eae_slider elementor-column elementor-col-25 elementor-inner-column elementor-element elementor-element-f7543e0\" data-eae-slider=\"20765\" data-id=\"f7543e0\" data-element_type=\"column\">\n\t\t\t<div class=\"elementor-widget-wrap elementor-element-populated\">\n\t\t\t\t\t\t<div class=\"elementor-element elementor-element-c1ca914 elementor-position-left elementor-vertical-align-top elementor-widget elementor-widget-image-box\" data-id=\"c1ca914\" data-element_type=\"widget\" data-widget_type=\"image-box.default\">\n\t\t\t\t<div class=\"elementor-widget-container\">\n\t\t\t\t\t<div class=\"elementor-image-box-wrapper\"><figure class=\"elementor-image-box-img\"><a href=\"http:\/\/18u.d6f.myftpupload.com\/wp-content\/uploads\/2021\/12\/5-NO-HAY-DENUNCIA-OFICIO-FISCALIA-.pdf\" target=\"_blank\" tabindex=\"-1\"><img fetchpriority=\"high\" decoding=\"async\" width=\"244\" height=\"300\" src=\"https:\/\/robertomarquez.org\/wp-content\/uploads\/2021\/12\/pdf-image-244x300.webp\" class=\"elementor-animation-grow attachment-medium size-medium wp-image-1597\" alt=\"PDF documentos que prueban que Roberto M\u00e1rquez de Barranquilla es inocente de falsas acusaciones\" srcset=\"https:\/\/robertomarquez.org\/wp-content\/uploads\/2021\/12\/pdf-image-244x300.webp 244w, https:\/\/robertomarquez.org\/wp-content\/uploads\/2021\/12\/pdf-image.webp 390w\" sizes=\"(max-width: 244px) 100vw, 244px\" \/><\/a><\/figure><div class=\"elementor-image-box-content\"><h3 class=\"elementor-image-box-title\"><a href=\"http:\/\/18u.d6f.myftpupload.com\/wp-content\/uploads\/2021\/12\/5-NO-HAY-DENUNCIA-OFICIO-FISCALIA-.pdf\" target=\"_blank\">Oficio de la Direcci\u00f3n Seccional de la Fiscal\u00eda julio<\/a><\/h3><\/div><\/div>\t\t\t\t<\/div>\n\t\t\t\t<\/div>\n\t\t\t\t\t<\/div>\n\t\t<\/div>\n\t\t\t\t<div class=\"has_eae_slider elementor-column elementor-col-25 elementor-inner-column elementor-element elementor-element-a0e3132\" data-eae-slider=\"70818\" data-id=\"a0e3132\" data-element_type=\"column\">\n\t\t\t<div class=\"elementor-widget-wrap elementor-element-populated\">\n\t\t\t\t\t\t<div class=\"elementor-element elementor-element-60c4a40 elementor-position-left elementor-vertical-align-top elementor-widget elementor-widget-image-box\" data-id=\"60c4a40\" data-element_type=\"widget\" data-widget_type=\"image-box.default\">\n\t\t\t\t<div class=\"elementor-widget-container\">\n\t\t\t\t\t<div class=\"elementor-image-box-wrapper\"><figure class=\"elementor-image-box-img\"><a href=\"http:\/\/18u.d6f.myftpupload.com\/wp-content\/uploads\/2021\/12\/5-NO-HAY-DENUNCIA-OFICIO-FISCALIA-.pdf\" target=\"_blank\" tabindex=\"-1\"><img fetchpriority=\"high\" decoding=\"async\" width=\"244\" height=\"300\" src=\"https:\/\/robertomarquez.org\/wp-content\/uploads\/2021\/12\/pdf-image-244x300.webp\" class=\"elementor-animation-grow attachment-medium size-medium wp-image-1597\" alt=\"PDF documentos que prueban que Roberto M\u00e1rquez de Barranquilla es inocente de falsas acusaciones\" srcset=\"https:\/\/robertomarquez.org\/wp-content\/uploads\/2021\/12\/pdf-image-244x300.webp 244w, https:\/\/robertomarquez.org\/wp-content\/uploads\/2021\/12\/pdf-image.webp 390w\" sizes=\"(max-width: 244px) 100vw, 244px\" \/><\/a><\/figure><div class=\"elementor-image-box-content\"><h3 class=\"elementor-image-box-title\"><a href=\"http:\/\/18u.d6f.myftpupload.com\/wp-content\/uploads\/2021\/12\/5-NO-HAY-DENUNCIA-OFICIO-FISCALIA-.pdf\" target=\"_blank\">Segundo Memorial a la Fiscal\u00eda julio<\/a><\/h3><\/div><\/div>\t\t\t\t<\/div>\n\t\t\t\t<\/div>\n\t\t\t\t\t<\/div>\n\t\t<\/div>\n\t\t\t\t\t<\/div>\n\t\t<\/section>\n\t\t\t\t<section class=\"has_eae_slider elementor-section elementor-inner-section elementor-element elementor-element-88a66ae elementor-section-boxed elementor-section-height-default elementor-section-height-default\" data-eae-slider=\"44930\" data-id=\"88a66ae\" data-element_type=\"section\">\n\t\t\t\t\t\t<div class=\"elementor-container elementor-column-gap-default\">\n\t\t\t\t\t<div class=\"has_eae_slider elementor-column elementor-col-25 elementor-inner-column elementor-element elementor-element-96423d0\" data-eae-slider=\"43624\" data-id=\"96423d0\" data-element_type=\"column\">\n\t\t\t<div class=\"elementor-widget-wrap elementor-element-populated\">\n\t\t\t\t\t\t<div class=\"elementor-element elementor-element-29df320 elementor-position-left elementor-vertical-align-top elementor-widget elementor-widget-image-box\" data-id=\"29df320\" data-element_type=\"widget\" data-widget_type=\"image-box.default\">\n\t\t\t\t<div class=\"elementor-widget-container\">\n\t\t\t\t\t<div class=\"elementor-image-box-wrapper\"><figure class=\"elementor-image-box-img\"><a href=\"http:\/\/18u.d6f.myftpupload.com\/wp-content\/uploads\/2021\/12\/6-SOLICITUD-PRECLUSION-Y-FUNDAMENTACION.pdf\" target=\"_blank\" tabindex=\"-1\"><img fetchpriority=\"high\" decoding=\"async\" width=\"244\" height=\"300\" src=\"https:\/\/robertomarquez.org\/wp-content\/uploads\/2021\/12\/pdf-image-244x300.webp\" class=\"elementor-animation-grow attachment-medium size-medium wp-image-1597\" alt=\"PDF documentos que prueban que Roberto M\u00e1rquez de Barranquilla es inocente de falsas acusaciones\" srcset=\"https:\/\/robertomarquez.org\/wp-content\/uploads\/2021\/12\/pdf-image-244x300.webp 244w, https:\/\/robertomarquez.org\/wp-content\/uploads\/2021\/12\/pdf-image.webp 390w\" sizes=\"(max-width: 244px) 100vw, 244px\" \/><\/a><\/figure><div class=\"elementor-image-box-content\"><h3 class=\"elementor-image-box-title\"><a href=\"http:\/\/18u.d6f.myftpupload.com\/wp-content\/uploads\/2021\/12\/6-SOLICITUD-PRECLUSION-Y-FUNDAMENTACION.pdf\" target=\"_blank\">Petici\u00f3n de Preclusi\u00f3n de la investigaci\u00f3n julio<\/a><\/h3><\/div><\/div>\t\t\t\t<\/div>\n\t\t\t\t<\/div>\n\t\t\t\t\t<\/div>\n\t\t<\/div>\n\t\t\t\t<div class=\"has_eae_slider elementor-column elementor-col-25 elementor-inner-column elementor-element elementor-element-6ec2b9f\" data-eae-slider=\"60281\" data-id=\"6ec2b9f\" data-element_type=\"column\">\n\t\t\t<div class=\"elementor-widget-wrap elementor-element-populated\">\n\t\t\t\t\t\t<div class=\"elementor-element elementor-element-8e13701 elementor-position-left elementor-vertical-align-top elementor-widget elementor-widget-image-box\" data-id=\"8e13701\" data-element_type=\"widget\" data-widget_type=\"image-box.default\">\n\t\t\t\t<div class=\"elementor-widget-container\">\n\t\t\t\t\t<div class=\"elementor-image-box-wrapper\"><figure class=\"elementor-image-box-img\"><a href=\"http:\/\/18u.d6f.myftpupload.com\/wp-content\/uploads\/2021\/12\/7-2do-memorial-a-la-fiscalia-dr-del-villar.pdf\" target=\"_blank\" tabindex=\"-1\"><img fetchpriority=\"high\" decoding=\"async\" width=\"244\" height=\"300\" src=\"https:\/\/robertomarquez.org\/wp-content\/uploads\/2021\/12\/pdf-image-244x300.webp\" class=\"elementor-animation-grow attachment-medium size-medium wp-image-1597\" alt=\"PDF documentos que prueban que Roberto M\u00e1rquez de Barranquilla es inocente de falsas acusaciones\" srcset=\"https:\/\/robertomarquez.org\/wp-content\/uploads\/2021\/12\/pdf-image-244x300.webp 244w, https:\/\/robertomarquez.org\/wp-content\/uploads\/2021\/12\/pdf-image.webp 390w\" sizes=\"(max-width: 244px) 100vw, 244px\" \/><\/a><\/figure><div class=\"elementor-image-box-content\"><h3 class=\"elementor-image-box-title\"><a href=\"http:\/\/18u.d6f.myftpupload.com\/wp-content\/uploads\/2021\/12\/7-2do-memorial-a-la-fiscalia-dr-del-villar.pdf\" target=\"_blank\">Tercer Memorial a la Fiscal\u00eda 42 seccional <\/a><\/h3><p class=\"elementor-image-box-description\"> <\/p><\/div><\/div>\t\t\t\t<\/div>\n\t\t\t\t<\/div>\n\t\t\t\t\t<\/div>\n\t\t<\/div>\n\t\t\t\t<div class=\"has_eae_slider elementor-column elementor-col-25 elementor-inner-column elementor-element elementor-element-d84b75c\" data-eae-slider=\"26500\" data-id=\"d84b75c\" data-element_type=\"column\">\n\t\t\t<div class=\"elementor-widget-wrap elementor-element-populated\">\n\t\t\t\t\t\t<div class=\"elementor-element elementor-element-bd1dc29 elementor-position-left elementor-vertical-align-top elementor-widget elementor-widget-image-box\" data-id=\"bd1dc29\" data-element_type=\"widget\" data-widget_type=\"image-box.default\">\n\t\t\t\t<div class=\"elementor-widget-container\">\n\t\t\t\t\t<div class=\"elementor-image-box-wrapper\"><figure class=\"elementor-image-box-img\"><a href=\"http:\/\/18u.d6f.myftpupload.com\/wp-content\/uploads\/2021\/12\/8-SPOA_page-0001.pdf\" target=\"_blank\" tabindex=\"-1\"><img fetchpriority=\"high\" decoding=\"async\" width=\"244\" height=\"300\" src=\"https:\/\/robertomarquez.org\/wp-content\/uploads\/2021\/12\/pdf-image-244x300.webp\" class=\"elementor-animation-grow attachment-medium size-medium wp-image-1597\" alt=\"PDF documentos que prueban que Roberto M\u00e1rquez de Barranquilla es inocente de falsas acusaciones\" srcset=\"https:\/\/robertomarquez.org\/wp-content\/uploads\/2021\/12\/pdf-image-244x300.webp 244w, https:\/\/robertomarquez.org\/wp-content\/uploads\/2021\/12\/pdf-image.webp 390w\" sizes=\"(max-width: 244px) 100vw, 244px\" \/><\/a><\/figure><div class=\"elementor-image-box-content\"><h3 class=\"elementor-image-box-title\"><a href=\"http:\/\/18u.d6f.myftpupload.com\/wp-content\/uploads\/2021\/12\/8-SPOA_page-0001.pdf\" target=\"_blank\">Jefatura de la Secci\u00f3n de Atenci\u00f3n al Usuario Intervenci\u00f3n Temprana y Asignaciones<\/a><\/h3><\/div><\/div>\t\t\t\t<\/div>\n\t\t\t\t<\/div>\n\t\t\t\t\t<\/div>\n\t\t<\/div>\n\t\t\t\t<div class=\"has_eae_slider elementor-column elementor-col-25 elementor-inner-column elementor-element elementor-element-00aa16c\" data-eae-slider=\"48126\" data-id=\"00aa16c\" data-element_type=\"column\">\n\t\t\t<div class=\"elementor-widget-wrap elementor-element-populated\">\n\t\t\t\t\t\t<div class=\"elementor-element elementor-element-cb453ae elementor-position-left elementor-vertical-align-top elementor-widget elementor-widget-image-box\" data-id=\"cb453ae\" data-element_type=\"widget\" data-widget_type=\"image-box.default\">\n\t\t\t\t<div class=\"elementor-widget-container\">\n\t\t\t\t\t<div class=\"elementor-image-box-wrapper\"><figure class=\"elementor-image-box-img\"><a href=\"http:\/\/18u.d6f.myftpupload.com\/wp-content\/uploads\/2021\/12\/9-MARQUEZ-ESCRIBE-A-FISCALIA.pdf\" target=\"_blank\" tabindex=\"-1\"><img fetchpriority=\"high\" decoding=\"async\" width=\"244\" height=\"300\" src=\"https:\/\/robertomarquez.org\/wp-content\/uploads\/2021\/12\/pdf-image-244x300.webp\" class=\"elementor-animation-grow attachment-medium size-medium wp-image-1597\" alt=\"PDF documentos que prueban que Roberto M\u00e1rquez de Barranquilla es inocente de falsas acusaciones\" srcset=\"https:\/\/robertomarquez.org\/wp-content\/uploads\/2021\/12\/pdf-image-244x300.webp 244w, https:\/\/robertomarquez.org\/wp-content\/uploads\/2021\/12\/pdf-image.webp 390w\" sizes=\"(max-width: 244px) 100vw, 244px\" \/><\/a><\/figure><div class=\"elementor-image-box-content\"><h3 class=\"elementor-image-box-title\"><a href=\"http:\/\/18u.d6f.myftpupload.com\/wp-content\/uploads\/2021\/12\/9-MARQUEZ-ESCRIBE-A-FISCALIA.pdf\" target=\"_blank\">Comunicado a la Fiscal\u00eda agosto<\/a><\/h3><\/div><\/div>\t\t\t\t<\/div>\n\t\t\t\t<\/div>\n\t\t\t\t\t<\/div>\n\t\t<\/div>\n\t\t\t\t\t<\/div>\n\t\t<\/section>\n\t\t\t\t<section class=\"has_eae_slider elementor-section elementor-inner-section elementor-element elementor-element-29e608a elementor-section-boxed elementor-section-height-default elementor-section-height-default\" data-eae-slider=\"34690\" data-id=\"29e608a\" data-element_type=\"section\">\n\t\t\t\t\t\t<div class=\"elementor-container elementor-column-gap-default\">\n\t\t\t\t\t<div class=\"has_eae_slider elementor-column elementor-col-25 elementor-inner-column elementor-element elementor-element-9a4d060\" data-eae-slider=\"14602\" data-id=\"9a4d060\" data-element_type=\"column\">\n\t\t\t<div class=\"elementor-widget-wrap elementor-element-populated\">\n\t\t\t\t\t\t<div class=\"elementor-element elementor-element-0110876 elementor-position-left elementor-vertical-align-top elementor-widget elementor-widget-image-box\" data-id=\"0110876\" data-element_type=\"widget\" data-widget_type=\"image-box.default\">\n\t\t\t\t<div class=\"elementor-widget-container\">\n\t\t\t\t\t<div class=\"elementor-image-box-wrapper\"><figure class=\"elementor-image-box-img\"><a href=\"http:\/\/18u.d6f.myftpupload.com\/wp-content\/uploads\/2021\/12\/21-METANALISIS-FINAL-DICIEMBRE-2020.pdf\" target=\"_blank\" tabindex=\"-1\"><img fetchpriority=\"high\" decoding=\"async\" width=\"244\" height=\"300\" src=\"https:\/\/robertomarquez.org\/wp-content\/uploads\/2021\/12\/pdf-image-244x300.webp\" class=\"elementor-animation-grow attachment-medium size-medium wp-image-1597\" alt=\"PDF documentos que prueban que Roberto M\u00e1rquez de Barranquilla es inocente de falsas acusaciones\" srcset=\"https:\/\/robertomarquez.org\/wp-content\/uploads\/2021\/12\/pdf-image-244x300.webp 244w, https:\/\/robertomarquez.org\/wp-content\/uploads\/2021\/12\/pdf-image.webp 390w\" sizes=\"(max-width: 244px) 100vw, 244px\" \/><\/a><\/figure><div class=\"elementor-image-box-content\"><h3 class=\"elementor-image-box-title\"><a href=\"http:\/\/18u.d6f.myftpupload.com\/wp-content\/uploads\/2021\/12\/21-METANALISIS-FINAL-DICIEMBRE-2020.pdf\" target=\"_blank\">Meta-an\u00e1lisis Dr Roberto Sicard<\/a><\/h3><\/div><\/div>\t\t\t\t<\/div>\n\t\t\t\t<\/div>\n\t\t\t\t\t<\/div>\n\t\t<\/div>\n\t\t\t\t<div class=\"has_eae_slider elementor-column elementor-col-25 elementor-inner-column elementor-element elementor-element-fc817de\" data-eae-slider=\"96627\" data-id=\"fc817de\" data-element_type=\"column\">\n\t\t\t<div class=\"elementor-widget-wrap elementor-element-populated\">\n\t\t\t\t\t\t<div class=\"elementor-element elementor-element-8a3d1c9 elementor-position-left elementor-vertical-align-top elementor-widget elementor-widget-image-box\" data-id=\"8a3d1c9\" data-element_type=\"widget\" data-widget_type=\"image-box.default\">\n\t\t\t\t<div class=\"elementor-widget-container\">\n\t\t\t\t\t<div class=\"elementor-image-box-wrapper\"><figure class=\"elementor-image-box-img\"><a href=\"http:\/\/18u.d6f.myftpupload.com\/wp-content\/uploads\/2021\/12\/23-ANEXO-FUNDAMENTOS-DEL-CODIGO-GENERAL-DEL-PROCESO-ART-226-SICARD.pdf\" target=\"_blank\" tabindex=\"-1\"><img fetchpriority=\"high\" decoding=\"async\" width=\"244\" height=\"300\" src=\"https:\/\/robertomarquez.org\/wp-content\/uploads\/2021\/12\/pdf-image-244x300.webp\" class=\"elementor-animation-grow attachment-medium size-medium wp-image-1597\" alt=\"PDF documentos que prueban que Roberto M\u00e1rquez de Barranquilla es inocente de falsas acusaciones\" srcset=\"https:\/\/robertomarquez.org\/wp-content\/uploads\/2021\/12\/pdf-image-244x300.webp 244w, https:\/\/robertomarquez.org\/wp-content\/uploads\/2021\/12\/pdf-image.webp 390w\" sizes=\"(max-width: 244px) 100vw, 244px\" \/><\/a><\/figure><div class=\"elementor-image-box-content\"><h3 class=\"elementor-image-box-title\"><a href=\"http:\/\/18u.d6f.myftpupload.com\/wp-content\/uploads\/2021\/12\/23-ANEXO-FUNDAMENTOS-DEL-CODIGO-GENERAL-DEL-PROCESO-ART-226-SICARD.pdf\" target=\"_blank\">Art\u00edculo 226 del Co\u0301digo General del Proceso<\/a><\/h3><\/div><\/div>\t\t\t\t<\/div>\n\t\t\t\t<\/div>\n\t\t\t\t\t<\/div>\n\t\t<\/div>\n\t\t\t\t<div class=\"has_eae_slider elementor-column elementor-col-25 elementor-inner-column elementor-element elementor-element-225d8ea\" data-eae-slider=\"66749\" data-id=\"225d8ea\" data-element_type=\"column\">\n\t\t\t<div class=\"elementor-widget-wrap elementor-element-populated\">\n\t\t\t\t\t\t<div class=\"elementor-element elementor-element-107da57 elementor-position-left elementor-vertical-align-top elementor-widget elementor-widget-image-box\" data-id=\"107da57\" data-element_type=\"widget\" data-widget_type=\"image-box.default\">\n\t\t\t\t<div class=\"elementor-widget-container\">\n\t\t\t\t\t<div class=\"elementor-image-box-wrapper\"><figure class=\"elementor-image-box-img\"><a href=\"http:\/\/18u.d6f.myftpupload.com\/wp-content\/uploads\/2021\/12\/10-MARQUEZ-ENVIA-A-FISCALIA-no-2-.pdf\" target=\"_blank\" tabindex=\"-1\"><img fetchpriority=\"high\" decoding=\"async\" width=\"244\" height=\"300\" src=\"https:\/\/robertomarquez.org\/wp-content\/uploads\/2021\/12\/pdf-image-244x300.webp\" class=\"elementor-animation-grow attachment-medium size-medium wp-image-1597\" alt=\"PDF documentos que prueban que Roberto M\u00e1rquez de Barranquilla es inocente de falsas acusaciones\" srcset=\"https:\/\/robertomarquez.org\/wp-content\/uploads\/2021\/12\/pdf-image-244x300.webp 244w, https:\/\/robertomarquez.org\/wp-content\/uploads\/2021\/12\/pdf-image.webp 390w\" sizes=\"(max-width: 244px) 100vw, 244px\" \/><\/a><\/figure><div class=\"elementor-image-box-content\"><h3 class=\"elementor-image-box-title\"><a href=\"http:\/\/18u.d6f.myftpupload.com\/wp-content\/uploads\/2021\/12\/10-MARQUEZ-ENVIA-A-FISCALIA-no-2-.pdf\" target=\"_blank\">Segundo Comunicado a la Fiscal\u00eda Agosto<\/a><\/h3><\/div><\/div>\t\t\t\t<\/div>\n\t\t\t\t<\/div>\n\t\t\t\t\t<\/div>\n\t\t<\/div>\n\t\t\t\t<div class=\"has_eae_slider elementor-column elementor-col-25 elementor-inner-column elementor-element elementor-element-429e59b\" data-eae-slider=\"38052\" data-id=\"429e59b\" data-element_type=\"column\">\n\t\t\t<div class=\"elementor-widget-wrap elementor-element-populated\">\n\t\t\t\t\t\t<div class=\"elementor-element elementor-element-daf1313 elementor-position-left elementor-vertical-align-top elementor-widget elementor-widget-image-box\" data-id=\"daf1313\" data-element_type=\"widget\" data-widget_type=\"image-box.default\">\n\t\t\t\t<div class=\"elementor-widget-container\">\n\t\t\t\t\t<div class=\"elementor-image-box-wrapper\"><figure class=\"elementor-image-box-img\"><a href=\"http:\/\/18u.d6f.myftpupload.com\/wp-content\/uploads\/2021\/12\/11-DER-DE-PETICION-FISCAL-G-DE-LA-NACION.pdf\" target=\"_blank\" tabindex=\"-1\"><img fetchpriority=\"high\" decoding=\"async\" width=\"244\" height=\"300\" src=\"https:\/\/robertomarquez.org\/wp-content\/uploads\/2021\/12\/pdf-image-244x300.webp\" class=\"elementor-animation-grow attachment-medium size-medium wp-image-1597\" alt=\"PDF documentos que prueban que Roberto M\u00e1rquez de Barranquilla es inocente de falsas acusaciones\" srcset=\"https:\/\/robertomarquez.org\/wp-content\/uploads\/2021\/12\/pdf-image-244x300.webp 244w, https:\/\/robertomarquez.org\/wp-content\/uploads\/2021\/12\/pdf-image.webp 390w\" sizes=\"(max-width: 244px) 100vw, 244px\" \/><\/a><\/figure><div class=\"elementor-image-box-content\"><h3 class=\"elementor-image-box-title\"><a href=\"http:\/\/18u.d6f.myftpupload.com\/wp-content\/uploads\/2021\/12\/11-DER-DE-PETICION-FISCAL-G-DE-LA-NACION.pdf\" target=\"_blank\">Derecho de petici\u00f3n a la Fiscal\u00eda y petici\u00f3n al Fiscal General de la Naci\u00f3n<\/a><\/h3><\/div><\/div>\t\t\t\t<\/div>\n\t\t\t\t<\/div>\n\t\t\t\t\t<\/div>\n\t\t<\/div>\n\t\t\t\t\t<\/div>\n\t\t<\/section>\n\t\t\t\t<section class=\"has_eae_slider elementor-section elementor-inner-section elementor-element elementor-element-fe8cd9c elementor-section-boxed elementor-section-height-default elementor-section-height-default\" data-eae-slider=\"40658\" data-id=\"fe8cd9c\" data-element_type=\"section\">\n\t\t\t\t\t\t<div class=\"elementor-container elementor-column-gap-default\">\n\t\t\t\t\t<div class=\"has_eae_slider elementor-column elementor-col-25 elementor-inner-column elementor-element elementor-element-78cc038\" data-eae-slider=\"8226\" data-id=\"78cc038\" data-element_type=\"column\">\n\t\t\t<div class=\"elementor-widget-wrap elementor-element-populated\">\n\t\t\t\t\t\t<div class=\"elementor-element elementor-element-a29edc9 elementor-position-left elementor-vertical-align-top elementor-widget elementor-widget-image-box\" data-id=\"a29edc9\" data-element_type=\"widget\" data-widget_type=\"image-box.default\">\n\t\t\t\t<div class=\"elementor-widget-container\">\n\t\t\t\t\t<div class=\"elementor-image-box-wrapper\"><figure class=\"elementor-image-box-img\"><a href=\"http:\/\/18u.d6f.myftpupload.com\/wp-content\/uploads\/2021\/12\/8-Escrito-asignaciones-sept.-4-20-2.pdf\" target=\"_blank\" tabindex=\"-1\"><img fetchpriority=\"high\" decoding=\"async\" width=\"244\" height=\"300\" src=\"https:\/\/robertomarquez.org\/wp-content\/uploads\/2021\/12\/pdf-image-244x300.webp\" class=\"elementor-animation-grow attachment-medium size-medium wp-image-1597\" alt=\"PDF documentos que prueban que Roberto M\u00e1rquez de Barranquilla es inocente de falsas acusaciones\" srcset=\"https:\/\/robertomarquez.org\/wp-content\/uploads\/2021\/12\/pdf-image-244x300.webp 244w, https:\/\/robertomarquez.org\/wp-content\/uploads\/2021\/12\/pdf-image.webp 390w\" sizes=\"(max-width: 244px) 100vw, 244px\" \/><\/a><\/figure><div class=\"elementor-image-box-content\"><h3 class=\"elementor-image-box-title\"><a href=\"http:\/\/18u.d6f.myftpupload.com\/wp-content\/uploads\/2021\/12\/8-Escrito-asignaciones-sept.-4-20-2.pdf\" target=\"_blank\">Solicitud ante la Oficina de Servicio al Ciudadano de la Fiscal\u00eda (OSAC)<\/a><\/h3><\/div><\/div>\t\t\t\t<\/div>\n\t\t\t\t<\/div>\n\t\t\t\t\t<\/div>\n\t\t<\/div>\n\t\t\t\t<div class=\"has_eae_slider elementor-column elementor-col-25 elementor-inner-column elementor-element elementor-element-0549b5b\" data-eae-slider=\"11159\" data-id=\"0549b5b\" data-element_type=\"column\">\n\t\t\t<div class=\"elementor-widget-wrap elementor-element-populated\">\n\t\t\t\t\t\t<div class=\"elementor-element elementor-element-3e77433 elementor-position-left elementor-vertical-align-top elementor-widget elementor-widget-image-box\" data-id=\"3e77433\" data-element_type=\"widget\" data-widget_type=\"image-box.default\">\n\t\t\t\t<div class=\"elementor-widget-container\">\n\t\t\t\t\t<div class=\"elementor-image-box-wrapper\"><figure class=\"elementor-image-box-img\"><a href=\"http:\/\/18u.d6f.myftpupload.com\/wp-content\/uploads\/2021\/12\/12-UN-PATRIM-ECONMICO-Escrito-Dra-Marta-Zabala-sept.-16-20.pdf\" target=\"_blank\" tabindex=\"-1\"><img fetchpriority=\"high\" decoding=\"async\" width=\"244\" height=\"300\" src=\"https:\/\/robertomarquez.org\/wp-content\/uploads\/2021\/12\/pdf-image-244x300.webp\" class=\"elementor-animation-grow attachment-medium size-medium wp-image-1597\" alt=\"PDF documentos que prueban que Roberto M\u00e1rquez de Barranquilla es inocente de falsas acusaciones\" srcset=\"https:\/\/robertomarquez.org\/wp-content\/uploads\/2021\/12\/pdf-image-244x300.webp 244w, https:\/\/robertomarquez.org\/wp-content\/uploads\/2021\/12\/pdf-image.webp 390w\" sizes=\"(max-width: 244px) 100vw, 244px\" \/><\/a><\/figure><div class=\"elementor-image-box-content\"><h3 class=\"elementor-image-box-title\"><a href=\"http:\/\/18u.d6f.myftpupload.com\/wp-content\/uploads\/2021\/12\/12-UN-PATRIM-ECONMICO-Escrito-Dra-Marta-Zabala-sept.-16-20.pdf\" target=\"_blank\">Memorial ante la Coordinadora de la Unidad de Patrimonio Econ\u00f3mico<\/a><\/h3><\/div><\/div>\t\t\t\t<\/div>\n\t\t\t\t<\/div>\n\t\t\t\t\t<\/div>\n\t\t<\/div>\n\t\t\t\t<div class=\"has_eae_slider elementor-column elementor-col-25 elementor-inner-column elementor-element elementor-element-5dc48ef\" data-eae-slider=\"2177\" data-id=\"5dc48ef\" data-element_type=\"column\">\n\t\t\t<div class=\"elementor-widget-wrap elementor-element-populated\">\n\t\t\t\t\t\t<div class=\"elementor-element elementor-element-a9708c1 elementor-position-left elementor-vertical-align-top elementor-widget elementor-widget-image-box\" data-id=\"a9708c1\" data-element_type=\"widget\" data-widget_type=\"image-box.default\">\n\t\t\t\t<div class=\"elementor-widget-container\">\n\t\t\t\t\t<div class=\"elementor-image-box-wrapper\"><figure class=\"elementor-image-box-img\"><a href=\"http:\/\/18u.d6f.myftpupload.com\/wp-content\/uploads\/2021\/12\/13-MEMORIAL-A-DRA-DULCE-.pdf-.pdf\" target=\"_blank\" tabindex=\"-1\"><img fetchpriority=\"high\" decoding=\"async\" width=\"244\" height=\"300\" src=\"https:\/\/robertomarquez.org\/wp-content\/uploads\/2021\/12\/pdf-image-244x300.webp\" class=\"elementor-animation-grow attachment-medium size-medium wp-image-1597\" alt=\"PDF documentos que prueban que Roberto M\u00e1rquez de Barranquilla es inocente de falsas acusaciones\" srcset=\"https:\/\/robertomarquez.org\/wp-content\/uploads\/2021\/12\/pdf-image-244x300.webp 244w, https:\/\/robertomarquez.org\/wp-content\/uploads\/2021\/12\/pdf-image.webp 390w\" sizes=\"(max-width: 244px) 100vw, 244px\" \/><\/a><\/figure><div class=\"elementor-image-box-content\"><h3 class=\"elementor-image-box-title\"><a href=\"http:\/\/18u.d6f.myftpupload.com\/wp-content\/uploads\/2021\/12\/13-MEMORIAL-A-DRA-DULCE-.pdf-.pdf\" target=\"_blank\">Memorial ante la Dra. Denny Esther Dulce Pacheco<\/a><\/h3><\/div><\/div>\t\t\t\t<\/div>\n\t\t\t\t<\/div>\n\t\t\t\t\t<\/div>\n\t\t<\/div>\n\t\t\t\t<div class=\"has_eae_slider elementor-column elementor-col-25 elementor-inner-column elementor-element elementor-element-a78932a\" data-eae-slider=\"88605\" data-id=\"a78932a\" data-element_type=\"column\">\n\t\t\t<div class=\"elementor-widget-wrap elementor-element-populated\">\n\t\t\t\t\t\t<div class=\"elementor-element elementor-element-624c26d elementor-position-left elementor-vertical-align-top elementor-widget elementor-widget-image-box\" data-id=\"624c26d\" data-element_type=\"widget\" data-widget_type=\"image-box.default\">\n\t\t\t\t<div class=\"elementor-widget-container\">\n\t\t\t\t\t<div class=\"elementor-image-box-wrapper\"><figure class=\"elementor-image-box-img\"><a href=\"http:\/\/18u.d6f.myftpupload.com\/wp-content\/uploads\/2021\/12\/14-Respuesta.-Derecho-de-peticion-octubre-3-20.pdf-.pdf\" target=\"_blank\" tabindex=\"-1\"><img fetchpriority=\"high\" decoding=\"async\" width=\"244\" height=\"300\" src=\"https:\/\/robertomarquez.org\/wp-content\/uploads\/2021\/12\/pdf-image-244x300.webp\" class=\"elementor-animation-grow attachment-medium size-medium wp-image-1597\" alt=\"PDF documentos que prueban que Roberto M\u00e1rquez de Barranquilla es inocente de falsas acusaciones\" srcset=\"https:\/\/robertomarquez.org\/wp-content\/uploads\/2021\/12\/pdf-image-244x300.webp 244w, https:\/\/robertomarquez.org\/wp-content\/uploads\/2021\/12\/pdf-image.webp 390w\" sizes=\"(max-width: 244px) 100vw, 244px\" \/><\/a><\/figure><div class=\"elementor-image-box-content\"><h3 class=\"elementor-image-box-title\"><a href=\"http:\/\/18u.d6f.myftpupload.com\/wp-content\/uploads\/2021\/12\/14-Respuesta.-Derecho-de-peticion-octubre-3-20.pdf-.pdf\" target=\"_blank\">Memorial Octubre a la Fiscal 42<\/a><\/h3><\/div><\/div>\t\t\t\t<\/div>\n\t\t\t\t<\/div>\n\t\t\t\t\t<\/div>\n\t\t<\/div>\n\t\t\t\t\t<\/div>\n\t\t<\/section>\n\t\t\t\t<section class=\"has_eae_slider elementor-section elementor-inner-section elementor-element elementor-element-9641539 elementor-section-boxed elementor-section-height-default elementor-section-height-default\" data-eae-slider=\"43138\" data-id=\"9641539\" data-element_type=\"section\">\n\t\t\t\t\t\t<div class=\"elementor-container elementor-column-gap-default\">\n\t\t\t\t\t<div class=\"has_eae_slider elementor-column elementor-col-25 elementor-inner-column elementor-element elementor-element-0c6c6a1\" data-eae-slider=\"47223\" data-id=\"0c6c6a1\" data-element_type=\"column\">\n\t\t\t<div class=\"elementor-widget-wrap elementor-element-populated\">\n\t\t\t\t\t\t<div class=\"elementor-element elementor-element-db57ba2 elementor-position-left elementor-vertical-align-top elementor-widget elementor-widget-image-box\" data-id=\"db57ba2\" data-element_type=\"widget\" data-widget_type=\"image-box.default\">\n\t\t\t\t<div class=\"elementor-widget-container\">\n\t\t\t\t\t<div class=\"elementor-image-box-wrapper\"><figure class=\"elementor-image-box-img\"><a href=\"http:\/\/18u.d6f.myftpupload.com\/wp-content\/uploads\/2021\/12\/15-Solicitud-copias-expediente-Donaldo-oct.-30-20.pdf\" target=\"_blank\" tabindex=\"-1\"><img fetchpriority=\"high\" decoding=\"async\" width=\"244\" height=\"300\" src=\"https:\/\/robertomarquez.org\/wp-content\/uploads\/2021\/12\/pdf-image-244x300.webp\" class=\"elementor-animation-grow attachment-medium size-medium wp-image-1597\" alt=\"PDF documentos que prueban que Roberto M\u00e1rquez de Barranquilla es inocente de falsas acusaciones\" srcset=\"https:\/\/robertomarquez.org\/wp-content\/uploads\/2021\/12\/pdf-image-244x300.webp 244w, https:\/\/robertomarquez.org\/wp-content\/uploads\/2021\/12\/pdf-image.webp 390w\" sizes=\"(max-width: 244px) 100vw, 244px\" \/><\/a><\/figure><div class=\"elementor-image-box-content\"><h3 class=\"elementor-image-box-title\"><a href=\"http:\/\/18u.d6f.myftpupload.com\/wp-content\/uploads\/2021\/12\/15-Solicitud-copias-expediente-Donaldo-oct.-30-20.pdf\" target=\"_blank\">Solicitud a la Fiscal\u00eda noviembre<\/a><\/h3><\/div><\/div>\t\t\t\t<\/div>\n\t\t\t\t<\/div>\n\t\t\t\t\t<\/div>\n\t\t<\/div>\n\t\t\t\t<div class=\"has_eae_slider elementor-column elementor-col-25 elementor-inner-column elementor-element elementor-element-a788c82\" data-eae-slider=\"6930\" data-id=\"a788c82\" data-element_type=\"column\">\n\t\t\t<div class=\"elementor-widget-wrap elementor-element-populated\">\n\t\t\t\t\t\t<div class=\"elementor-element elementor-element-31616a3 elementor-position-left elementor-vertical-align-top elementor-widget elementor-widget-image-box\" data-id=\"31616a3\" data-element_type=\"widget\" data-widget_type=\"image-box.default\">\n\t\t\t\t<div class=\"elementor-widget-container\">\n\t\t\t\t\t<div class=\"elementor-image-box-wrapper\"><figure class=\"elementor-image-box-img\"><a href=\"http:\/\/18u.d6f.myftpupload.com\/wp-content\/uploads\/2021\/12\/16Reiteracion17-Reiteracion18reiteracion19Escrito.pdf\" target=\"_blank\" tabindex=\"-1\"><img fetchpriority=\"high\" decoding=\"async\" width=\"244\" height=\"300\" src=\"https:\/\/robertomarquez.org\/wp-content\/uploads\/2021\/12\/pdf-image-244x300.webp\" class=\"elementor-animation-grow attachment-medium size-medium wp-image-1597\" alt=\"PDF documentos que prueban que Roberto M\u00e1rquez de Barranquilla es inocente de falsas acusaciones\" srcset=\"https:\/\/robertomarquez.org\/wp-content\/uploads\/2021\/12\/pdf-image-244x300.webp 244w, https:\/\/robertomarquez.org\/wp-content\/uploads\/2021\/12\/pdf-image.webp 390w\" sizes=\"(max-width: 244px) 100vw, 244px\" \/><\/a><\/figure><div class=\"elementor-image-box-content\"><h3 class=\"elementor-image-box-title\"><a href=\"http:\/\/18u.d6f.myftpupload.com\/wp-content\/uploads\/2021\/12\/16Reiteracion17-Reiteracion18reiteracion19Escrito.pdf\" target=\"_blank\">Memoriales para impulsar proceso noviembre y diciembre <\/a><\/h3><\/div><\/div>\t\t\t\t<\/div>\n\t\t\t\t<\/div>\n\t\t\t\t\t<\/div>\n\t\t<\/div>\n\t\t\t\t<div class=\"has_eae_slider elementor-column elementor-col-25 elementor-inner-column elementor-element elementor-element-797b8e8\" data-eae-slider=\"13732\" data-id=\"797b8e8\" data-element_type=\"column\">\n\t\t\t<div class=\"elementor-widget-wrap elementor-element-populated\">\n\t\t\t\t\t\t<div class=\"elementor-element elementor-element-9c89b99 elementor-position-left elementor-vertical-align-top elementor-widget elementor-widget-image-box\" data-id=\"9c89b99\" data-element_type=\"widget\" data-widget_type=\"image-box.default\">\n\t\t\t\t<div class=\"elementor-widget-container\">\n\t\t\t\t\t<div class=\"elementor-image-box-wrapper\"><figure class=\"elementor-image-box-img\"><a href=\"http:\/\/18u.d6f.myftpupload.com\/wp-content\/uploads\/2021\/12\/20-Peritaje-psicologico-Forense-ROBERTO-MARQUEZ-FINAL.pdf\" target=\"_blank\" tabindex=\"-1\"><img fetchpriority=\"high\" decoding=\"async\" width=\"244\" height=\"300\" src=\"https:\/\/robertomarquez.org\/wp-content\/uploads\/2021\/12\/pdf-image-244x300.webp\" class=\"elementor-animation-grow attachment-medium size-medium wp-image-1597\" alt=\"PDF documentos que prueban que Roberto M\u00e1rquez de Barranquilla es inocente de falsas acusaciones\" srcset=\"https:\/\/robertomarquez.org\/wp-content\/uploads\/2021\/12\/pdf-image-244x300.webp 244w, https:\/\/robertomarquez.org\/wp-content\/uploads\/2021\/12\/pdf-image.webp 390w\" sizes=\"(max-width: 244px) 100vw, 244px\" \/><\/a><\/figure><div class=\"elementor-image-box-content\"><h3 class=\"elementor-image-box-title\"><a href=\"http:\/\/18u.d6f.myftpupload.com\/wp-content\/uploads\/2021\/12\/20-Peritaje-psicologico-Forense-ROBERTO-MARQUEZ-FINAL.pdf\" target=\"_blank\">Peritaje psicol\u00f3gico forense a Roberto M\u00e1rquez<\/a><\/h3><\/div><\/div>\t\t\t\t<\/div>\n\t\t\t\t<\/div>\n\t\t\t\t\t<\/div>\n\t\t<\/div>\n\t\t\t\t<div class=\"has_eae_slider elementor-column elementor-col-25 elementor-inner-column elementor-element elementor-element-e8fb669\" data-eae-slider=\"17085\" data-id=\"e8fb669\" data-element_type=\"column\">\n\t\t\t<div class=\"elementor-widget-wrap elementor-element-populated\">\n\t\t\t\t\t\t<div class=\"elementor-element elementor-element-4d415a0 elementor-position-left elementor-vertical-align-top elementor-widget elementor-widget-image-box\" data-id=\"4d415a0\" data-element_type=\"widget\" data-widget_type=\"image-box.default\">\n\t\t\t\t<div class=\"elementor-widget-container\">\n\t\t\t\t\t<div class=\"elementor-image-box-wrapper\"><figure class=\"elementor-image-box-img\"><a href=\"http:\/\/18u.d6f.myftpupload.com\/wp-content\/uploads\/2021\/12\/24-25.pdf\" target=\"_blank\" tabindex=\"-1\"><img fetchpriority=\"high\" decoding=\"async\" width=\"244\" height=\"300\" src=\"https:\/\/robertomarquez.org\/wp-content\/uploads\/2021\/12\/pdf-image-244x300.webp\" class=\"elementor-animation-grow attachment-medium size-medium wp-image-1597\" alt=\"PDF documentos que prueban que Roberto M\u00e1rquez de Barranquilla es inocente de falsas acusaciones\" srcset=\"https:\/\/robertomarquez.org\/wp-content\/uploads\/2021\/12\/pdf-image-244x300.webp 244w, https:\/\/robertomarquez.org\/wp-content\/uploads\/2021\/12\/pdf-image.webp 390w\" sizes=\"(max-width: 244px) 100vw, 244px\" \/><\/a><\/figure><div class=\"elementor-image-box-content\"><h3 class=\"elementor-image-box-title\"><a href=\"http:\/\/18u.d6f.myftpupload.com\/wp-content\/uploads\/2021\/12\/24-25.pdf\" target=\"_blank\">Memoriales enero al Fiscal 42 seccional <\/a><\/h3><\/div><\/div>\t\t\t\t<\/div>\n\t\t\t\t<\/div>\n\t\t\t\t\t<\/div>\n\t\t<\/div>\n\t\t\t\t\t<\/div>\n\t\t<\/section>\n\t\t\t\t<section class=\"has_eae_slider elementor-section elementor-inner-section elementor-element elementor-element-06bca36 elementor-section-boxed elementor-section-height-default elementor-section-height-default\" data-eae-slider=\"62324\" data-id=\"06bca36\" data-element_type=\"section\">\n\t\t\t\t\t\t<div class=\"elementor-container elementor-column-gap-default\">\n\t\t\t\t\t<div class=\"has_eae_slider elementor-column elementor-col-25 elementor-inner-column elementor-element elementor-element-d06a435\" data-eae-slider=\"9627\" data-id=\"d06a435\" data-element_type=\"column\">\n\t\t\t<div class=\"elementor-widget-wrap elementor-element-populated\">\n\t\t\t\t\t\t<div class=\"elementor-element elementor-element-16263b8 elementor-position-left elementor-vertical-align-top elementor-widget elementor-widget-image-box\" data-id=\"16263b8\" data-element_type=\"widget\" data-widget_type=\"image-box.default\">\n\t\t\t\t<div class=\"elementor-widget-container\">\n\t\t\t\t\t<div class=\"elementor-image-box-wrapper\"><figure class=\"elementor-image-box-img\"><a href=\"http:\/\/18u.d6f.myftpupload.com\/wp-content\/uploads\/2021\/12\/26-Reiteracion-copias-y-prescripcion-Feb.-9-21.pdf\" target=\"_blank\" tabindex=\"-1\"><img fetchpriority=\"high\" decoding=\"async\" width=\"244\" height=\"300\" src=\"https:\/\/robertomarquez.org\/wp-content\/uploads\/2021\/12\/pdf-image-244x300.webp\" class=\"elementor-animation-grow attachment-medium size-medium wp-image-1597\" alt=\"PDF documentos que prueban que Roberto M\u00e1rquez de Barranquilla es inocente de falsas acusaciones\" srcset=\"https:\/\/robertomarquez.org\/wp-content\/uploads\/2021\/12\/pdf-image-244x300.webp 244w, https:\/\/robertomarquez.org\/wp-content\/uploads\/2021\/12\/pdf-image.webp 390w\" sizes=\"(max-width: 244px) 100vw, 244px\" \/><\/a><\/figure><div class=\"elementor-image-box-content\"><h3 class=\"elementor-image-box-title\"><a href=\"http:\/\/18u.d6f.myftpupload.com\/wp-content\/uploads\/2021\/12\/26-Reiteracion-copias-y-prescripcion-Feb.-9-21.pdf\" target=\"_blank\">Memorial febrero al Fiscal 42 seccional<\/a><\/h3><\/div><\/div>\t\t\t\t<\/div>\n\t\t\t\t<\/div>\n\t\t\t\t\t<\/div>\n\t\t<\/div>\n\t\t\t\t<div class=\"has_eae_slider elementor-column elementor-col-25 elementor-inner-column elementor-element elementor-element-2a4e47d\" data-eae-slider=\"9413\" data-id=\"2a4e47d\" data-element_type=\"column\">\n\t\t\t<div class=\"elementor-widget-wrap elementor-element-populated\">\n\t\t\t\t\t\t<div class=\"elementor-element elementor-element-fdbedf8 elementor-position-left elementor-vertical-align-top elementor-widget elementor-widget-image-box\" data-id=\"fdbedf8\" data-element_type=\"widget\" data-widget_type=\"image-box.default\">\n\t\t\t\t<div class=\"elementor-widget-container\">\n\t\t\t\t\t<div class=\"elementor-image-box-wrapper\"><figure class=\"elementor-image-box-img\"><a href=\"http:\/\/18u.d6f.myftpupload.com\/wp-content\/uploads\/2021\/12\/27-Reiteracion-prescripcion-Abril-5-21-1.pdf\" target=\"_blank\" tabindex=\"-1\"><img fetchpriority=\"high\" decoding=\"async\" width=\"244\" height=\"300\" src=\"https:\/\/robertomarquez.org\/wp-content\/uploads\/2021\/12\/pdf-image-244x300.webp\" class=\"elementor-animation-grow attachment-medium size-medium wp-image-1597\" alt=\"PDF documentos que prueban que Roberto M\u00e1rquez de Barranquilla es inocente de falsas acusaciones\" srcset=\"https:\/\/robertomarquez.org\/wp-content\/uploads\/2021\/12\/pdf-image-244x300.webp 244w, https:\/\/robertomarquez.org\/wp-content\/uploads\/2021\/12\/pdf-image.webp 390w\" sizes=\"(max-width: 244px) 100vw, 244px\" \/><\/a><\/figure><div class=\"elementor-image-box-content\"><h3 class=\"elementor-image-box-title\"><a href=\"http:\/\/18u.d6f.myftpupload.com\/wp-content\/uploads\/2021\/12\/27-Reiteracion-prescripcion-Abril-5-21-1.pdf\" target=\"_blank\">Memorial abril al Fiscal 42 seccional<\/a><\/h3><\/div><\/div>\t\t\t\t<\/div>\n\t\t\t\t<\/div>\n\t\t\t\t\t<\/div>\n\t\t<\/div>\n\t\t\t\t<div class=\"has_eae_slider elementor-column elementor-col-25 elementor-inner-column elementor-element elementor-element-915f2e8\" data-eae-slider=\"51222\" data-id=\"915f2e8\" data-element_type=\"column\">\n\t\t\t<div class=\"elementor-widget-wrap elementor-element-populated\">\n\t\t\t\t\t\t<div class=\"elementor-element elementor-element-1b4694e elementor-position-left elementor-vertical-align-top elementor-widget elementor-widget-image-box\" data-id=\"1b4694e\" data-element_type=\"widget\" data-widget_type=\"image-box.default\">\n\t\t\t\t<div class=\"elementor-widget-container\">\n\t\t\t\t\t<div class=\"elementor-image-box-wrapper\"><figure class=\"elementor-image-box-img\"><a href=\"http:\/\/18u.d6f.myftpupload.com\/wp-content\/uploads\/2021\/12\/28-Reiteracion-prescripcion-Mayo-21-21-.pdf\" target=\"_blank\" tabindex=\"-1\"><img fetchpriority=\"high\" decoding=\"async\" width=\"244\" height=\"300\" src=\"https:\/\/robertomarquez.org\/wp-content\/uploads\/2021\/12\/pdf-image-244x300.webp\" class=\"elementor-animation-grow attachment-medium size-medium wp-image-1597\" alt=\"PDF documentos que prueban que Roberto M\u00e1rquez de Barranquilla es inocente de falsas acusaciones\" srcset=\"https:\/\/robertomarquez.org\/wp-content\/uploads\/2021\/12\/pdf-image-244x300.webp 244w, https:\/\/robertomarquez.org\/wp-content\/uploads\/2021\/12\/pdf-image.webp 390w\" sizes=\"(max-width: 244px) 100vw, 244px\" \/><\/a><\/figure><div class=\"elementor-image-box-content\"><h3 class=\"elementor-image-box-title\"><a href=\"http:\/\/18u.d6f.myftpupload.com\/wp-content\/uploads\/2021\/12\/28-Reiteracion-prescripcion-Mayo-21-21-.pdf\" target=\"_blank\">Memorial mayo al Fiscal 42 seccional<\/a><\/h3><\/div><\/div>\t\t\t\t<\/div>\n\t\t\t\t<\/div>\n\t\t\t\t\t<\/div>\n\t\t<\/div>\n\t\t\t\t<div class=\"has_eae_slider elementor-column elementor-col-25 elementor-inner-column elementor-element elementor-element-2567395\" data-eae-slider=\"35220\" data-id=\"2567395\" data-element_type=\"column\">\n\t\t\t<div class=\"elementor-widget-wrap elementor-element-populated\">\n\t\t\t\t\t\t<div class=\"elementor-element elementor-element-3844ea0 elementor-position-left elementor-vertical-align-top elementor-widget elementor-widget-image-box\" data-id=\"3844ea0\" data-element_type=\"widget\" data-widget_type=\"image-box.default\">\n\t\t\t\t<div class=\"elementor-widget-container\">\n\t\t\t\t\t<div class=\"elementor-image-box-wrapper\"><figure class=\"elementor-image-box-img\"><a href=\"http:\/\/18u.d6f.myftpupload.com\/wp-content\/uploads\/2021\/12\/29-inhibitorio-abuso-sexual.pdf\" target=\"_blank\" tabindex=\"-1\"><img fetchpriority=\"high\" decoding=\"async\" width=\"244\" height=\"300\" src=\"https:\/\/robertomarquez.org\/wp-content\/uploads\/2021\/12\/pdf-image-244x300.webp\" class=\"elementor-animation-grow attachment-medium size-medium wp-image-1597\" alt=\"PDF documentos que prueban que Roberto M\u00e1rquez de Barranquilla es inocente de falsas acusaciones\" srcset=\"https:\/\/robertomarquez.org\/wp-content\/uploads\/2021\/12\/pdf-image-244x300.webp 244w, https:\/\/robertomarquez.org\/wp-content\/uploads\/2021\/12\/pdf-image.webp 390w\" sizes=\"(max-width: 244px) 100vw, 244px\" \/><\/a><\/figure><div class=\"elementor-image-box-content\"><h3 class=\"elementor-image-box-title\"><a href=\"http:\/\/18u.d6f.myftpupload.com\/wp-content\/uploads\/2021\/12\/29-inhibitorio-abuso-sexual.pdf\" target=\"_blank\">Resoluci\u00f3n inhibitoria de junio de 2021 <\/a><\/h3><\/div><\/div>\t\t\t\t<\/div>\n\t\t\t\t<\/div>\n\t\t\t\t\t<\/div>\n\t\t<\/div>\n\t\t\t\t\t<\/div>\n\t\t<\/section>\n\t\t\t\t<section class=\"has_eae_slider elementor-section elementor-inner-section elementor-element elementor-element-1a8306b elementor-section-boxed elementor-section-height-default elementor-section-height-default\" data-eae-slider=\"46307\" data-id=\"1a8306b\" data-element_type=\"section\">\n\t\t\t\t\t\t<div class=\"elementor-container elementor-column-gap-default\">\n\t\t\t\t\t<div class=\"has_eae_slider elementor-column elementor-col-25 elementor-inner-column elementor-element elementor-element-38a489f\" data-eae-slider=\"63853\" data-id=\"38a489f\" data-element_type=\"column\">\n\t\t\t<div class=\"elementor-widget-wrap elementor-element-populated\">\n\t\t\t\t\t\t<div class=\"elementor-element elementor-element-f52481a elementor-position-left elementor-vertical-align-top elementor-widget elementor-widget-image-box\" data-id=\"f52481a\" data-element_type=\"widget\" data-widget_type=\"image-box.default\">\n\t\t\t\t<div class=\"elementor-widget-container\">\n\t\t\t\t\t<div class=\"elementor-image-box-wrapper\"><figure class=\"elementor-image-box-img\"><a href=\"http:\/\/18u.d6f.myftpupload.com\/wp-content\/uploads\/2021\/12\/31-sustentacion-recurso-junio-30-2.pdf\" target=\"_blank\" tabindex=\"-1\"><img fetchpriority=\"high\" decoding=\"async\" width=\"244\" height=\"300\" src=\"https:\/\/robertomarquez.org\/wp-content\/uploads\/2021\/12\/pdf-image-244x300.webp\" class=\"elementor-animation-grow attachment-medium size-medium wp-image-1597\" alt=\"PDF documentos que prueban que Roberto M\u00e1rquez de Barranquilla es inocente de falsas acusaciones\" srcset=\"https:\/\/robertomarquez.org\/wp-content\/uploads\/2021\/12\/pdf-image-244x300.webp 244w, https:\/\/robertomarquez.org\/wp-content\/uploads\/2021\/12\/pdf-image.webp 390w\" sizes=\"(max-width: 244px) 100vw, 244px\" \/><\/a><\/figure><div class=\"elementor-image-box-content\"><h3 class=\"elementor-image-box-title\"><a href=\"http:\/\/18u.d6f.myftpupload.com\/wp-content\/uploads\/2021\/12\/31-sustentacion-recurso-junio-30-2.pdf\" target=\"_blank\">Memorial de sustento para recurso de reposici\u00f3n <\/a><\/h3><\/div><\/div>\t\t\t\t<\/div>\n\t\t\t\t<\/div>\n\t\t\t\t\t<\/div>\n\t\t<\/div>\n\t\t\t\t<div class=\"has_eae_slider elementor-column elementor-col-25 elementor-inner-column elementor-element elementor-element-d7b7c63\" data-eae-slider=\"75368\" data-id=\"d7b7c63\" data-element_type=\"column\">\n\t\t\t<div class=\"elementor-widget-wrap elementor-element-populated\">\n\t\t\t\t\t\t<div class=\"elementor-element elementor-element-451c20c elementor-position-left elementor-vertical-align-top elementor-widget elementor-widget-image-box\" data-id=\"451c20c\" data-element_type=\"widget\" data-widget_type=\"image-box.default\">\n\t\t\t\t<div class=\"elementor-widget-container\">\n\t\t\t\t\t<div class=\"elementor-image-box-wrapper\"><figure class=\"elementor-image-box-img\"><a href=\"http:\/\/18u.d6f.myftpupload.com\/wp-content\/uploads\/2021\/12\/32-Repone-317942-.pdf\" target=\"_blank\" tabindex=\"-1\"><img fetchpriority=\"high\" decoding=\"async\" width=\"244\" height=\"300\" src=\"https:\/\/robertomarquez.org\/wp-content\/uploads\/2021\/12\/pdf-image-244x300.webp\" class=\"elementor-animation-grow attachment-medium size-medium wp-image-1597\" alt=\"PDF documentos que prueban que Roberto M\u00e1rquez de Barranquilla es inocente de falsas acusaciones\" srcset=\"https:\/\/robertomarquez.org\/wp-content\/uploads\/2021\/12\/pdf-image-244x300.webp 244w, https:\/\/robertomarquez.org\/wp-content\/uploads\/2021\/12\/pdf-image.webp 390w\" sizes=\"(max-width: 244px) 100vw, 244px\" \/><\/a><\/figure><div class=\"elementor-image-box-content\"><h3 class=\"elementor-image-box-title\"><a href=\"http:\/\/18u.d6f.myftpupload.com\/wp-content\/uploads\/2021\/12\/32-Repone-317942-.pdf\" target=\"_blank\">Orden de preclusi\u00f3n de la investigaci\u00f3n en favor de Roberto M\u00e1rquez<\/a><\/h3><\/div><\/div>\t\t\t\t<\/div>\n\t\t\t\t<\/div>\n\t\t\t\t\t<\/div>\n\t\t<\/div>\n\t\t\t\t<div class=\"has_eae_slider elementor-column elementor-col-25 elementor-inner-column elementor-element elementor-element-e58b9ae\" data-eae-slider=\"79574\" data-id=\"e58b9ae\" data-element_type=\"column\">\n\t\t\t<div class=\"elementor-widget-wrap elementor-element-populated\">\n\t\t\t\t\t\t<div class=\"elementor-element elementor-element-e2f64e8 elementor-position-left elementor-vertical-align-top elementor-widget elementor-widget-image-box\" data-id=\"e2f64e8\" data-element_type=\"widget\" data-widget_type=\"image-box.default\">\n\t\t\t\t<div class=\"elementor-widget-container\">\n\t\t\t\t\t<div class=\"elementor-image-box-wrapper\"><figure class=\"elementor-image-box-img\"><a href=\"http:\/\/18u.d6f.myftpupload.com\/wp-content\/uploads\/2021\/12\/33.pdf\" target=\"_blank\" tabindex=\"-1\"><img fetchpriority=\"high\" decoding=\"async\" width=\"244\" height=\"300\" src=\"https:\/\/robertomarquez.org\/wp-content\/uploads\/2021\/12\/pdf-image-244x300.webp\" class=\"elementor-animation-grow attachment-medium size-medium wp-image-1597\" alt=\"PDF documentos que prueban que Roberto M\u00e1rquez de Barranquilla es inocente de falsas acusaciones\" srcset=\"https:\/\/robertomarquez.org\/wp-content\/uploads\/2021\/12\/pdf-image-244x300.webp 244w, https:\/\/robertomarquez.org\/wp-content\/uploads\/2021\/12\/pdf-image.webp 390w\" sizes=\"(max-width: 244px) 100vw, 244px\" \/><\/a><\/figure><div class=\"elementor-image-box-content\"><h3 class=\"elementor-image-box-title\"><a href=\"http:\/\/18u.d6f.myftpupload.com\/wp-content\/uploads\/2021\/12\/33.pdf\" target=\"_blank\">Constancia de preclusi\u00f3n ejecutoriada septiembre<\/a><\/h3><\/div><\/div>\t\t\t\t<\/div>\n\t\t\t\t<\/div>\n\t\t\t\t\t<\/div>\n\t\t<\/div>\n\t\t\t\t<div class=\"has_eae_slider elementor-column elementor-col-25 elementor-inner-column elementor-element elementor-element-fd8b543\" data-eae-slider=\"20309\" data-id=\"fd8b543\" data-element_type=\"column\">\n\t\t\t<div class=\"elementor-widget-wrap elementor-element-populated\">\n\t\t\t\t\t\t<div class=\"elementor-element elementor-element-11f0c38 elementor-position-left elementor-vertical-align-top elementor-widget elementor-widget-image-box\" data-id=\"11f0c38\" data-element_type=\"widget\" data-widget_type=\"image-box.default\">\n\t\t\t\t<div class=\"elementor-widget-container\">\n\t\t\t\t\t<div class=\"elementor-image-box-wrapper\"><figure class=\"elementor-image-box-img\"><a href=\"https:\/\/secureservercdn.net\/166.62.112.219\/nb6.c36.myftpupload.com\/wp-content\/uploads\/2022\/01\/Roberto-Marquez-Historia-clinica.pdf\" target=\"_blank\" tabindex=\"-1\"><img fetchpriority=\"high\" decoding=\"async\" width=\"244\" height=\"300\" src=\"https:\/\/robertomarquez.org\/wp-content\/uploads\/2021\/12\/pdf-image-244x300.webp\" class=\"elementor-animation-grow attachment-medium size-medium wp-image-1597\" alt=\"PDF documentos que prueban que Roberto M\u00e1rquez de Barranquilla es inocente de falsas acusaciones\" srcset=\"https:\/\/robertomarquez.org\/wp-content\/uploads\/2021\/12\/pdf-image-244x300.webp 244w, https:\/\/robertomarquez.org\/wp-content\/uploads\/2021\/12\/pdf-image.webp 390w\" sizes=\"(max-width: 244px) 100vw, 244px\" \/><\/a><\/figure><div class=\"elementor-image-box-content\"><h3 class=\"elementor-image-box-title\"><a href=\"https:\/\/secureservercdn.net\/166.62.112.219\/nb6.c36.myftpupload.com\/wp-content\/uploads\/2022\/01\/Roberto-Marquez-Historia-clinica.pdf\" target=\"_blank\">Historia cl\u00ednica de Roberto M\u00e1rquez<\/a><\/h3><\/div><\/div>\t\t\t\t<\/div>\n\t\t\t\t<\/div>\n\t\t\t\t\t<\/div>\n\t\t<\/div>\n\t\t\t\t\t<\/div>\n\t\t<\/section>\n\t\t\t\t\t<\/div>\n\t\t<\/div>\n\t\t\t\t\t<\/div>\n\t\t<\/section>\n\t\t\t\t<\/div>\n\t\t","protected":false},"excerpt":{"rendered":"<p>Documentaci\u00f3n del caso Roberto M\u00e1rquez inocente de las falsas acusaciones de abuso de viviana vargas vives Contacto Fiscal\u00eda a Viviana Vargas Vives 2020 Contacto Fiscal\u00eda a Viviana Vargas Vives 2021 Poder a Del Villar Antecedentes Roberto M\u00e1rquez Primeros Memoriales a la Fiscal\u00eda julio Derecho de Petici\u00f3n a la Fiscal\u00eda en julio Oficio de la Direcci\u00f3n [&hellip;]<\/p>\n","protected":false},"author":3,"featured_media":0,"parent":0,"menu_order":0,"comment_status":"closed","ping_status":"closed","template":"","meta":{"footnotes":""},"class_list":["post-890","page","type-page","status-publish","hentry"],"yoast_head":"<!-- This site is optimized with the Yoast SEO plugin v24.5 - https:\/\/yoast.com\/wordpress\/plugins\/seo\/ -->\n<title>Documentaci\u00f3n del caso - Roberto M\u00e1rquez<\/title>\n<meta name=\"description\" content=\"Documentaci\u00f3n del caso de Roberto M\u00e1rquez quien fue falsamente acusado de abuso sexual en las redes por Viviana Vargas Vives.\" \/>\n<meta name=\"robots\" content=\"index, follow, max-snippet:-1, max-image-preview:large, max-video-preview:-1\" \/>\n<link rel=\"canonical\" href=\"https:\/\/robertomarquez.org\/?page_id=890\" \/>\n<meta property=\"og:locale\" content=\"es_ES\" \/>\n<meta property=\"og:type\" content=\"article\" \/>\n<meta property=\"og:title\" content=\"Documentaci\u00f3n del caso - Roberto M\u00e1rquez\" \/>\n<meta property=\"og:description\" content=\"Documentaci\u00f3n del caso de Roberto M\u00e1rquez quien fue falsamente acusado de abuso sexual en las redes por Viviana Vargas Vives.\" \/>\n<meta property=\"og:url\" content=\"https:\/\/robertomarquez.org\/?page_id=890\" \/>\n<meta property=\"og:site_name\" content=\"Roberto M\u00e1rquez\" \/>\n<meta property=\"article:modified_time\" content=\"2025-11-13T20:08:39+00:00\" \/>\n<meta property=\"og:image\" content=\"https:\/\/robertomarquez.org\/wp-content\/uploads\/2021\/12\/pdf-image-244x300.webp\" \/>\n<meta name=\"twitter:card\" content=\"summary_large_image\" \/>\n<meta name=\"twitter:label1\" content=\"Tiempo de lectura\" \/>\n\t<meta name=\"twitter:data1\" content=\"8 minutos\" \/>\n<script type=\"application\/ld+json\" class=\"yoast-schema-graph\">{\"@context\":\"https:\/\/schema.org\",\"@graph\":[{\"@type\":\"WebPage\",\"@id\":\"https:\/\/robertomarquez.org\/?page_id=890\",\"url\":\"https:\/\/robertomarquez.org\/?page_id=890\",\"name\":\"Documentaci\u00f3n del caso - Roberto M\u00e1rquez\",\"isPartOf\":{\"@id\":\"https:\/\/robertomarquez.org\/#website\"},\"primaryImageOfPage\":{\"@id\":\"https:\/\/robertomarquez.org\/?page_id=890#primaryimage\"},\"image\":{\"@id\":\"https:\/\/robertomarquez.org\/?page_id=890#primaryimage\"},\"thumbnailUrl\":\"https:\/\/robertomarquez.org\/wp-content\/uploads\/2021\/12\/pdf-image-244x300.webp\",\"datePublished\":\"2025-11-13T20:04:27+00:00\",\"dateModified\":\"2025-11-13T20:08:39+00:00\",\"description\":\"Documentaci\u00f3n del caso de Roberto M\u00e1rquez quien fue falsamente acusado de abuso sexual en las redes por Viviana Vargas Vives.\",\"breadcrumb\":{\"@id\":\"https:\/\/robertomarquez.org\/?page_id=890#breadcrumb\"},\"inLanguage\":\"es-CO\",\"potentialAction\":[{\"@type\":\"ReadAction\",\"target\":[\"https:\/\/robertomarquez.org\/?page_id=890\"]}]},{\"@type\":\"ImageObject\",\"inLanguage\":\"es-CO\",\"@id\":\"https:\/\/robertomarquez.org\/?page_id=890#primaryimage\",\"url\":\"https:\/\/robertomarquez.org\/wp-content\/uploads\/2021\/12\/pdf-image-244x300.webp\",\"contentUrl\":\"https:\/\/robertomarquez.org\/wp-content\/uploads\/2021\/12\/pdf-image-244x300.webp\"},{\"@type\":\"BreadcrumbList\",\"@id\":\"https:\/\/robertomarquez.org\/?page_id=890#breadcrumb\",\"itemListElement\":[{\"@type\":\"ListItem\",\"position\":1,\"name\":\"Inicio\",\"item\":\"https:\/\/robertomarquez.org\/\"},{\"@type\":\"ListItem\",\"position\":2,\"name\":\"Documentaci\u00f3n del caso\"}]},{\"@type\":\"WebSite\",\"@id\":\"https:\/\/robertomarquez.org\/#website\",\"url\":\"https:\/\/robertomarquez.org\/\",\"name\":\"Roberto M\u00e1rquez\",\"description\":\"P\u00e1gina de investigaci\u00f3n\",\"potentialAction\":[{\"@type\":\"SearchAction\",\"target\":{\"@type\":\"EntryPoint\",\"urlTemplate\":\"https:\/\/robertomarquez.org\/?s={search_term_string}\"},\"query-input\":{\"@type\":\"PropertyValueSpecification\",\"valueRequired\":true,\"valueName\":\"search_term_string\"}}],\"inLanguage\":\"es-CO\"}]}<\/script>\n<!-- \/ Yoast SEO plugin. -->","yoast_head_json":{"title":"Documentaci\u00f3n del caso - Roberto M\u00e1rquez","description":"Documentaci\u00f3n del caso de Roberto M\u00e1rquez quien fue falsamente acusado de abuso sexual en las redes por Viviana Vargas Vives.","robots":{"index":"index","follow":"follow","max-snippet":"max-snippet:-1","max-image-preview":"max-image-preview:large","max-video-preview":"max-video-preview:-1"},"canonical":"https:\/\/robertomarquez.org\/?page_id=890","og_locale":"es_ES","og_type":"article","og_title":"Documentaci\u00f3n del caso - Roberto M\u00e1rquez","og_description":"Documentaci\u00f3n del caso de Roberto M\u00e1rquez quien fue falsamente acusado de abuso sexual en las redes por Viviana Vargas Vives.","og_url":"https:\/\/robertomarquez.org\/?page_id=890","og_site_name":"Roberto M\u00e1rquez","article_modified_time":"2025-11-13T20:08:39+00:00","og_image":[{"url":"https:\/\/robertomarquez.org\/wp-content\/uploads\/2021\/12\/pdf-image-244x300.webp","type":"","width":"","height":""}],"twitter_card":"summary_large_image","twitter_misc":{"Tiempo de lectura":"8 minutos"},"schema":{"@context":"https:\/\/schema.org","@graph":[{"@type":"WebPage","@id":"https:\/\/robertomarquez.org\/?page_id=890","url":"https:\/\/robertomarquez.org\/?page_id=890","name":"Documentaci\u00f3n del caso - Roberto M\u00e1rquez","isPartOf":{"@id":"https:\/\/robertomarquez.org\/#website"},"primaryImageOfPage":{"@id":"https:\/\/robertomarquez.org\/?page_id=890#primaryimage"},"image":{"@id":"https:\/\/robertomarquez.org\/?page_id=890#primaryimage"},"thumbnailUrl":"https:\/\/robertomarquez.org\/wp-content\/uploads\/2021\/12\/pdf-image-244x300.webp","datePublished":"2025-11-13T20:04:27+00:00","dateModified":"2025-11-13T20:08:39+00:00","description":"Documentaci\u00f3n del caso de Roberto M\u00e1rquez quien fue falsamente acusado de abuso sexual en las redes por Viviana Vargas Vives.","breadcrumb":{"@id":"https:\/\/robertomarquez.org\/?page_id=890#breadcrumb"},"inLanguage":"es-CO","potentialAction":[{"@type":"ReadAction","target":["https:\/\/robertomarquez.org\/?page_id=890"]}]},{"@type":"ImageObject","inLanguage":"es-CO","@id":"https:\/\/robertomarquez.org\/?page_id=890#primaryimage","url":"https:\/\/robertomarquez.org\/wp-content\/uploads\/2021\/12\/pdf-image-244x300.webp","contentUrl":"https:\/\/robertomarquez.org\/wp-content\/uploads\/2021\/12\/pdf-image-244x300.webp"},{"@type":"BreadcrumbList","@id":"https:\/\/robertomarquez.org\/?page_id=890#breadcrumb","itemListElement":[{"@type":"ListItem","position":1,"name":"Inicio","item":"https:\/\/robertomarquez.org\/"},{"@type":"ListItem","position":2,"name":"Documentaci\u00f3n del caso"}]},{"@type":"WebSite","@id":"https:\/\/robertomarquez.org\/#website","url":"https:\/\/robertomarquez.org\/","name":"Roberto M\u00e1rquez","description":"P\u00e1gina de investigaci\u00f3n","potentialAction":[{"@type":"SearchAction","target":{"@type":"EntryPoint","urlTemplate":"https:\/\/robertomarquez.org\/?s={search_term_string}"},"query-input":{"@type":"PropertyValueSpecification","valueRequired":true,"valueName":"search_term_string"}}],"inLanguage":"es-CO"}]}},"_links":{"self":[{"href":"https:\/\/robertomarquez.org\/index.php?rest_route=\/wp\/v2\/pages\/890","targetHints":{"allow":["GET"]}}],"collection":[{"href":"https:\/\/robertomarquez.org\/index.php?rest_route=\/wp\/v2\/pages"}],"about":[{"href":"https:\/\/robertomarquez.org\/index.php?rest_route=\/wp\/v2\/types\/page"}],"author":[{"embeddable":true,"href":"https:\/\/robertomarquez.org\/index.php?rest_route=\/wp\/v2\/users\/3"}],"replies":[{"embeddable":true,"href":"https:\/\/robertomarquez.org\/index.php?rest_route=%2Fwp%2Fv2%2Fcomments&post=890"}],"version-history":[{"count":282,"href":"https:\/\/robertomarquez.org\/index.php?rest_route=\/wp\/v2\/pages\/890\/revisions"}],"predecessor-version":[{"id":4586,"href":"https:\/\/robertomarquez.org\/index.php?rest_route=\/wp\/v2\/pages\/890\/revisions\/4586"}],"wp:attachment":[{"href":"https:\/\/robertomarquez.org\/index.php?rest_route=%2Fwp%2Fv2%2Fmedia&parent=890"}],"curies":[{"name":"wp","href":"https:\/\/api.w.org\/{rel}","templated":true}]}}